{"id":9553,"date":"2025-01-07T19:53:24","date_gmt":"2025-01-07T18:53:24","guid":{"rendered":"https:\/\/rerec.eu\/?post_type=avada_portfolio&#038;p=9553"},"modified":"2026-02-25T09:59:18","modified_gmt":"2026-02-25T08:59:18","slug":"processorer-cpuer-og-icer","status":"publish","type":"avada_portfolio","link":"https:\/\/rerec.eu\/da\/purchase-portfolio\/cpu-and-ic\/","title":{"rendered":"Processorer (CPU&#8217;er) og IC&#8217;er"},"content":{"rendered":"<p><div class=\"fusion-fullwidth fullwidth-box fusion-builder-row-1 fusion-flex-container has-pattern-background has-mask-background nonhundred-percent-fullwidth non-hundred-percent-height-scrolling editorial no-text\" style=\"--awb-border-radius-top-left:0px;--awb-border-radius-top-right:0px;--awb-border-radius-bottom-right:0px;--awb-border-radius-bottom-left:0px;--awb-padding-bottom:0px;--awb-background-color:var(--awb-color4);--awb-flex-wrap:wrap;\" ><div class=\"fusion-builder-row fusion-row fusion-flex-align-items-flex-start fusion-flex-content-wrap\" style=\"max-width:1591.2px;margin-left: calc(-4% \/ 2 );margin-right: calc(-4% \/ 2 );\"><div class=\"fusion-layout-column fusion_builder_column fusion-builder-column-0 fusion_builder_column_1_1 1_1 fusion-flex-column fusion-animated\" style=\"--awb-bg-size:cover;--awb-width-large:100%;--awb-margin-top-large:0px;--awb-spacing-right-large:1.92%;--awb-margin-bottom-large:20px;--awb-spacing-left-large:1.92%;--awb-width-medium:100%;--awb-order-medium:0;--awb-spacing-right-medium:1.92%;--awb-spacing-left-medium:1.92%;--awb-width-small:100%;--awb-order-small:0;--awb-spacing-right-small:1.92%;--awb-spacing-left-small:1.92%;\" data-animationType=\"fadeInUp\" data-animationDuration=\"0.5\" data-animationOffset=\"top-into-view\" data-scroll-devices=\"small-visibility,medium-visibility,large-visibility\"><div class=\"fusion-column-wrapper fusion-column-has-shadow fusion-flex-justify-content-flex-start fusion-content-layout-column\"><div class=\"fusion-title title fusion-title-1 fusion-sep-none fusion-title-center fusion-title-text fusion-title-size-div mini-head\" style=\"--awb-text-color:var(--awb-color5);--awb-margin-bottom:0px;\"><div class=\"fusion-title-heading title-heading-center title-heading-tag\" style=\"margin:0;text-transform:uppercase;\"><strong>Elektronikskrot<\/strong><\/div><\/div><div class=\"fusion-title title fusion-title-2 fusion-sep-none fusion-title-center fusion-title-text fusion-title-size-three\"><h3 class=\"fusion-title-heading title-heading-center\" style=\"margin:0;\">Salg af IC&#8217;er og CPU&#8217;er<\/h3><\/div><\/div><\/div><\/div><\/div><div class=\"fusion-fullwidth fullwidth-box fusion-builder-row-2 fusion-flex-container has-pattern-background has-mask-background nonhundred-percent-fullwidth non-hundred-percent-height-scrolling small-width\" style=\"--awb-border-radius-top-left:0px;--awb-border-radius-top-right:0px;--awb-border-radius-bottom-right:0px;--awb-border-radius-bottom-left:0px;--awb-padding-top:0px;--awb-background-color:var(--awb-color4);--awb-flex-wrap:wrap;\" ><div class=\"fusion-builder-row fusion-row fusion-flex-align-items-flex-start fusion-flex-content-wrap\" style=\"max-width:1591.2px;margin-left: calc(-4% \/ 2 );margin-right: calc(-4% \/ 2 );\"><div class=\"fusion-layout-column fusion_builder_column fusion-builder-column-1 fusion_builder_column_1_1 1_1 fusion-flex-column fusion-animated\" style=\"--awb-bg-size:cover;--awb-width-large:100%;--awb-margin-top-large:0px;--awb-spacing-right-large:1.92%;--awb-margin-bottom-large:20px;--awb-spacing-left-large:1.92%;--awb-width-medium:100%;--awb-order-medium:0;--awb-spacing-right-medium:1.92%;--awb-spacing-left-medium:1.92%;--awb-width-small:100%;--awb-order-small:0;--awb-spacing-right-small:1.92%;--awb-spacing-left-small:1.92%;\" data-animationType=\"fadeInUp\" data-animationDuration=\"0.5\" data-animationOffset=\"top-into-view\" data-scroll-devices=\"small-visibility,medium-visibility,large-visibility\"><div class=\"fusion-column-wrapper fusion-column-has-shadow fusion-flex-justify-content-flex-start fusion-content-layout-column\"><div class=\"fusion-text fusion-text-1\"><p>Verdenen af processorer er mangfoldig, og afh\u00e6ngigt af materialet og kvaliteten varierer CPU-priserne betydeligt. Ved CPU-k\u00f8b skelnes der mellem forskellige typer processorer og IC&#8217;er for at sikre en fair og gennemsigtig vurdering. <strong>Kategorier ved CPU-genbrug:<\/strong><\/p>\n<\/div><ul style=\"--awb-iconcolor:var(--awb-color5);--awb-line-height:27.2px;--awb-icon-width:27.2px;--awb-icon-height:27.2px;--awb-icon-margin:11.2px;--awb-content-margin:38.4px;\" class=\"fusion-checklist fusion-checklist-1 fusion-checklist-default type-icons\"><li class=\"fusion-li-item\" style=\"\"><span class=\"icon-wrapper circle-no\"><i class=\"fusion-li-icon fa-check fas\" aria-hidden=\"true\"><\/i><\/span><div class=\"fusion-li-item-content\">\n<p><strong>Keramik-CPU&#8217;er:<\/strong> Opdelt i varianter med eller uden guldkappe, med aluminiumsl\u00e5g eller med k\u00f8lelegeme.<\/p>\n<\/div><\/li><li class=\"fusion-li-item\" style=\"\"><span class=\"icon-wrapper circle-no\"><i class=\"fusion-li-icon fa-check fas\" aria-hidden=\"true\"><\/i><\/span><div class=\"fusion-li-item-content\">\n<p><strong>Plastik-CPU&#8217;er:<\/strong> Disse er yderligere opdelt i processorer uden k\u00f8lelegeme, med k\u00f8lelegeme samt med eller uden pins. Sj\u00e6ldent findes der sorte<\/p>\n<\/div><\/li><li class=\"fusion-li-item\" style=\"\"><span class=\"icon-wrapper circle-no\"><i class=\"fusion-li-icon fa-check fas\" aria-hidden=\"true\"><\/i><\/span><div class=\"fusion-li-item-content\">\n<p><strong>Plastik-CPU&#8217;er med k\u00f8lelegeme.<\/strong><\/p>\n<\/div><\/li><li class=\"fusion-li-item\" style=\"\"><span class=\"icon-wrapper circle-no\"><i class=\"fusion-li-icon fa-check fas\" aria-hidden=\"true\"><\/i><\/span><div class=\"fusion-li-item-content\">\n<p><strong>Keramik-IC&#8217;er og plastik-IC&#8217;er:<\/strong> Disse integrerede kredsl\u00f8b varierer afh\u00e6ngigt af materiale og forarbejdningskvalitet.<\/p>\n<\/div><\/li><\/ul><\/div><\/div><\/div><\/div><div class=\"fusion-fullwidth fullwidth-box fusion-builder-row-3 fusion-flex-container has-pattern-background has-mask-background nonhundred-percent-fullwidth non-hundred-percent-height-scrolling medium-width reverse\" style=\"--awb-border-radius-top-left:0px;--awb-border-radius-top-right:0px;--awb-border-radius-bottom-right:0px;--awb-border-radius-bottom-left:0px;--awb-flex-wrap:wrap;\" ><div class=\"fusion-builder-row fusion-row fusion-flex-align-items-center fusion-flex-content-wrap\" style=\"max-width:1591.2px;margin-left: calc(-4% \/ 2 );margin-right: calc(-4% \/ 2 );\"><div class=\"fusion-layout-column fusion_builder_column fusion-builder-column-2 fusion_builder_column_1_2 1_2 fusion-flex-column fusion-animated\" style=\"--awb-bg-size:cover;--awb-width-large:50%;--awb-margin-top-large:0px;--awb-spacing-right-large:3.84%;--awb-margin-bottom-large:20px;--awb-spacing-left-large:3.84%;--awb-width-medium:50%;--awb-order-medium:0;--awb-spacing-right-medium:3.84%;--awb-spacing-left-medium:3.84%;--awb-width-small:100%;--awb-order-small:0;--awb-spacing-right-small:1.92%;--awb-spacing-left-small:1.92%;\" data-animationType=\"fadeInLeft\" data-animationDuration=\"0.5\" data-animationOffset=\"top-into-view\" data-scroll-devices=\"small-visibility,medium-visibility,large-visibility\"><div class=\"fusion-column-wrapper fusion-column-has-shadow fusion-flex-justify-content-flex-start fusion-content-layout-column\"><div class=\"fusion-title title fusion-title-3 fusion-sep-none fusion-title-text fusion-title-size-div mini-head\" style=\"--awb-text-color:var(--awb-color5);--awb-margin-bottom:0px;\"><div class=\"fusion-title-heading title-heading-left title-heading-tag\" style=\"margin:0;text-transform:uppercase;\"><strong>Processorer og IC&#8217;er<\/strong><\/div><\/div><div class=\"fusion-title title fusion-title-4 fusion-sep-none fusion-title-text fusion-title-size-four\"><h4 class=\"fusion-title-heading title-heading-left\" style=\"margin:0;\">CPU k\u00f8b og genbrug<\/h4><\/div><div class=\"fusion-text fusion-text-2\"><p>\u00d8nsker du at s\u00e6lge en gammel CPU eller planl\u00e6gger den b\u00e6redygtige CPU-genbrugsproces for din elektronik? S\u00e5 st\u00e5r vi til r\u00e5dighed som en p\u00e5lidelig partner. Hvis du \u00f8nsker at s\u00e6lge en brugt CPU, er du velkommen til at kontakte os for en individuel klassificering. CPU-k\u00f8bspriserne er baseret p\u00e5 de aktuelle markedspriser og materialesammens\u00e6tningen. Send os gerne et billede af dine CPU&#8217;er for at f\u00e5 en hurtig og pr\u00e6cis vurdering!<\/p>\n<\/div><div ><a class=\"fusion-button button-flat fusion-button-default-size button-default fusion-button-default button-1 fusion-button-default-span fusion-button-default-type\" target=\"_self\" href=\"#contact\"><span class=\"fusion-button-text awb-button__text awb-button__text--default\">Sp\u00f8rg nu<\/span><\/a><\/div><\/div><\/div><div class=\"fusion-layout-column fusion_builder_column fusion-builder-column-3 fusion_builder_column_1_2 1_2 fusion-flex-column fusion-animated\" style=\"--awb-bg-size:cover;--awb-width-large:50%;--awb-margin-top-large:0px;--awb-spacing-right-large:3.84%;--awb-margin-bottom-large:20px;--awb-spacing-left-large:3.84%;--awb-width-medium:50%;--awb-order-medium:0;--awb-spacing-right-medium:3.84%;--awb-spacing-left-medium:3.84%;--awb-width-small:100%;--awb-order-small:0;--awb-spacing-right-small:1.92%;--awb-spacing-left-small:1.92%;\" data-animationType=\"fadeInRight\" data-animationDuration=\"0.5\" data-animationOffset=\"top-into-view\" data-scroll-devices=\"small-visibility,medium-visibility,large-visibility\"><div class=\"fusion-column-wrapper fusion-column-has-shadow fusion-flex-justify-content-flex-start fusion-content-layout-column\"><div class=\"fusion-image-carousel fusion-image-carousel-auto fusion-image-carousel-1\"><div class=\"awb-carousel awb-swiper awb-swiper-carousel awb-carousel--carousel awb-swiper-dots-position-bottom\" data-layout=\"carousel\" data-autoplay=\"no\" data-autoplayspeed=\"2500\" data-autoplaypause=\"no\" data-columns=\"1\" data-columnsmedium=\"1\" data-columnssmall=\"1\" data-itemmargin=\"0\" data-itemwidth=\"180\" data-touchscroll=\"drag\" data-freemode=\"no\" data-imagesize=\"auto\" data-scrollitems=\"0\" data-centeredslides=\"no\" data-rotationangle=\"50\" data-depth=\"100\" data-speed=\"500\" data-shadow=\"no\" data-pagination=\"bullets\" style=\"--awb-columns:1;--awb-column-spacing:0px;\"><div class=\"swiper-wrapper awb-image-carousel-wrapper fusion-flex-align-items-center\"><div class=\"swiper-slide\"><div class=\"fusion-carousel-item-wrapper\"><div class=\"fusion-image-wrapper hover-type-none\"><img decoding=\"async\" width=\"1280\" height=\"850\" src=\"https:\/\/rerec.eu\/wp-content\/uploads\/2025\/01\/rerec-cpu-ankauf.jpg\" class=\"attachment-full size-full\" alt=\"ReRec CPU Ankauf\" srcset=\"https:\/\/rerec.eu\/wp-content\/uploads\/2025\/01\/rerec-cpu-ankauf-300x199.jpg 300w, https:\/\/rerec.eu\/wp-content\/uploads\/2025\/01\/rerec-cpu-ankauf-768x510.jpg 768w, https:\/\/rerec.eu\/wp-content\/uploads\/2025\/01\/rerec-cpu-ankauf-1024x680.jpg 1024w, https:\/\/rerec.eu\/wp-content\/uploads\/2025\/01\/rerec-cpu-ankauf.jpg 1280w\" sizes=\"(max-width: 1280px) 100vw, 1280px\" \/><\/div><\/div><\/div><div class=\"swiper-slide\"><div class=\"fusion-carousel-item-wrapper\"><div class=\"fusion-image-wrapper hover-type-none\"><img decoding=\"async\" width=\"1280\" height=\"850\" src=\"https:\/\/rerec.eu\/wp-content\/uploads\/2025\/01\/rerec-cpus-verkaufen.jpg\" class=\"attachment-full size-full\" alt=\"ReRec CPUs verkaufen\" srcset=\"https:\/\/rerec.eu\/wp-content\/uploads\/2025\/01\/rerec-cpus-verkaufen-300x199.jpg 300w, https:\/\/rerec.eu\/wp-content\/uploads\/2025\/01\/rerec-cpus-verkaufen-768x510.jpg 768w, https:\/\/rerec.eu\/wp-content\/uploads\/2025\/01\/rerec-cpus-verkaufen-1024x680.jpg 1024w, https:\/\/rerec.eu\/wp-content\/uploads\/2025\/01\/rerec-cpus-verkaufen.jpg 1280w\" sizes=\"(max-width: 1280px) 100vw, 1280px\" \/><\/div><\/div><\/div><\/div><div class=\"awb-swiper-button awb-swiper-button-prev\"><i class=\"awb-icon-angle-left\" aria-hidden=\"true\"><\/i><\/div><div class=\"awb-swiper-button awb-swiper-button-next\"><i class=\"awb-icon-angle-right\" aria-hidden=\"true\"><\/i><\/div><\/div><\/div><\/div><\/div><\/div><\/div><div class=\"fusion-fullwidth fullwidth-box fusion-builder-row-4 fusion-flex-container has-pattern-background has-mask-background nonhundred-percent-fullwidth non-hundred-percent-height-scrolling editorial no-text\" style=\"--awb-border-radius-top-left:0px;--awb-border-radius-top-right:0px;--awb-border-radius-bottom-right:0px;--awb-border-radius-bottom-left:0px;--awb-padding-bottom:0px;--awb-background-color:var(--awb-color4);--awb-flex-wrap:wrap;\" ><div class=\"fusion-builder-row fusion-row fusion-flex-align-items-flex-start fusion-flex-content-wrap\" style=\"max-width:1591.2px;margin-left: calc(-4% \/ 2 );margin-right: calc(-4% \/ 2 );\"><div class=\"fusion-layout-column fusion_builder_column fusion-builder-column-4 fusion_builder_column_1_1 1_1 fusion-flex-column fusion-animated\" style=\"--awb-bg-size:cover;--awb-width-large:100%;--awb-margin-top-large:0px;--awb-spacing-right-large:1.92%;--awb-margin-bottom-large:20px;--awb-spacing-left-large:1.92%;--awb-width-medium:100%;--awb-order-medium:0;--awb-spacing-right-medium:1.92%;--awb-spacing-left-medium:1.92%;--awb-width-small:100%;--awb-order-small:0;--awb-spacing-right-small:1.92%;--awb-spacing-left-small:1.92%;\" data-animationType=\"fadeInUp\" data-animationDuration=\"0.5\" data-animationOffset=\"top-into-view\" data-scroll-devices=\"small-visibility,medium-visibility,large-visibility\"><div class=\"fusion-column-wrapper fusion-column-has-shadow fusion-flex-justify-content-flex-start fusion-content-layout-column\"><div class=\"fusion-title title fusion-title-5 fusion-sep-none fusion-title-center fusion-title-text fusion-title-size-div mini-head\" style=\"--awb-text-color:var(--awb-color5);--awb-margin-bottom:0px;\"><div class=\"fusion-title-heading title-heading-center title-heading-tag\" style=\"margin:0;text-transform:uppercase;\"><strong>Galleri<\/strong><\/div><\/div><div class=\"fusion-title title fusion-title-6 fusion-sep-none fusion-title-center fusion-title-text fusion-title-size-three\"><h3 class=\"fusion-title-heading title-heading-center\" style=\"margin:0;\">Alle integrerede kredsl\u00f8b p\u00e5 et blik<\/h3><\/div><\/div><\/div><\/div><\/div><div class=\"fusion-fullwidth fullwidth-box fusion-builder-row-5 fusion-flex-container has-pattern-background has-mask-background nonhundred-percent-fullwidth non-hundred-percent-height-scrolling product-cards\" style=\"--awb-border-radius-top-left:0px;--awb-border-radius-top-right:0px;--awb-border-radius-bottom-right:0px;--awb-border-radius-bottom-left:0px;--awb-padding-top:0px;--awb-background-color:var(--awb-color4);--awb-flex-wrap:wrap;\" ><div class=\"fusion-builder-row fusion-row fusion-flex-align-items-stretch fusion-flex-content-wrap\" style=\"max-width:calc( 1530px + 20px );margin-left: calc(-20px \/ 2 );margin-right: calc(-20px \/ 2 );\"><div class=\"fusion-layout-column fusion_builder_column fusion-builder-column-5 fusion_builder_column_1_4 1_4 fusion-flex-column fusion-animated\" style=\"--awb-bg-color:var(--awb-color1);--awb-bg-color-hover:var(--awb-color1);--awb-bg-size:cover;--awb-width-large:25%;--awb-margin-top-large:0px;--awb-spacing-right-large:10px;--awb-margin-bottom-large:20px;--awb-spacing-left-large:10px;--awb-width-medium:25%;--awb-order-medium:0;--awb-spacing-right-medium:10px;--awb-spacing-left-medium:10px;--awb-width-small:100%;--awb-order-small:0;--awb-spacing-right-small:10px;--awb-spacing-left-small:10px;\" data-animationType=\"fadeInUp\" data-animationDuration=\"0.5\" data-animationOffset=\"top-into-view\" data-scroll-devices=\"small-visibility,medium-visibility,large-visibility\"><div class=\"fusion-column-wrapper fusion-column-has-shadow fusion-flex-justify-content-flex-start fusion-content-layout-column\"><div class=\"fusion-image-carousel fusion-image-carousel-auto fusion-image-carousel-2 lightbox-enabled\"><div class=\"awb-carousel awb-swiper awb-swiper-carousel awb-carousel--carousel awb-swiper-dots-position-bottom\" data-layout=\"carousel\" data-autoplay=\"no\" data-autoplayspeed=\"2500\" data-autoplaypause=\"no\" data-columns=\"1\" data-columnsmedium=\"1\" data-columnssmall=\"1\" data-itemmargin=\"0\" data-itemwidth=\"180\" data-touchscroll=\"no\" data-freemode=\"no\" data-imagesize=\"auto\" data-scrollitems=\"0\" data-centeredslides=\"no\" data-rotationangle=\"50\" data-depth=\"100\" data-speed=\"500\" data-shadow=\"no\" data-pagination=\"bullets\" style=\"--awb-columns:1;--awb-column-spacing:0px;\"><div class=\"swiper-wrapper awb-image-carousel-wrapper fusion-flex-align-items-center\"><div class=\"swiper-slide\"><div class=\"fusion-carousel-item-wrapper\"><div class=\"fusion-image-wrapper hover-type-none\"><a data-rel=\"iLightbox[image_carousel_2]\" data-title=\"ReRec Prozessor aus Kunststoff ohne Kupfer gebrauchte CPU verkaufen\" aria-label=\"ReRec Prozessor aus Kunststoff ohne Kupfer gebrauchte CPU verkaufen\" href=\"https:\/\/rerec.eu\/wp-content\/uploads\/2025\/01\/rerec-prozessor-aus-kuststoff-ohne-cu-gebrauchte-cpu-verkaufen.jpg\" target=\"_self\"><img decoding=\"async\" width=\"1280\" height=\"850\" src=\"https:\/\/rerec.eu\/wp-content\/uploads\/2025\/01\/rerec-prozessor-aus-kuststoff-ohne-cu-gebrauchte-cpu-verkaufen.jpg\" class=\"attachment-full size-full\" alt=\"ReRec Prozessor aus Kunststoff ohne Kupfer gebrauchte CPU verkaufen\" srcset=\"https:\/\/rerec.eu\/wp-content\/uploads\/2025\/01\/rerec-prozessor-aus-kuststoff-ohne-cu-gebrauchte-cpu-verkaufen-300x199.jpg 300w, https:\/\/rerec.eu\/wp-content\/uploads\/2025\/01\/rerec-prozessor-aus-kuststoff-ohne-cu-gebrauchte-cpu-verkaufen-768x510.jpg 768w, https:\/\/rerec.eu\/wp-content\/uploads\/2025\/01\/rerec-prozessor-aus-kuststoff-ohne-cu-gebrauchte-cpu-verkaufen-1024x680.jpg 1024w, https:\/\/rerec.eu\/wp-content\/uploads\/2025\/01\/rerec-prozessor-aus-kuststoff-ohne-cu-gebrauchte-cpu-verkaufen.jpg 1280w\" sizes=\"(max-width: 1280px) 100vw, 1280px\" \/><\/a><\/div><\/div><\/div><div class=\"swiper-slide\"><div class=\"fusion-carousel-item-wrapper\"><div class=\"fusion-image-wrapper hover-type-none\"><a data-rel=\"iLightbox[image_carousel_2]\" data-title=\"ReRec Prozessor aus Kunststoff CPU ohne Kupfer Ankauf CPU\" aria-label=\"ReRec Prozessor aus Kunststoff CPU ohne Kupfer Ankauf CPU\" href=\"https:\/\/rerec.eu\/wp-content\/uploads\/2025\/01\/rerec-prozessor-aus-kuststoff-cpu-ohne-cu-ankauf-cpu.jpg\" target=\"_self\"><img decoding=\"async\" width=\"1280\" height=\"850\" src=\"https:\/\/rerec.eu\/wp-content\/uploads\/2025\/01\/rerec-prozessor-aus-kuststoff-cpu-ohne-cu-ankauf-cpu.jpg\" class=\"attachment-full size-full\" alt=\"ReRec Prozessor aus Kunststoff CPU ohne Kupfer Ankauf CPU\" srcset=\"https:\/\/rerec.eu\/wp-content\/uploads\/2025\/01\/rerec-prozessor-aus-kuststoff-cpu-ohne-cu-ankauf-cpu-300x199.jpg 300w, https:\/\/rerec.eu\/wp-content\/uploads\/2025\/01\/rerec-prozessor-aus-kuststoff-cpu-ohne-cu-ankauf-cpu-768x510.jpg 768w, https:\/\/rerec.eu\/wp-content\/uploads\/2025\/01\/rerec-prozessor-aus-kuststoff-cpu-ohne-cu-ankauf-cpu-1024x680.jpg 1024w, https:\/\/rerec.eu\/wp-content\/uploads\/2025\/01\/rerec-prozessor-aus-kuststoff-cpu-ohne-cu-ankauf-cpu.jpg 1280w\" sizes=\"(max-width: 1280px) 100vw, 1280px\" \/><\/a><\/div><\/div><\/div><\/div><div class=\"awb-swiper-button awb-swiper-button-prev\"><i class=\"awb-icon-angle-left\" aria-hidden=\"true\"><\/i><\/div><div class=\"awb-swiper-button awb-swiper-button-next\"><i class=\"awb-icon-angle-right\" aria-hidden=\"true\"><\/i><\/div><\/div><\/div><div class=\"fusion-title title fusion-title-7 fusion-sep-none fusion-title-text fusion-title-size-five\" style=\"--awb-margin-right:25px;--awb-margin-left:25px;--awb-margin-right-small:25px;--awb-margin-left-small:25px;--awb-margin-right-medium:25px;--awb-margin-left-medium:25px;\"><h5 class=\"fusion-title-heading title-heading-left\" style=\"margin:0;\">Plastik CPU uden CU<\/h5><\/div><div class=\"fusion-text fusion-text-3\" style=\"--awb-margin-right:25px;--awb-margin-left:25px;\"><p>Plastikprocessorer uden Cu k\u00f8lelegeme med og uden stifter.<\/p>\n<\/div><\/div><\/div><div class=\"fusion-layout-column fusion_builder_column fusion-builder-column-6 fusion_builder_column_1_4 1_4 fusion-flex-column fusion-animated\" style=\"--awb-bg-color:var(--awb-color1);--awb-bg-color-hover:var(--awb-color1);--awb-bg-size:cover;--awb-width-large:25%;--awb-margin-top-large:0px;--awb-spacing-right-large:10px;--awb-margin-bottom-large:20px;--awb-spacing-left-large:10px;--awb-width-medium:25%;--awb-order-medium:0;--awb-spacing-right-medium:10px;--awb-spacing-left-medium:10px;--awb-width-small:100%;--awb-order-small:0;--awb-spacing-right-small:10px;--awb-spacing-left-small:10px;\" data-animationType=\"fadeInUp\" data-animationDuration=\"0.5\" data-animationOffset=\"top-into-view\" data-scroll-devices=\"small-visibility,medium-visibility,large-visibility\"><div class=\"fusion-column-wrapper fusion-column-has-shadow fusion-flex-justify-content-flex-start fusion-content-layout-column\"><div class=\"fusion-image-carousel fusion-image-carousel-auto fusion-image-carousel-3 lightbox-enabled\"><div class=\"awb-carousel awb-swiper awb-swiper-carousel awb-carousel--carousel awb-swiper-dots-position-bottom\" data-layout=\"carousel\" data-autoplay=\"no\" data-autoplayspeed=\"2500\" data-autoplaypause=\"no\" data-columns=\"1\" data-columnsmedium=\"1\" data-columnssmall=\"1\" data-itemmargin=\"0\" data-itemwidth=\"180\" data-touchscroll=\"no\" data-freemode=\"no\" data-imagesize=\"auto\" data-scrollitems=\"0\" data-centeredslides=\"no\" data-rotationangle=\"50\" data-depth=\"100\" data-speed=\"500\" data-shadow=\"no\" data-pagination=\"bullets\" style=\"--awb-columns:1;--awb-column-spacing:0px;\"><div class=\"swiper-wrapper awb-image-carousel-wrapper fusion-flex-align-items-center\"><div class=\"swiper-slide\"><div class=\"fusion-carousel-item-wrapper\"><div class=\"fusion-image-wrapper hover-type-none\"><a data-rel=\"iLightbox[image_carousel_3]\" data-title=\"ReRec Prozessor Kunststoff CPU schwarz\" aria-label=\"ReRec Prozessor Kunststoff CPU schwarz\" href=\"https:\/\/rerec.eu\/wp-content\/uploads\/2025\/01\/rerec-prozessor-kunststoff-cpu-schwarz.jpg\" target=\"_self\"><img decoding=\"async\" width=\"1280\" height=\"850\" src=\"https:\/\/rerec.eu\/wp-content\/uploads\/2025\/01\/rerec-prozessor-kunststoff-cpu-schwarz.jpg\" class=\"attachment-full size-full\" alt=\"ReRec Prozessor Kunststoff CPU schwarz\" srcset=\"https:\/\/rerec.eu\/wp-content\/uploads\/2025\/01\/rerec-prozessor-kunststoff-cpu-schwarz-300x199.jpg 300w, https:\/\/rerec.eu\/wp-content\/uploads\/2025\/01\/rerec-prozessor-kunststoff-cpu-schwarz-768x510.jpg 768w, https:\/\/rerec.eu\/wp-content\/uploads\/2025\/01\/rerec-prozessor-kunststoff-cpu-schwarz-1024x680.jpg 1024w, https:\/\/rerec.eu\/wp-content\/uploads\/2025\/01\/rerec-prozessor-kunststoff-cpu-schwarz.jpg 1280w\" sizes=\"(max-width: 1280px) 100vw, 1280px\" \/><\/a><\/div><\/div><\/div><div class=\"swiper-slide\"><div class=\"fusion-carousel-item-wrapper\"><div class=\"fusion-image-wrapper hover-type-none\"><a data-rel=\"iLightbox[image_carousel_3]\" data-title=\"ReRec Prozessor Kunststoff CPU schwarz CPU Schrott Ankauf\" aria-label=\"ReRec Prozessor Kunststoff CPU schwarz CPU Schrott Ankauf\" href=\"https:\/\/rerec.eu\/wp-content\/uploads\/2025\/01\/rerec-prozessor-kunststoff-cpu-schwarz-cpu-schrott-ankauf.jpg\" target=\"_self\"><img decoding=\"async\" width=\"1280\" height=\"850\" src=\"https:\/\/rerec.eu\/wp-content\/uploads\/2025\/01\/rerec-prozessor-kunststoff-cpu-schwarz-cpu-schrott-ankauf.jpg\" class=\"attachment-full size-full\" alt=\"ReRec Prozessor Kunststoff CPU schwarz CPU Schrott Ankauf\" srcset=\"https:\/\/rerec.eu\/wp-content\/uploads\/2025\/01\/rerec-prozessor-kunststoff-cpu-schwarz-cpu-schrott-ankauf-300x199.jpg 300w, https:\/\/rerec.eu\/wp-content\/uploads\/2025\/01\/rerec-prozessor-kunststoff-cpu-schwarz-cpu-schrott-ankauf-768x510.jpg 768w, https:\/\/rerec.eu\/wp-content\/uploads\/2025\/01\/rerec-prozessor-kunststoff-cpu-schwarz-cpu-schrott-ankauf-1024x680.jpg 1024w, https:\/\/rerec.eu\/wp-content\/uploads\/2025\/01\/rerec-prozessor-kunststoff-cpu-schwarz-cpu-schrott-ankauf.jpg 1280w\" sizes=\"(max-width: 1280px) 100vw, 1280px\" \/><\/a><\/div><\/div><\/div><\/div><div class=\"awb-swiper-button awb-swiper-button-prev\"><i class=\"awb-icon-angle-left\" aria-hidden=\"true\"><\/i><\/div><div class=\"awb-swiper-button awb-swiper-button-next\"><i class=\"awb-icon-angle-right\" aria-hidden=\"true\"><\/i><\/div><\/div><\/div><div class=\"fusion-title title fusion-title-8 fusion-sep-none fusion-title-text fusion-title-size-five\" style=\"--awb-margin-right:25px;--awb-margin-left:25px;--awb-margin-right-small:25px;--awb-margin-left-small:25px;--awb-margin-right-medium:25px;--awb-margin-left-medium:25px;\"><h5 class=\"fusion-title-heading title-heading-left\" style=\"margin:0;\">Plastik CPU Sort<\/h5><\/div><div class=\"fusion-text fusion-text-4\" style=\"--awb-margin-right:25px;--awb-margin-left:25px;\"><p>Sorte plastikprocessorer.<\/p>\n<\/div><\/div><\/div><div class=\"fusion-layout-column fusion_builder_column fusion-builder-column-7 fusion_builder_column_1_4 1_4 fusion-flex-column fusion-animated\" style=\"--awb-bg-color:var(--awb-color1);--awb-bg-color-hover:var(--awb-color1);--awb-bg-size:cover;--awb-width-large:25%;--awb-margin-top-large:0px;--awb-spacing-right-large:10px;--awb-margin-bottom-large:20px;--awb-spacing-left-large:10px;--awb-width-medium:25%;--awb-order-medium:0;--awb-spacing-right-medium:10px;--awb-spacing-left-medium:10px;--awb-width-small:100%;--awb-order-small:0;--awb-spacing-right-small:10px;--awb-spacing-left-small:10px;\" data-animationType=\"fadeInUp\" data-animationDuration=\"0.5\" data-animationOffset=\"top-into-view\" data-scroll-devices=\"small-visibility,medium-visibility,large-visibility\"><div class=\"fusion-column-wrapper fusion-column-has-shadow fusion-flex-justify-content-flex-start fusion-content-layout-column\"><div class=\"fusion-image-element \" style=\"--awb-caption-title-font-family:var(--h2_typography-font-family);--awb-caption-title-font-weight:var(--h2_typography-font-weight);--awb-caption-title-font-style:var(--h2_typography-font-style);--awb-caption-title-size:var(--h2_typography-font-size);--awb-caption-title-transform:var(--h2_typography-text-transform);--awb-caption-title-line-height:var(--h2_typography-line-height);--awb-caption-title-letter-spacing:var(--h2_typography-letter-spacing);\"><span class=\" fusion-imageframe imageframe-none imageframe-1 hover-type-none\"><a href=\"https:\/\/rerec.eu\/wp-content\/uploads\/2025\/01\/rerec-prozessor-aus-keramik-cpu-ankauf.jpg\" class=\"fusion-lightbox\" data-rel=\"iLightbox[f916d3bb92bba5e96e2]\" data-title=\"ReRec Prozessor aus Keramik CPU Ankauf\" title=\"ReRec Prozessor aus Keramik CPU Ankauf\"><img decoding=\"async\" width=\"1280\" height=\"850\" alt=\"ReRec Prozessor aus Keramik CPU Ankauf\" src=\"https:\/\/rerec.eu\/wp-content\/uploads\/2025\/01\/rerec-prozessor-aus-keramik-cpu-ankauf.jpg\" class=\"img-responsive wp-image-9555\" srcset=\"https:\/\/rerec.eu\/wp-content\/uploads\/2025\/01\/rerec-prozessor-aus-keramik-cpu-ankauf-300x199.jpg 300w, https:\/\/rerec.eu\/wp-content\/uploads\/2025\/01\/rerec-prozessor-aus-keramik-cpu-ankauf-768x510.jpg 768w, https:\/\/rerec.eu\/wp-content\/uploads\/2025\/01\/rerec-prozessor-aus-keramik-cpu-ankauf-1024x680.jpg 1024w, https:\/\/rerec.eu\/wp-content\/uploads\/2025\/01\/rerec-prozessor-aus-keramik-cpu-ankauf.jpg 1280w\" sizes=\"(max-width: 1280px) 100vw, 1280px\" \/><\/a><\/span><\/div><div class=\"fusion-title title fusion-title-9 fusion-sep-none fusion-title-text fusion-title-size-five\" style=\"--awb-margin-right:25px;--awb-margin-left:25px;--awb-margin-right-small:25px;--awb-margin-left-small:25px;--awb-margin-right-medium:25px;--awb-margin-left-medium:25px;\"><h5 class=\"fusion-title-heading title-heading-left\" style=\"margin:0;\">CPU Keramik<\/h5><\/div><div class=\"fusion-text fusion-text-5\" style=\"--awb-margin-right:25px;--awb-margin-left:25px;\"><p>Keramikprocessorer uden guldtop, uden aluminiumsd\u00e6ksel, uden k\u00f8lelegeme.<\/p>\n<\/div><\/div><\/div><div class=\"fusion-layout-column fusion_builder_column fusion-builder-column-8 fusion_builder_column_1_4 1_4 fusion-flex-column fusion-animated\" style=\"--awb-bg-color:var(--awb-color1);--awb-bg-color-hover:var(--awb-color1);--awb-bg-size:cover;--awb-width-large:25%;--awb-margin-top-large:0px;--awb-spacing-right-large:10px;--awb-margin-bottom-large:20px;--awb-spacing-left-large:10px;--awb-width-medium:25%;--awb-order-medium:0;--awb-spacing-right-medium:10px;--awb-spacing-left-medium:10px;--awb-width-small:100%;--awb-order-small:0;--awb-spacing-right-small:10px;--awb-spacing-left-small:10px;\" data-animationType=\"fadeInUp\" data-animationDuration=\"0.5\" data-animationOffset=\"top-into-view\" data-scroll-devices=\"small-visibility,medium-visibility,large-visibility\"><div class=\"fusion-column-wrapper fusion-column-has-shadow fusion-flex-justify-content-flex-start fusion-content-layout-column\"><div class=\"fusion-image-element \" style=\"--awb-caption-title-font-family:var(--h2_typography-font-family);--awb-caption-title-font-weight:var(--h2_typography-font-weight);--awb-caption-title-font-style:var(--h2_typography-font-style);--awb-caption-title-size:var(--h2_typography-font-size);--awb-caption-title-transform:var(--h2_typography-text-transform);--awb-caption-title-line-height:var(--h2_typography-line-height);--awb-caption-title-letter-spacing:var(--h2_typography-letter-spacing);\"><span class=\" fusion-imageframe imageframe-none imageframe-2 hover-type-none\"><a href=\"https:\/\/rerec.eu\/wp-content\/uploads\/2025\/01\/rerec-prozessor-aus-keramik-und-alu-prozessor-ankauf.jpg\" class=\"fusion-lightbox\" data-rel=\"iLightbox[e810619332a07da729c]\" data-title=\"ReRec Prozessor aus Keramik und Aluminium Prozessor Ankauf\" title=\"ReRec Prozessor aus Keramik und Aluminium Prozessor Ankauf\"><img decoding=\"async\" width=\"1280\" height=\"850\" alt=\"ReRec Prozessor aus Keramik und Aluminium Prozessor Ankauf\" src=\"https:\/\/rerec.eu\/wp-content\/uploads\/2025\/01\/rerec-prozessor-aus-keramik-und-alu-prozessor-ankauf.jpg\" class=\"img-responsive wp-image-9557\" srcset=\"https:\/\/rerec.eu\/wp-content\/uploads\/2025\/01\/rerec-prozessor-aus-keramik-und-alu-prozessor-ankauf-300x199.jpg 300w, https:\/\/rerec.eu\/wp-content\/uploads\/2025\/01\/rerec-prozessor-aus-keramik-und-alu-prozessor-ankauf-768x510.jpg 768w, https:\/\/rerec.eu\/wp-content\/uploads\/2025\/01\/rerec-prozessor-aus-keramik-und-alu-prozessor-ankauf-1024x680.jpg 1024w, https:\/\/rerec.eu\/wp-content\/uploads\/2025\/01\/rerec-prozessor-aus-keramik-und-alu-prozessor-ankauf.jpg 1280w\" sizes=\"(max-width: 1280px) 100vw, 1280px\" \/><\/a><\/span><\/div><div class=\"fusion-title title fusion-title-10 fusion-sep-none fusion-title-text fusion-title-size-five\" style=\"--awb-margin-right:25px;--awb-margin-left:25px;--awb-margin-right-small:25px;--awb-margin-left-small:25px;--awb-margin-right-medium:25px;--awb-margin-left-medium:25px;\"><h5 class=\"fusion-title-heading title-heading-left\" style=\"margin:0;\">CPU Keramik Alu<\/h5><\/div><div class=\"fusion-text fusion-text-6\" style=\"--awb-margin-right:25px;--awb-margin-left:25px;\"><p>Keramikprocessorer med aluminiumsd\u00e6ksel.<\/p>\n<\/div><\/div><\/div><div class=\"fusion-layout-column fusion_builder_column fusion-builder-column-9 fusion_builder_column_1_4 1_4 fusion-flex-column fusion-animated\" style=\"--awb-bg-color:var(--awb-color1);--awb-bg-color-hover:var(--awb-color1);--awb-bg-size:cover;--awb-width-large:25%;--awb-margin-top-large:0px;--awb-spacing-right-large:10px;--awb-margin-bottom-large:20px;--awb-spacing-left-large:10px;--awb-width-medium:25%;--awb-order-medium:0;--awb-spacing-right-medium:10px;--awb-spacing-left-medium:10px;--awb-width-small:100%;--awb-order-small:0;--awb-spacing-right-small:10px;--awb-spacing-left-small:10px;\" data-animationType=\"fadeInUp\" data-animationDuration=\"0.5\" data-animationOffset=\"top-into-view\" data-scroll-devices=\"small-visibility,medium-visibility,large-visibility\"><div class=\"fusion-column-wrapper fusion-column-has-shadow fusion-flex-justify-content-flex-start fusion-content-layout-column\"><div class=\"fusion-image-element \" style=\"--awb-caption-title-font-family:var(--h2_typography-font-family);--awb-caption-title-font-weight:var(--h2_typography-font-weight);--awb-caption-title-font-style:var(--h2_typography-font-style);--awb-caption-title-size:var(--h2_typography-font-size);--awb-caption-title-transform:var(--h2_typography-text-transform);--awb-caption-title-line-height:var(--h2_typography-line-height);--awb-caption-title-letter-spacing:var(--h2_typography-letter-spacing);\"><span class=\" fusion-imageframe imageframe-none imageframe-3 hover-type-none\"><a href=\"https:\/\/rerec.eu\/wp-content\/uploads\/2025\/01\/rerec-prozessor-aus-keramik-mit-goldcap-cpu-goldcap.jpg\" class=\"fusion-lightbox\" data-rel=\"iLightbox[2962aecc653369142a3]\" data-title=\"ReRec Prozessor aus Keramik mit Goldcap CPU Goldcap\" title=\"ReRec Prozessor aus Keramik mit Goldcap CPU Goldcap\"><img decoding=\"async\" width=\"1280\" height=\"850\" alt=\"ReRec Prozessor aus Keramik mit Goldcap CPU Goldcap\" src=\"https:\/\/rerec.eu\/wp-content\/uploads\/2025\/01\/rerec-prozessor-aus-keramik-mit-goldcap-cpu-goldcap.jpg\" class=\"img-responsive wp-image-9556\" srcset=\"https:\/\/rerec.eu\/wp-content\/uploads\/2025\/01\/rerec-prozessor-aus-keramik-mit-goldcap-cpu-goldcap-300x199.jpg 300w, https:\/\/rerec.eu\/wp-content\/uploads\/2025\/01\/rerec-prozessor-aus-keramik-mit-goldcap-cpu-goldcap-768x510.jpg 768w, https:\/\/rerec.eu\/wp-content\/uploads\/2025\/01\/rerec-prozessor-aus-keramik-mit-goldcap-cpu-goldcap-1024x680.jpg 1024w, https:\/\/rerec.eu\/wp-content\/uploads\/2025\/01\/rerec-prozessor-aus-keramik-mit-goldcap-cpu-goldcap.jpg 1280w\" sizes=\"(max-width: 1280px) 100vw, 1280px\" \/><\/a><\/span><\/div><div class=\"fusion-title title fusion-title-11 fusion-sep-none fusion-title-text fusion-title-size-five\" style=\"--awb-margin-right:25px;--awb-margin-left:25px;--awb-margin-right-small:25px;--awb-margin-left-small:25px;--awb-margin-right-medium:25px;--awb-margin-left-medium:25px;\"><h5 class=\"fusion-title-heading title-heading-left\" style=\"margin:0;\">CPU Keramik Goldcap<\/h5><\/div><div class=\"fusion-text fusion-text-7\" style=\"--awb-margin-right:25px;--awb-margin-left:25px;\"><p>Keramikprocessorer med guldtop, uden k\u00f8lelegeme eller andre vedh\u00e6ftninger.<\/p>\n<\/div><\/div><\/div><div class=\"fusion-layout-column fusion_builder_column fusion-builder-column-10 fusion_builder_column_1_4 1_4 fusion-flex-column fusion-animated\" style=\"--awb-bg-color:var(--awb-color1);--awb-bg-color-hover:var(--awb-color1);--awb-bg-size:cover;--awb-width-large:25%;--awb-margin-top-large:0px;--awb-spacing-right-large:10px;--awb-margin-bottom-large:20px;--awb-spacing-left-large:10px;--awb-width-medium:25%;--awb-order-medium:0;--awb-spacing-right-medium:10px;--awb-spacing-left-medium:10px;--awb-width-small:100%;--awb-order-small:0;--awb-spacing-right-small:10px;--awb-spacing-left-small:10px;\" data-animationType=\"fadeInUp\" data-animationDuration=\"0.5\" data-animationOffset=\"top-into-view\" data-scroll-devices=\"small-visibility,medium-visibility,large-visibility\"><div class=\"fusion-column-wrapper fusion-column-has-shadow fusion-flex-justify-content-flex-start fusion-content-layout-column\"><div class=\"fusion-image-element \" style=\"--awb-caption-title-font-family:var(--h2_typography-font-family);--awb-caption-title-font-weight:var(--h2_typography-font-weight);--awb-caption-title-font-style:var(--h2_typography-font-style);--awb-caption-title-size:var(--h2_typography-font-size);--awb-caption-title-transform:var(--h2_typography-text-transform);--awb-caption-title-line-height:var(--h2_typography-line-height);--awb-caption-title-letter-spacing:var(--h2_typography-letter-spacing);\"><span class=\" fusion-imageframe imageframe-none imageframe-4 hover-type-none\"><a href=\"https:\/\/rerec.eu\/wp-content\/uploads\/2025\/01\/rerec-prozessor-verkaufen.jpg\" class=\"fusion-lightbox\" data-rel=\"iLightbox[dc951f29a837a758aee]\" data-title=\"ReRec Prozessor verkaufen\" title=\"ReRec Prozessor verkaufen\"><img decoding=\"async\" width=\"1280\" height=\"850\" alt=\"ReRec Prozessor verkaufen\" src=\"https:\/\/rerec.eu\/wp-content\/uploads\/2025\/01\/rerec-prozessor-verkaufen.jpg\" class=\"img-responsive wp-image-9558\" srcset=\"https:\/\/rerec.eu\/wp-content\/uploads\/2025\/01\/rerec-prozessor-verkaufen-300x199.jpg 300w, https:\/\/rerec.eu\/wp-content\/uploads\/2025\/01\/rerec-prozessor-verkaufen-768x510.jpg 768w, https:\/\/rerec.eu\/wp-content\/uploads\/2025\/01\/rerec-prozessor-verkaufen-1024x680.jpg 1024w, https:\/\/rerec.eu\/wp-content\/uploads\/2025\/01\/rerec-prozessor-verkaufen.jpg 1280w\" sizes=\"(max-width: 1280px) 100vw, 1280px\" \/><\/a><\/span><\/div><div class=\"fusion-title title fusion-title-12 fusion-sep-none fusion-title-text fusion-title-size-five\" style=\"--awb-margin-right:25px;--awb-margin-left:25px;--awb-margin-right-small:25px;--awb-margin-left-small:25px;--awb-margin-right-medium:25px;--awb-margin-left-medium:25px;\"><h5 class=\"fusion-title-heading title-heading-left\" style=\"margin:0;\">CPU med og uden stifter<\/h5><\/div><div class=\"fusion-text fusion-text-8\" style=\"--awb-margin-right:25px;--awb-margin-left:25px;\"><p>Plastikprocessorer med og uden stifter med kobber k\u00f8lelegeme.<\/p>\n<\/div><\/div><\/div><div class=\"fusion-layout-column fusion_builder_column fusion-builder-column-11 fusion_builder_column_1_4 1_4 fusion-flex-column fusion-animated\" style=\"--awb-bg-color:var(--awb-color1);--awb-bg-color-hover:var(--awb-color1);--awb-bg-size:cover;--awb-width-large:25%;--awb-margin-top-large:0px;--awb-spacing-right-large:10px;--awb-margin-bottom-large:20px;--awb-spacing-left-large:10px;--awb-width-medium:25%;--awb-order-medium:0;--awb-spacing-right-medium:10px;--awb-spacing-left-medium:10px;--awb-width-small:100%;--awb-order-small:0;--awb-spacing-right-small:10px;--awb-spacing-left-small:10px;\" data-animationType=\"fadeInUp\" data-animationDuration=\"0.5\" data-animationOffset=\"top-into-view\" data-scroll-devices=\"small-visibility,medium-visibility,large-visibility\"><div class=\"fusion-column-wrapper fusion-column-has-shadow fusion-flex-justify-content-flex-start fusion-content-layout-column\"><div class=\"fusion-image-element \" style=\"--awb-caption-title-font-family:var(--h2_typography-font-family);--awb-caption-title-font-weight:var(--h2_typography-font-weight);--awb-caption-title-font-style:var(--h2_typography-font-style);--awb-caption-title-size:var(--h2_typography-font-size);--awb-caption-title-transform:var(--h2_typography-text-transform);--awb-caption-title-line-height:var(--h2_typography-line-height);--awb-caption-title-letter-spacing:var(--h2_typography-letter-spacing);\"><span class=\" fusion-imageframe imageframe-none imageframe-5 hover-type-none\"><a href=\"https:\/\/rerec.eu\/wp-content\/uploads\/2025\/01\/rerec-prozessor-ohne-pins-cpu-ankaufspreise.jpg\" class=\"fusion-lightbox\" data-rel=\"iLightbox[84893a1eb25709b403d]\" data-title=\"ReRec Prozessor ohne Pins CPU Ankaufspreise\" title=\"ReRec Prozessor ohne Pins CPU Ankaufspreise\"><img decoding=\"async\" width=\"1280\" height=\"850\" alt=\"ReRec Prozessor ohne Pins CPU Ankaufspreise\" src=\"https:\/\/rerec.eu\/wp-content\/uploads\/2025\/01\/rerec-prozessor-ohne-pins-cpu-ankaufspreise.jpg\" class=\"img-responsive wp-image-9559\" srcset=\"https:\/\/rerec.eu\/wp-content\/uploads\/2025\/01\/rerec-prozessor-ohne-pins-cpu-ankaufspreise-300x199.jpg 300w, https:\/\/rerec.eu\/wp-content\/uploads\/2025\/01\/rerec-prozessor-ohne-pins-cpu-ankaufspreise-768x510.jpg 768w, https:\/\/rerec.eu\/wp-content\/uploads\/2025\/01\/rerec-prozessor-ohne-pins-cpu-ankaufspreise-1024x680.jpg 1024w, https:\/\/rerec.eu\/wp-content\/uploads\/2025\/01\/rerec-prozessor-ohne-pins-cpu-ankaufspreise.jpg 1280w\" sizes=\"(max-width: 1280px) 100vw, 1280px\" \/><\/a><\/span><\/div><div class=\"fusion-title title fusion-title-13 fusion-sep-none fusion-title-text fusion-title-size-five\" style=\"--awb-margin-right:25px;--awb-margin-left:25px;--awb-margin-right-small:25px;--awb-margin-left-small:25px;--awb-margin-right-medium:25px;--awb-margin-left-medium:25px;\"><h5 class=\"fusion-title-heading title-heading-left\" style=\"margin:0;\">CPU uden stifter<\/h5><\/div><div class=\"fusion-text fusion-text-9\" style=\"--awb-margin-right:25px;--awb-margin-left:25px;\"><p>Plastikprocessorer uden stifter med kobber k\u00f8lelegeme.<\/p>\n<\/div><\/div><\/div><div class=\"fusion-layout-column fusion_builder_column fusion-builder-column-12 fusion_builder_column_1_4 1_4 fusion-flex-column fusion-animated\" style=\"--awb-bg-color:var(--awb-color1);--awb-bg-color-hover:var(--awb-color1);--awb-bg-size:cover;--awb-width-large:25%;--awb-margin-top-large:0px;--awb-spacing-right-large:10px;--awb-margin-bottom-large:20px;--awb-spacing-left-large:10px;--awb-width-medium:25%;--awb-order-medium:0;--awb-spacing-right-medium:10px;--awb-spacing-left-medium:10px;--awb-width-small:100%;--awb-order-small:0;--awb-spacing-right-small:10px;--awb-spacing-left-small:10px;\" data-animationType=\"fadeInUp\" data-animationDuration=\"0.5\" data-animationOffset=\"top-into-view\" data-scroll-devices=\"small-visibility,medium-visibility,large-visibility\"><div class=\"fusion-column-wrapper fusion-column-has-shadow fusion-flex-justify-content-flex-start fusion-content-layout-column\"><div class=\"fusion-image-element \" style=\"--awb-caption-title-font-family:var(--h2_typography-font-family);--awb-caption-title-font-weight:var(--h2_typography-font-weight);--awb-caption-title-font-style:var(--h2_typography-font-style);--awb-caption-title-size:var(--h2_typography-font-size);--awb-caption-title-transform:var(--h2_typography-text-transform);--awb-caption-title-line-height:var(--h2_typography-line-height);--awb-caption-title-letter-spacing:var(--h2_typography-letter-spacing);\"><span class=\" fusion-imageframe imageframe-none imageframe-6 hover-type-none\"><a href=\"https:\/\/rerec.eu\/wp-content\/uploads\/2025\/01\/rerec-kunststoff-ic-verkaufen.jpg\" class=\"fusion-lightbox\" data-rel=\"iLightbox[047bd89995adacfa32d]\" data-title=\"ReRec Kunststoff IC verkaufen\" title=\"ReRec Kunststoff IC verkaufen\"><img decoding=\"async\" width=\"1280\" height=\"850\" alt=\"ReRec Kunststoff IC verkaufen\" src=\"https:\/\/rerec.eu\/wp-content\/uploads\/2025\/01\/rerec-kunststoff-ic-verkaufen.jpg\" class=\"img-responsive wp-image-9568\" srcset=\"https:\/\/rerec.eu\/wp-content\/uploads\/2025\/01\/rerec-kunststoff-ic-verkaufen-300x199.jpg 300w, https:\/\/rerec.eu\/wp-content\/uploads\/2025\/01\/rerec-kunststoff-ic-verkaufen-768x510.jpg 768w, https:\/\/rerec.eu\/wp-content\/uploads\/2025\/01\/rerec-kunststoff-ic-verkaufen-1024x680.jpg 1024w, https:\/\/rerec.eu\/wp-content\/uploads\/2025\/01\/rerec-kunststoff-ic-verkaufen.jpg 1280w\" sizes=\"(max-width: 1280px) 100vw, 1280px\" \/><\/a><\/span><\/div><div class=\"fusion-title title fusion-title-14 fusion-sep-none fusion-title-text fusion-title-size-five\" style=\"--awb-margin-right:25px;--awb-margin-left:25px;--awb-margin-right-small:25px;--awb-margin-left-small:25px;--awb-margin-right-medium:25px;--awb-margin-left-medium:25px;\"><h5 class=\"fusion-title-heading title-heading-left\" style=\"margin:0;\">IC lavet af plastik<\/h5><\/div><div class=\"fusion-text fusion-text-10\" style=\"--awb-margin-right:25px;--awb-margin-left:25px;\"><p>IC&#8217;er af plastik.<\/p>\n<\/div><\/div><\/div><div class=\"fusion-layout-column fusion_builder_column fusion-builder-column-13 fusion_builder_column_1_4 1_4 fusion-flex-column fusion-animated\" style=\"--awb-bg-color:var(--awb-color1);--awb-bg-color-hover:var(--awb-color1);--awb-bg-size:cover;--awb-width-large:25%;--awb-margin-top-large:0px;--awb-spacing-right-large:10px;--awb-margin-bottom-large:20px;--awb-spacing-left-large:10px;--awb-width-medium:25%;--awb-order-medium:0;--awb-spacing-right-medium:10px;--awb-spacing-left-medium:10px;--awb-width-small:100%;--awb-order-small:0;--awb-spacing-right-small:10px;--awb-spacing-left-small:10px;\" data-animationType=\"fadeInUp\" data-animationDuration=\"0.5\" data-animationOffset=\"top-into-view\" data-scroll-devices=\"small-visibility,medium-visibility,large-visibility\"><div class=\"fusion-column-wrapper fusion-column-has-shadow fusion-flex-justify-content-flex-start fusion-content-layout-column\"><div class=\"fusion-image-element \" style=\"--awb-caption-title-font-family:var(--h2_typography-font-family);--awb-caption-title-font-weight:var(--h2_typography-font-weight);--awb-caption-title-font-style:var(--h2_typography-font-style);--awb-caption-title-size:var(--h2_typography-font-size);--awb-caption-title-transform:var(--h2_typography-text-transform);--awb-caption-title-line-height:var(--h2_typography-line-height);--awb-caption-title-letter-spacing:var(--h2_typography-letter-spacing);\"><span class=\" fusion-imageframe imageframe-none imageframe-7 hover-type-none\"><a href=\"https:\/\/rerec.eu\/wp-content\/uploads\/2025\/01\/rerec-ic-aus-keramik-cpu-schrott-kaufen.jpg\" class=\"fusion-lightbox\" data-rel=\"iLightbox[79cf9d1f37fda8eae5d]\" data-title=\"ReRec IC aus Keramik CPU Schrott kaufen\" title=\"ReRec IC aus Keramik CPU Schrott kaufen\"><img decoding=\"async\" width=\"1280\" height=\"850\" alt=\"ReRec IC aus Keramik CPU Schrott kaufen\" src=\"https:\/\/rerec.eu\/wp-content\/uploads\/2025\/01\/rerec-ic-aus-keramik-cpu-schrott-kaufen.jpg\" class=\"img-responsive wp-image-9560\" srcset=\"https:\/\/rerec.eu\/wp-content\/uploads\/2025\/01\/rerec-ic-aus-keramik-cpu-schrott-kaufen-300x199.jpg 300w, https:\/\/rerec.eu\/wp-content\/uploads\/2025\/01\/rerec-ic-aus-keramik-cpu-schrott-kaufen-768x510.jpg 768w, https:\/\/rerec.eu\/wp-content\/uploads\/2025\/01\/rerec-ic-aus-keramik-cpu-schrott-kaufen-1024x680.jpg 1024w, https:\/\/rerec.eu\/wp-content\/uploads\/2025\/01\/rerec-ic-aus-keramik-cpu-schrott-kaufen.jpg 1280w\" sizes=\"(max-width: 1280px) 100vw, 1280px\" \/><\/a><\/span><\/div><div class=\"fusion-title title fusion-title-15 fusion-sep-none fusion-title-text fusion-title-size-five\" style=\"--awb-margin-right:25px;--awb-margin-left:25px;--awb-margin-right-small:25px;--awb-margin-left-small:25px;--awb-margin-right-medium:25px;--awb-margin-left-medium:25px;\"><h5 class=\"fusion-title-heading title-heading-left\" style=\"margin:0;\">IC keramik<\/h5><\/div><div class=\"fusion-text fusion-text-11\" style=\"--awb-margin-right:25px;--awb-margin-left:25px;\"><p>IC&#8217;er af keramik.<\/p>\n<\/div><\/div><\/div><div class=\"fusion-layout-column fusion_builder_column fusion-builder-column-14 fusion_builder_column_1_4 1_4 fusion-flex-column fusion-animated\" style=\"--awb-bg-color:var(--awb-color1);--awb-bg-color-hover:var(--awb-color1);--awb-bg-size:cover;--awb-width-large:25%;--awb-margin-top-large:0px;--awb-spacing-right-large:10px;--awb-margin-bottom-large:20px;--awb-spacing-left-large:10px;--awb-width-medium:25%;--awb-order-medium:0;--awb-spacing-right-medium:10px;--awb-spacing-left-medium:10px;--awb-width-small:100%;--awb-order-small:0;--awb-spacing-right-small:10px;--awb-spacing-left-small:10px;\" data-animationType=\"fadeInUp\" data-animationDuration=\"0.5\" data-animationOffset=\"top-into-view\" data-scroll-devices=\"small-visibility,medium-visibility,large-visibility\"><div class=\"fusion-column-wrapper fusion-column-has-shadow fusion-flex-justify-content-flex-start fusion-content-layout-column\"><div class=\"fusion-image-element \" style=\"--awb-caption-title-font-family:var(--h2_typography-font-family);--awb-caption-title-font-weight:var(--h2_typography-font-weight);--awb-caption-title-font-style:var(--h2_typography-font-style);--awb-caption-title-size:var(--h2_typography-font-size);--awb-caption-title-transform:var(--h2_typography-text-transform);--awb-caption-title-line-height:var(--h2_typography-line-height);--awb-caption-title-letter-spacing:var(--h2_typography-letter-spacing);\"><span class=\" fusion-imageframe imageframe-none imageframe-8 hover-type-none\"><a href=\"https:\/\/rerec.eu\/wp-content\/uploads\/2025\/01\/rerec-ic-mit-goldcap-cpus-verkaufen.jpg\" class=\"fusion-lightbox\" data-rel=\"iLightbox[7e2c2bb6aef323a7f91]\" data-title=\"ReRec IC mit Goldcap CPUs verkaufen\" title=\"ReRec IC mit Goldcap CPUs verkaufen\"><img decoding=\"async\" width=\"1280\" height=\"850\" alt=\"ReRec IC mit Goldcap CPUs verkaufen\" src=\"https:\/\/rerec.eu\/wp-content\/uploads\/2025\/01\/rerec-ic-mit-goldcap-cpus-verkaufen.jpg\" class=\"img-responsive wp-image-9561\" srcset=\"https:\/\/rerec.eu\/wp-content\/uploads\/2025\/01\/rerec-ic-mit-goldcap-cpus-verkaufen-300x199.jpg 300w, https:\/\/rerec.eu\/wp-content\/uploads\/2025\/01\/rerec-ic-mit-goldcap-cpus-verkaufen-768x510.jpg 768w, https:\/\/rerec.eu\/wp-content\/uploads\/2025\/01\/rerec-ic-mit-goldcap-cpus-verkaufen-1024x680.jpg 1024w, https:\/\/rerec.eu\/wp-content\/uploads\/2025\/01\/rerec-ic-mit-goldcap-cpus-verkaufen.jpg 1280w\" sizes=\"(max-width: 1280px) 100vw, 1280px\" \/><\/a><\/span><\/div><div class=\"fusion-title title fusion-title-16 fusion-sep-none fusion-title-text fusion-title-size-five\" style=\"--awb-margin-right:25px;--awb-margin-left:25px;--awb-margin-right-small:25px;--awb-margin-left-small:25px;--awb-margin-right-medium:25px;--awb-margin-left-medium:25px;\"><h5 class=\"fusion-title-heading title-heading-left\" style=\"margin:0;\">IC med guld cap<\/h5><\/div><div class=\"fusion-text fusion-text-12\" style=\"--awb-margin-right:25px;--awb-margin-left:25px;\"><p>IC&#8217;er af keramik med guld cap.<\/p>\n<\/div><\/div><\/div><\/div><\/div><\/p>\n","protected":false},"excerpt":{"rendered":"<p>Transparent elektronikskrot k\u00f8b &#8211; CPU skrot og processor skrot b\u00e6redygtigt genbrug. Vi k\u00f8ber dine IC&#8217;er og processorer til fair betingelser.<\/p>\n","protected":false},"author":1,"featured_media":9554,"menu_order":0,"comment_status":"closed","ping_status":"closed","template":"","format":"standard","meta":{"footnotes":""},"portfolio_category":[138],"portfolio_skills":[],"portfolio_tags":[],"class_list":["post-9553","avada_portfolio","type-avada_portfolio","status-publish","format-standard","has-post-thumbnail","hentry","portfolio_category-elektronikskrot"],"yoast_head":"<!-- This site is optimized with the Yoast SEO plugin v26.8 - https:\/\/yoast.com\/product\/yoast-seo-wordpress\/ -->\n<title>Salg af brugte CPU&#039;er - K\u00f8b af processorer &amp; IC&#039;er<\/title>\n<meta name=\"description\" content=\"S\u00e6lg dine brugte CPU&#039;er &amp; IC&#039;er til de bedste betingelser. L\u00e6r mere om vores k\u00f8bspriser for processorer og CPU&#039;er.\" \/>\n<meta name=\"robots\" content=\"index, follow, max-snippet:-1, max-image-preview:large, max-video-preview:-1\" \/>\n<link rel=\"canonical\" href=\"https:\/\/rerec.eu\/da\/purchase-portfolio\/cpu-and-ic\/\" \/>\n<meta property=\"og:locale\" content=\"da_DK\" \/>\n<meta property=\"og:type\" content=\"article\" \/>\n<meta property=\"og:title\" content=\"Salg af brugte CPU&#039;er - K\u00f8b af processorer &amp; IC&#039;er\" \/>\n<meta property=\"og:description\" content=\"S\u00e6lg dine brugte CPU&#039;er &amp; IC&#039;er til de bedste betingelser. L\u00e6r mere om vores k\u00f8bspriser for processorer og CPU&#039;er.\" \/>\n<meta property=\"og:url\" content=\"https:\/\/rerec.eu\/da\/purchase-portfolio\/cpu-and-ic\/\" \/>\n<meta property=\"og:site_name\" content=\"ReRec GmbH\" \/>\n<meta property=\"article:publisher\" content=\"https:\/\/www.facebook.com\/profile.php?id=100063562990196#\" \/>\n<meta property=\"article:modified_time\" content=\"2026-02-25T08:59:18+00:00\" \/>\n<meta property=\"og:image\" content=\"https:\/\/rerec.eu\/wp-content\/uploads\/2025\/01\/rerec-cpu-schrott-ankauf.jpg\" \/>\n\t<meta property=\"og:image:width\" content=\"1920\" \/>\n\t<meta property=\"og:image:height\" content=\"1080\" \/>\n\t<meta property=\"og:image:type\" content=\"image\/jpeg\" \/>\n<meta name=\"twitter:card\" content=\"summary_large_image\" \/>\n<meta name=\"twitter:label1\" content=\"Estimeret l\u00e6setid\" \/>\n\t<meta name=\"twitter:data1\" content=\"92 minutter\" \/>\n<script type=\"application\/ld+json\" class=\"yoast-schema-graph\">{\"@context\":\"https:\/\/schema.org\",\"@graph\":[{\"@type\":\"WebPage\",\"@id\":\"https:\/\/rerec.eu\/da\/purchase-portfolio\/cpu-and-ic\/\",\"url\":\"https:\/\/rerec.eu\/da\/purchase-portfolio\/cpu-and-ic\/\",\"name\":\"Salg af brugte CPU'er - K\u00f8b af processorer & IC'er\",\"isPartOf\":{\"@id\":\"https:\/\/rerec.eu\/da\/#website\"},\"primaryImageOfPage\":{\"@id\":\"https:\/\/rerec.eu\/da\/purchase-portfolio\/cpu-and-ic\/#primaryimage\"},\"image\":{\"@id\":\"https:\/\/rerec.eu\/da\/purchase-portfolio\/cpu-and-ic\/#primaryimage\"},\"thumbnailUrl\":\"https:\/\/rerec.eu\/wp-content\/uploads\/2025\/01\/rerec-cpu-schrott-ankauf.jpg\",\"datePublished\":\"2025-01-07T18:53:24+00:00\",\"dateModified\":\"2026-02-25T08:59:18+00:00\",\"description\":\"S\u00e6lg dine brugte CPU'er & IC'er til de bedste betingelser. L\u00e6r mere om vores k\u00f8bspriser for processorer og CPU'er.\",\"breadcrumb\":{\"@id\":\"https:\/\/rerec.eu\/da\/purchase-portfolio\/cpu-and-ic\/#breadcrumb\"},\"inLanguage\":\"da-DK\",\"potentialAction\":[{\"@type\":\"ReadAction\",\"target\":[\"https:\/\/rerec.eu\/da\/purchase-portfolio\/cpu-and-ic\/\"]}]},{\"@type\":\"ImageObject\",\"inLanguage\":\"da-DK\",\"@id\":\"https:\/\/rerec.eu\/da\/purchase-portfolio\/cpu-and-ic\/#primaryimage\",\"url\":\"https:\/\/rerec.eu\/wp-content\/uploads\/2025\/01\/rerec-cpu-schrott-ankauf.jpg\",\"contentUrl\":\"https:\/\/rerec.eu\/wp-content\/uploads\/2025\/01\/rerec-cpu-schrott-ankauf.jpg\",\"width\":1920,\"height\":1080,\"caption\":\"ReRec CPU Schrott Ankauf\"},{\"@type\":\"BreadcrumbList\",\"@id\":\"https:\/\/rerec.eu\/da\/purchase-portfolio\/cpu-and-ic\/#breadcrumb\",\"itemListElement\":[{\"@type\":\"ListItem\",\"position\":1,\"name\":\"Home\",\"item\":\"https:\/\/rerec.eu\/da\/\"},{\"@type\":\"ListItem\",\"position\":2,\"name\":\"Portfolio\",\"item\":\"https:\/\/rerec.eu\/da\/portfolio-items\/\"},{\"@type\":\"ListItem\",\"position\":3,\"name\":\"Processorer (CPU&#8217;er) og IC&#8217;er\"}]},{\"@type\":\"WebSite\",\"@id\":\"https:\/\/rerec.eu\/da\/#website\",\"url\":\"https:\/\/rerec.eu\/da\/\",\"name\":\"ReRec GmbH\",\"description\":\"Wir kaufen Elektronikschrott, Sonderlegierungen und Edelmetalle aller Art.\",\"publisher\":{\"@id\":\"https:\/\/rerec.eu\/da\/#organization\"},\"alternateName\":\"ReRec Recycling\",\"potentialAction\":[{\"@type\":\"SearchAction\",\"target\":{\"@type\":\"EntryPoint\",\"urlTemplate\":\"https:\/\/rerec.eu\/da\/?s={search_term_string}\"},\"query-input\":{\"@type\":\"PropertyValueSpecification\",\"valueRequired\":true,\"valueName\":\"search_term_string\"}}],\"inLanguage\":\"da-DK\"},{\"@type\":\"Organization\",\"@id\":\"https:\/\/rerec.eu\/da\/#organization\",\"name\":\"ReRec GmbH\",\"alternateName\":\"ReRec Recycling\",\"url\":\"https:\/\/rerec.eu\/da\/\",\"logo\":{\"@type\":\"ImageObject\",\"inLanguage\":\"da-DK\",\"@id\":\"https:\/\/rerec.eu\/da\/#\/schema\/logo\/image\/\",\"url\":\"https:\/\/rerec.eu\/wp-content\/uploads\/2024\/12\/rerec-gmbh-recycling.svg\",\"contentUrl\":\"https:\/\/rerec.eu\/wp-content\/uploads\/2024\/12\/rerec-gmbh-recycling.svg\",\"width\":165,\"height\":50,\"caption\":\"ReRec GmbH\"},\"image\":{\"@id\":\"https:\/\/rerec.eu\/da\/#\/schema\/logo\/image\/\"},\"sameAs\":[\"https:\/\/www.facebook.com\/profile.php?id=100063562990196#\"]}]}<\/script>\n<!-- \/ Yoast SEO plugin. -->","yoast_head_json":{"title":"Salg af brugte CPU'er - K\u00f8b af processorer & IC'er","description":"S\u00e6lg dine brugte CPU'er & IC'er til de bedste betingelser. L\u00e6r mere om vores k\u00f8bspriser for processorer og CPU'er.","robots":{"index":"index","follow":"follow","max-snippet":"max-snippet:-1","max-image-preview":"max-image-preview:large","max-video-preview":"max-video-preview:-1"},"canonical":"https:\/\/rerec.eu\/da\/purchase-portfolio\/cpu-and-ic\/","og_locale":"da_DK","og_type":"article","og_title":"Salg af brugte CPU'er - K\u00f8b af processorer & IC'er","og_description":"S\u00e6lg dine brugte CPU'er & IC'er til de bedste betingelser. L\u00e6r mere om vores k\u00f8bspriser for processorer og CPU'er.","og_url":"https:\/\/rerec.eu\/da\/purchase-portfolio\/cpu-and-ic\/","og_site_name":"ReRec GmbH","article_publisher":"https:\/\/www.facebook.com\/profile.php?id=100063562990196#","article_modified_time":"2026-02-25T08:59:18+00:00","og_image":[{"width":1920,"height":1080,"url":"https:\/\/rerec.eu\/wp-content\/uploads\/2025\/01\/rerec-cpu-schrott-ankauf.jpg","type":"image\/jpeg"}],"twitter_card":"summary_large_image","twitter_misc":{"Estimeret l\u00e6setid":"92 minutter"},"schema":{"@context":"https:\/\/schema.org","@graph":[{"@type":"WebPage","@id":"https:\/\/rerec.eu\/da\/purchase-portfolio\/cpu-and-ic\/","url":"https:\/\/rerec.eu\/da\/purchase-portfolio\/cpu-and-ic\/","name":"Salg af brugte CPU'er - K\u00f8b af processorer & IC'er","isPartOf":{"@id":"https:\/\/rerec.eu\/da\/#website"},"primaryImageOfPage":{"@id":"https:\/\/rerec.eu\/da\/purchase-portfolio\/cpu-and-ic\/#primaryimage"},"image":{"@id":"https:\/\/rerec.eu\/da\/purchase-portfolio\/cpu-and-ic\/#primaryimage"},"thumbnailUrl":"https:\/\/rerec.eu\/wp-content\/uploads\/2025\/01\/rerec-cpu-schrott-ankauf.jpg","datePublished":"2025-01-07T18:53:24+00:00","dateModified":"2026-02-25T08:59:18+00:00","description":"S\u00e6lg dine brugte CPU'er & IC'er til de bedste betingelser. L\u00e6r mere om vores k\u00f8bspriser for processorer og CPU'er.","breadcrumb":{"@id":"https:\/\/rerec.eu\/da\/purchase-portfolio\/cpu-and-ic\/#breadcrumb"},"inLanguage":"da-DK","potentialAction":[{"@type":"ReadAction","target":["https:\/\/rerec.eu\/da\/purchase-portfolio\/cpu-and-ic\/"]}]},{"@type":"ImageObject","inLanguage":"da-DK","@id":"https:\/\/rerec.eu\/da\/purchase-portfolio\/cpu-and-ic\/#primaryimage","url":"https:\/\/rerec.eu\/wp-content\/uploads\/2025\/01\/rerec-cpu-schrott-ankauf.jpg","contentUrl":"https:\/\/rerec.eu\/wp-content\/uploads\/2025\/01\/rerec-cpu-schrott-ankauf.jpg","width":1920,"height":1080,"caption":"ReRec CPU Schrott Ankauf"},{"@type":"BreadcrumbList","@id":"https:\/\/rerec.eu\/da\/purchase-portfolio\/cpu-and-ic\/#breadcrumb","itemListElement":[{"@type":"ListItem","position":1,"name":"Home","item":"https:\/\/rerec.eu\/da\/"},{"@type":"ListItem","position":2,"name":"Portfolio","item":"https:\/\/rerec.eu\/da\/portfolio-items\/"},{"@type":"ListItem","position":3,"name":"Processorer (CPU&#8217;er) og IC&#8217;er"}]},{"@type":"WebSite","@id":"https:\/\/rerec.eu\/da\/#website","url":"https:\/\/rerec.eu\/da\/","name":"ReRec GmbH","description":"Wir kaufen Elektronikschrott, Sonderlegierungen und Edelmetalle aller Art.","publisher":{"@id":"https:\/\/rerec.eu\/da\/#organization"},"alternateName":"ReRec Recycling","potentialAction":[{"@type":"SearchAction","target":{"@type":"EntryPoint","urlTemplate":"https:\/\/rerec.eu\/da\/?s={search_term_string}"},"query-input":{"@type":"PropertyValueSpecification","valueRequired":true,"valueName":"search_term_string"}}],"inLanguage":"da-DK"},{"@type":"Organization","@id":"https:\/\/rerec.eu\/da\/#organization","name":"ReRec GmbH","alternateName":"ReRec Recycling","url":"https:\/\/rerec.eu\/da\/","logo":{"@type":"ImageObject","inLanguage":"da-DK","@id":"https:\/\/rerec.eu\/da\/#\/schema\/logo\/image\/","url":"https:\/\/rerec.eu\/wp-content\/uploads\/2024\/12\/rerec-gmbh-recycling.svg","contentUrl":"https:\/\/rerec.eu\/wp-content\/uploads\/2024\/12\/rerec-gmbh-recycling.svg","width":165,"height":50,"caption":"ReRec GmbH"},"image":{"@id":"https:\/\/rerec.eu\/da\/#\/schema\/logo\/image\/"},"sameAs":["https:\/\/www.facebook.com\/profile.php?id=100063562990196#"]}]}},"_links":{"self":[{"href":"https:\/\/rerec.eu\/da\/wp-json\/wp\/v2\/avada_portfolio\/9553","targetHints":{"allow":["GET"]}}],"collection":[{"href":"https:\/\/rerec.eu\/da\/wp-json\/wp\/v2\/avada_portfolio"}],"about":[{"href":"https:\/\/rerec.eu\/da\/wp-json\/wp\/v2\/types\/avada_portfolio"}],"author":[{"embeddable":true,"href":"https:\/\/rerec.eu\/da\/wp-json\/wp\/v2\/users\/1"}],"replies":[{"embeddable":true,"href":"https:\/\/rerec.eu\/da\/wp-json\/wp\/v2\/comments?post=9553"}],"version-history":[{"count":56,"href":"https:\/\/rerec.eu\/da\/wp-json\/wp\/v2\/avada_portfolio\/9553\/revisions"}],"predecessor-version":[{"id":13654,"href":"https:\/\/rerec.eu\/da\/wp-json\/wp\/v2\/avada_portfolio\/9553\/revisions\/13654"}],"wp:featuredmedia":[{"embeddable":true,"href":"https:\/\/rerec.eu\/da\/wp-json\/wp\/v2\/media\/9554"}],"wp:attachment":[{"href":"https:\/\/rerec.eu\/da\/wp-json\/wp\/v2\/media?parent=9553"}],"wp:term":[{"taxonomy":"portfolio_category","embeddable":true,"href":"https:\/\/rerec.eu\/da\/wp-json\/wp\/v2\/portfolio_category?post=9553"},{"taxonomy":"portfolio_skills","embeddable":true,"href":"https:\/\/rerec.eu\/da\/wp-json\/wp\/v2\/portfolio_skills?post=9553"},{"taxonomy":"portfolio_tags","embeddable":true,"href":"https:\/\/rerec.eu\/da\/wp-json\/wp\/v2\/portfolio_tags?post=9553"}],"curies":[{"name":"wp","href":"https:\/\/api.w.org\/{rel}","templated":true}]}}