{"id":4918,"date":"2025-01-09T08:35:33","date_gmt":"2025-01-09T07:35:33","guid":{"rendered":"https:\/\/rerec.eu\/?post_type=avada_portfolio&#038;p=4918"},"modified":"2026-04-28T23:54:43","modified_gmt":"2026-04-28T22:54:43","slug":"cable","status":"publish","type":"avada_portfolio","link":"https:\/\/rerec.eu\/fr\/purchase-portfolio\/cables\/","title":{"rendered":"C\u00e2ble"},"content":{"rendered":"<p><div class=\"fusion-fullwidth fullwidth-box fusion-builder-row-1 fusion-flex-container has-pattern-background has-mask-background nonhundred-percent-fullwidth non-hundred-percent-height-scrolling editorial no-text\" style=\"--awb-border-radius-top-left:0px;--awb-border-radius-top-right:0px;--awb-border-radius-bottom-right:0px;--awb-border-radius-bottom-left:0px;--awb-padding-bottom:0px;--awb-background-color:var(--awb-color4);--awb-flex-wrap:wrap;\" ><div class=\"fusion-builder-row fusion-row fusion-flex-align-items-flex-start fusion-flex-content-wrap\" style=\"max-width:1591.2px;margin-left: calc(-4% \/ 2 );margin-right: calc(-4% \/ 2 );\"><div class=\"fusion-layout-column fusion_builder_column fusion-builder-column-0 fusion_builder_column_1_1 1_1 fusion-flex-column fusion-animated\" style=\"--awb-bg-size:cover;--awb-width-large:100%;--awb-margin-top-large:0px;--awb-spacing-right-large:1.92%;--awb-margin-bottom-large:20px;--awb-spacing-left-large:1.92%;--awb-width-medium:100%;--awb-order-medium:0;--awb-spacing-right-medium:1.92%;--awb-spacing-left-medium:1.92%;--awb-width-small:100%;--awb-order-small:0;--awb-spacing-right-small:1.92%;--awb-spacing-left-small:1.92%;\" data-animationType=\"fadeInUp\" data-animationDuration=\"0.5\" data-animationOffset=\"top-into-view\" data-scroll-devices=\"small-visibility,medium-visibility,large-visibility\"><div class=\"fusion-column-wrapper fusion-column-has-shadow fusion-flex-justify-content-flex-start fusion-content-layout-column\"><div class=\"fusion-title title fusion-title-1 fusion-sep-none fusion-title-center fusion-title-text fusion-title-size-div mini-head\" style=\"--awb-text-color:var(--awb-color5);--awb-margin-bottom:0px;\"><div class=\"fusion-title-heading title-heading-center title-heading-tag\" style=\"margin:0;text-transform:uppercase;\"><strong>M\u00e9taux et c\u00e2bles<\/strong><\/div><\/div><div class=\"fusion-title title fusion-title-2 fusion-sep-none fusion-title-center fusion-title-text fusion-title-size-three\"><h3 class=\"fusion-title-heading title-heading-center\" style=\"margin:0;\">Achat de c\u00e2bles &#8211; Des prix \u00e9quitables pour vos c\u00e2bles<\/h3><\/div><\/div><\/div><\/div><\/div><div class=\"fusion-fullwidth fullwidth-box fusion-builder-row-2 fusion-flex-container has-pattern-background has-mask-background nonhundred-percent-fullwidth non-hundred-percent-height-scrolling small-width\" style=\"--awb-border-radius-top-left:0px;--awb-border-radius-top-right:0px;--awb-border-radius-bottom-right:0px;--awb-border-radius-bottom-left:0px;--awb-padding-top:0px;--awb-background-color:var(--awb-color4);--awb-flex-wrap:wrap;\" ><div class=\"fusion-builder-row fusion-row fusion-flex-align-items-flex-start fusion-flex-content-wrap\" style=\"max-width:1591.2px;margin-left: calc(-4% \/ 2 );margin-right: calc(-4% \/ 2 );\"><div class=\"fusion-layout-column fusion_builder_column fusion-builder-column-1 fusion_builder_column_1_1 1_1 fusion-flex-column fusion-animated\" style=\"--awb-bg-size:cover;--awb-width-large:100%;--awb-margin-top-large:0px;--awb-spacing-right-large:1.92%;--awb-margin-bottom-large:20px;--awb-spacing-left-large:1.92%;--awb-width-medium:100%;--awb-order-medium:0;--awb-spacing-right-medium:1.92%;--awb-spacing-left-medium:1.92%;--awb-width-small:100%;--awb-order-small:0;--awb-spacing-right-small:1.92%;--awb-spacing-left-small:1.92%;\" data-animationType=\"fadeInUp\" data-animationDuration=\"0.5\" data-animationOffset=\"top-into-view\" data-scroll-devices=\"small-visibility,medium-visibility,large-visibility\"><div class=\"fusion-column-wrapper fusion-column-has-shadow fusion-flex-justify-content-flex-start fusion-content-layout-column\"><div class=\"fusion-text fusion-text-1\"><p>Le cuivre est souvent utilis\u00e9 dans les c\u00e2bles \u00e9lectriques en raison de ses excellentes propri\u00e9t\u00e9s conductrices. Ces c\u00e2bles se trouvent dans presque tous les appareils \u00e9lectriques, des appareils m\u00e9nagers aux PC et ordinateurs portables. <strong>Nous achetons les types de c\u00e2bles suivants :<\/strong><\/p>\n<\/div><ul style=\"--awb-iconcolor:var(--awb-color5);--awb-line-height:27.2px;--awb-icon-width:27.2px;--awb-icon-height:27.2px;--awb-icon-margin:11.2px;--awb-content-margin:38.4px;\" class=\"fusion-checklist fusion-checklist-1 fusion-checklist-default type-icons\"><li class=\"fusion-li-item\" style=\"\"><span class=\"icon-wrapper circle-no\"><i class=\"fusion-li-icon fa-check fas\" aria-hidden=\"true\"><\/i><\/span><div class=\"fusion-li-item-content\">\n<p>C\u00e2ble sans prise (C\u00e2ble 38%)<\/p>\n<\/div><\/li><li class=\"fusion-li-item\" style=\"\"><span class=\"icon-wrapper circle-no\"><i class=\"fusion-li-icon fa-check fas\" aria-hidden=\"true\"><\/i><\/span><div class=\"fusion-li-item-content\">\n<p>C\u00e2ble de connecteur d&rsquo;ordinateur<\/p>\n<\/div><\/li><li class=\"fusion-li-item\" style=\"\"><span class=\"icon-wrapper circle-no\"><i class=\"fusion-li-icon fa-check fas\" aria-hidden=\"true\"><\/i><\/span><div class=\"fusion-li-item-content\">\n<p>C\u00e2ble \u00e0 fiche<\/p>\n<\/div><\/li><li class=\"fusion-li-item\" style=\"\"><span class=\"icon-wrapper circle-no\"><i class=\"fusion-li-icon fa-check fas\" aria-hidden=\"true\"><\/i><\/span><div class=\"fusion-li-item-content\">\n<p>C\u00e2ble IDE (c\u00e2ble ruban)<\/p>\n<\/div><\/li><\/ul><\/div><\/div><\/div><\/div><div class=\"fusion-fullwidth fullwidth-box fusion-builder-row-3 fusion-flex-container has-pattern-background has-mask-background nonhundred-percent-fullwidth non-hundred-percent-height-scrolling medium-width reverse\" style=\"--awb-border-radius-top-left:0px;--awb-border-radius-top-right:0px;--awb-border-radius-bottom-right:0px;--awb-border-radius-bottom-left:0px;--awb-flex-wrap:wrap;\" ><div class=\"fusion-builder-row fusion-row fusion-flex-align-items-center fusion-flex-content-wrap\" style=\"max-width:1591.2px;margin-left: calc(-4% \/ 2 );margin-right: calc(-4% \/ 2 );\"><div class=\"fusion-layout-column fusion_builder_column fusion-builder-column-2 fusion_builder_column_1_2 1_2 fusion-flex-column fusion-animated\" style=\"--awb-bg-size:cover;--awb-width-large:50%;--awb-margin-top-large:0px;--awb-spacing-right-large:3.84%;--awb-margin-bottom-large:0px;--awb-spacing-left-large:3.84%;--awb-width-medium:50%;--awb-order-medium:0;--awb-spacing-right-medium:3.84%;--awb-spacing-left-medium:3.84%;--awb-width-small:100%;--awb-order-small:0;--awb-spacing-right-small:1.92%;--awb-spacing-left-small:1.92%;\" data-animationType=\"fadeInLeft\" data-animationDuration=\"0.5\" data-animationOffset=\"top-into-view\" data-scroll-devices=\"small-visibility,medium-visibility,large-visibility\"><div class=\"fusion-column-wrapper fusion-column-has-shadow fusion-flex-justify-content-flex-start fusion-content-layout-column\"><div class=\"fusion-title title fusion-title-3 fusion-sep-none fusion-title-text fusion-title-size-div mini-head\" style=\"--awb-text-color:var(--awb-color5);--awb-margin-bottom:0px;\"><div class=\"fusion-title-heading title-heading-left title-heading-tag\" style=\"margin:0;text-transform:uppercase;\"><strong>Achat de c\u00e2bles<\/strong><\/div><\/div><div class=\"fusion-title title fusion-title-4 fusion-sep-none fusion-title-text fusion-title-size-four\"><h4 class=\"fusion-title-heading title-heading-left\" style=\"margin:0;\">Prix de la ferraille pour les c\u00e2bles en cuivre<\/h4><\/div><div class=\"fusion-text fusion-text-2\"><p>Vendez maintenant vos c\u00e2bles ! Profitez de prix \u00e9quitables pour votre achat de c\u00e2bles &#8211; nous vous offrons le meilleur prix de ferraille pour les c\u00e2bles. Contactez-nous d\u00e8s aujourd&rsquo;hui pour une consultation sans engagement !<\/p>\n<\/div><div ><a class=\"fusion-button button-flat fusion-button-default-size button-default fusion-button-default button-1 fusion-button-default-span fusion-button-default-type\" target=\"_self\" href=\"#contact\"><span class=\"fusion-button-text awb-button__text awb-button__text--default\">Demandez maintenant<\/span><\/a><\/div><\/div><\/div><div class=\"fusion-layout-column fusion_builder_column fusion-builder-column-3 fusion_builder_column_1_2 1_2 fusion-flex-column fusion-animated\" style=\"--awb-bg-size:cover;--awb-width-large:50%;--awb-margin-top-large:0px;--awb-spacing-right-large:3.84%;--awb-margin-bottom-large:20px;--awb-spacing-left-large:3.84%;--awb-width-medium:50%;--awb-order-medium:0;--awb-spacing-right-medium:3.84%;--awb-spacing-left-medium:3.84%;--awb-width-small:100%;--awb-order-small:0;--awb-spacing-right-small:1.92%;--awb-spacing-left-small:1.92%;\" data-animationType=\"fadeInRight\" data-animationDuration=\"0.5\" data-animationOffset=\"top-into-view\" data-scroll-devices=\"small-visibility,medium-visibility,large-visibility\"><div class=\"fusion-column-wrapper fusion-column-has-shadow fusion-flex-justify-content-flex-start fusion-content-layout-column\"><div class=\"fusion-image-element \" style=\"--awb-caption-title-font-family:var(--h2_typography-font-family);--awb-caption-title-font-weight:var(--h2_typography-font-weight);--awb-caption-title-font-style:var(--h2_typography-font-style);--awb-caption-title-size:var(--h2_typography-font-size);--awb-caption-title-transform:var(--h2_typography-text-transform);--awb-caption-title-line-height:var(--h2_typography-line-height);--awb-caption-title-letter-spacing:var(--h2_typography-letter-spacing);\"><span class=\" fusion-imageframe imageframe-none imageframe-1 hover-type-none\"><img decoding=\"async\" width=\"1280\" height=\"850\" alt=\"ReRec Kupferkabel Ankauf\" title=\"ReRec Kupferkabel Ankauf\" src=\"https:\/\/rerec.eu\/wp-content\/uploads\/2025\/03\/rerec-kupferkabel-ankauf.jpg\" class=\"img-responsive wp-image-4028\" srcset=\"https:\/\/rerec.eu\/wp-content\/uploads\/2025\/03\/rerec-kupferkabel-ankauf-300x199.jpg 300w, https:\/\/rerec.eu\/wp-content\/uploads\/2025\/03\/rerec-kupferkabel-ankauf-768x510.jpg 768w, https:\/\/rerec.eu\/wp-content\/uploads\/2025\/03\/rerec-kupferkabel-ankauf-1024x680.jpg 1024w, https:\/\/rerec.eu\/wp-content\/uploads\/2025\/03\/rerec-kupferkabel-ankauf.jpg 1280w\" sizes=\"(max-width: 1280px) 100vw, 1280px\" \/><\/span><\/div><\/div><\/div><\/div><\/div><div class=\"fusion-fullwidth fullwidth-box fusion-builder-row-4 fusion-flex-container has-pattern-background has-mask-background nonhundred-percent-fullwidth non-hundred-percent-height-scrolling editorial no-text\" style=\"--awb-border-radius-top-left:0px;--awb-border-radius-top-right:0px;--awb-border-radius-bottom-right:0px;--awb-border-radius-bottom-left:0px;--awb-padding-bottom:0px;--awb-background-color:var(--awb-color4);--awb-flex-wrap:wrap;\" ><div class=\"fusion-builder-row fusion-row fusion-flex-align-items-flex-start fusion-flex-content-wrap\" style=\"max-width:1591.2px;margin-left: calc(-4% \/ 2 );margin-right: calc(-4% \/ 2 );\"><div class=\"fusion-layout-column fusion_builder_column fusion-builder-column-4 fusion_builder_column_1_1 1_1 fusion-flex-column fusion-animated\" style=\"--awb-bg-size:cover;--awb-width-large:100%;--awb-margin-top-large:0px;--awb-spacing-right-large:1.92%;--awb-margin-bottom-large:20px;--awb-spacing-left-large:1.92%;--awb-width-medium:100%;--awb-order-medium:0;--awb-spacing-right-medium:1.92%;--awb-spacing-left-medium:1.92%;--awb-width-small:100%;--awb-order-small:0;--awb-spacing-right-small:1.92%;--awb-spacing-left-small:1.92%;\" data-animationType=\"fadeInUp\" data-animationDuration=\"0.5\" data-animationOffset=\"top-into-view\" data-scroll-devices=\"small-visibility,medium-visibility,large-visibility\"><div class=\"fusion-column-wrapper fusion-column-has-shadow fusion-flex-justify-content-flex-start fusion-content-layout-column\"><div class=\"fusion-title title fusion-title-5 fusion-sep-none fusion-title-center fusion-title-text fusion-title-size-div mini-head\" style=\"--awb-text-color:var(--awb-color5);--awb-margin-bottom:0px;\"><div class=\"fusion-title-heading title-heading-center title-heading-tag\" style=\"margin:0;text-transform:uppercase;\"><strong>Galerie<\/strong><\/div><\/div><div class=\"fusion-title title fusion-title-6 fusion-sep-none fusion-title-center fusion-title-text fusion-title-size-three\"><h3 class=\"fusion-title-heading title-heading-center\" style=\"margin:0;\">Prix de la ferraille pour les c\u00e2bles<\/h3><\/div><\/div><\/div><\/div><\/div><div class=\"fusion-fullwidth fullwidth-box fusion-builder-row-5 fusion-flex-container has-pattern-background has-mask-background nonhundred-percent-fullwidth non-hundred-percent-height-scrolling product-cards\" style=\"--awb-border-radius-top-left:0px;--awb-border-radius-top-right:0px;--awb-border-radius-bottom-right:0px;--awb-border-radius-bottom-left:0px;--awb-padding-top:0px;--awb-background-color:var(--awb-color4);--awb-flex-wrap:wrap;\" ><div class=\"fusion-builder-row fusion-row fusion-flex-align-items-stretch fusion-flex-content-wrap\" style=\"max-width:calc( 1530px + 20px );margin-left: calc(-20px \/ 2 );margin-right: calc(-20px \/ 2 );\"><div class=\"fusion-layout-column fusion_builder_column fusion-builder-column-5 fusion_builder_column_1_4 1_4 fusion-flex-column fusion-animated\" style=\"--awb-bg-color:var(--awb-color1);--awb-bg-color-hover:var(--awb-color1);--awb-bg-size:cover;--awb-width-large:25%;--awb-margin-top-large:0px;--awb-spacing-right-large:10px;--awb-margin-bottom-large:20px;--awb-spacing-left-large:10px;--awb-width-medium:25%;--awb-order-medium:0;--awb-spacing-right-medium:10px;--awb-spacing-left-medium:10px;--awb-width-small:100%;--awb-order-small:0;--awb-spacing-right-small:10px;--awb-spacing-left-small:10px;\" data-animationType=\"fadeInUp\" data-animationDuration=\"0.5\" data-animationOffset=\"top-into-view\" data-scroll-devices=\"small-visibility,medium-visibility,large-visibility\"><div class=\"fusion-column-wrapper fusion-column-has-shadow fusion-flex-justify-content-flex-start fusion-content-layout-column\"><div class=\"fusion-image-element \" style=\"--awb-caption-title-font-family:var(--h2_typography-font-family);--awb-caption-title-font-weight:var(--h2_typography-font-weight);--awb-caption-title-font-style:var(--h2_typography-font-style);--awb-caption-title-size:var(--h2_typography-font-size);--awb-caption-title-transform:var(--h2_typography-text-transform);--awb-caption-title-line-height:var(--h2_typography-line-height);--awb-caption-title-letter-spacing:var(--h2_typography-letter-spacing);\"><span class=\" fusion-imageframe imageframe-none imageframe-2 hover-type-none\"><a href=\"https:\/\/rerec.eu\/wp-content\/uploads\/2025\/01\/rerec-kabel-ankauf-steckerkabel-verkaufen.jpg\" class=\"fusion-lightbox\" data-rel=\"iLightbox[74bf66c46c5219efc49]\" data-title=\"ReRec Kabel Ankauf Steckerkabel verkaufen\" title=\"ReRec Kabel Ankauf Steckerkabel verkaufen\"><img decoding=\"async\" width=\"1280\" height=\"850\" alt=\"ReRec Kabel Ankauf Steckerkabel verkaufen\" src=\"https:\/\/rerec.eu\/wp-content\/uploads\/2025\/01\/rerec-kabel-ankauf-steckerkabel-verkaufen.jpg\" class=\"img-responsive wp-image-5971\" srcset=\"https:\/\/rerec.eu\/wp-content\/uploads\/2025\/01\/rerec-kabel-ankauf-steckerkabel-verkaufen-300x199.jpg 300w, https:\/\/rerec.eu\/wp-content\/uploads\/2025\/01\/rerec-kabel-ankauf-steckerkabel-verkaufen-768x510.jpg 768w, https:\/\/rerec.eu\/wp-content\/uploads\/2025\/01\/rerec-kabel-ankauf-steckerkabel-verkaufen-1024x680.jpg 1024w, https:\/\/rerec.eu\/wp-content\/uploads\/2025\/01\/rerec-kabel-ankauf-steckerkabel-verkaufen.jpg 1280w\" sizes=\"(max-width: 1280px) 100vw, 1280px\" \/><\/a><\/span><\/div><div class=\"fusion-title title fusion-title-7 fusion-sep-none fusion-title-text fusion-title-size-five\" style=\"--awb-margin-right:25px;--awb-margin-left:25px;--awb-margin-right-small:25px;--awb-margin-left-small:25px;--awb-margin-right-medium:25px;--awb-margin-left-medium:25px;\"><h5 class=\"fusion-title-heading title-heading-left\" style=\"margin:0;\">C\u00e2ble \u00e0 fiche<\/h5><\/div><div class=\"fusion-text fusion-text-3\" style=\"--awb-margin-right:25px;--awb-margin-left:25px;\"><p>C\u00e2ble \u00e0 fiche d&rsquo;appareil \u00e0 froid, c\u00e2ble \u00e0 fiche d&rsquo;alimentation ou c\u00e2ble \u00e0 fiche d&rsquo;ordinateur avec et sans contacts dor\u00e9s.<\/p>\n<\/div><\/div><\/div><div class=\"fusion-layout-column fusion_builder_column fusion-builder-column-6 fusion_builder_column_1_4 1_4 fusion-flex-column fusion-animated\" style=\"--awb-bg-color:var(--awb-color1);--awb-bg-color-hover:var(--awb-color1);--awb-bg-size:cover;--awb-width-large:25%;--awb-margin-top-large:0px;--awb-spacing-right-large:10px;--awb-margin-bottom-large:20px;--awb-spacing-left-large:10px;--awb-width-medium:25%;--awb-order-medium:0;--awb-spacing-right-medium:10px;--awb-spacing-left-medium:10px;--awb-width-small:100%;--awb-order-small:0;--awb-spacing-right-small:10px;--awb-spacing-left-small:10px;\" data-animationType=\"fadeInUp\" data-animationDuration=\"0.5\" data-animationOffset=\"top-into-view\" data-scroll-devices=\"small-visibility,medium-visibility,large-visibility\"><div class=\"fusion-column-wrapper fusion-column-has-shadow fusion-flex-justify-content-flex-start fusion-content-layout-column\"><div class=\"fusion-image-element \" style=\"--awb-caption-title-font-family:var(--h2_typography-font-family);--awb-caption-title-font-weight:var(--h2_typography-font-weight);--awb-caption-title-font-style:var(--h2_typography-font-style);--awb-caption-title-size:var(--h2_typography-font-size);--awb-caption-title-transform:var(--h2_typography-text-transform);--awb-caption-title-line-height:var(--h2_typography-line-height);--awb-caption-title-letter-spacing:var(--h2_typography-letter-spacing);\"><span class=\" fusion-imageframe imageframe-none imageframe-3 hover-type-none\"><a href=\"https:\/\/rerec.eu\/wp-content\/uploads\/2025\/01\/rerec-kabel-verkaufen-ohne-stecker.jpg\" class=\"fusion-lightbox\" data-rel=\"iLightbox[61819864faaf4a957cf]\" data-title=\"ReRec Kabel verkaufen ohne Stecker\" title=\"ReRec Kabel verkaufen ohne Stecker\"><img decoding=\"async\" width=\"1280\" height=\"850\" alt=\"ReRec Kabel verkaufen ohne Stecker\" src=\"https:\/\/rerec.eu\/wp-content\/uploads\/2025\/01\/rerec-kabel-verkaufen-ohne-stecker.jpg\" class=\"img-responsive wp-image-5972\" srcset=\"https:\/\/rerec.eu\/wp-content\/uploads\/2025\/01\/rerec-kabel-verkaufen-ohne-stecker-300x199.jpg 300w, https:\/\/rerec.eu\/wp-content\/uploads\/2025\/01\/rerec-kabel-verkaufen-ohne-stecker-768x510.jpg 768w, https:\/\/rerec.eu\/wp-content\/uploads\/2025\/01\/rerec-kabel-verkaufen-ohne-stecker-1024x680.jpg 1024w, https:\/\/rerec.eu\/wp-content\/uploads\/2025\/01\/rerec-kabel-verkaufen-ohne-stecker.jpg 1280w\" sizes=\"(max-width: 1280px) 100vw, 1280px\" \/><\/a><\/span><\/div><div class=\"fusion-title title fusion-title-8 fusion-sep-none fusion-title-text fusion-title-size-five\" style=\"--awb-margin-right:25px;--awb-margin-left:25px;--awb-margin-right-small:25px;--awb-margin-left-small:25px;--awb-margin-right-medium:25px;--awb-margin-left-medium:25px;\"><h5 class=\"fusion-title-heading title-heading-left\" style=\"margin:0;\">C\u00e2ble sans fiche<\/h5><\/div><div class=\"fusion-text fusion-text-4\" style=\"--awb-margin-right:25px;--awb-margin-left:25px;\"><p>C\u00e2ble domestique avec au moins 38% de cuivre sans fiche.<\/p>\n<\/div><\/div><\/div><\/div><\/div><\/p>\n","protected":false},"excerpt":{"rendered":"<p>Les prix actuels de la ferraille pour les c\u00e2bles en cuivre d\u00e9pendent de la puret\u00e9 et de la quantit\u00e9 &#8211; v\u00e9rifiez maintenant et obtenez le meilleur prix ! Profitez de prix attractifs pour la ferraille de c\u00e2bles et demandez une offre sans engagement pour votre prix de c\u00e2ble en cuivre.<\/p>\n","protected":false},"author":1,"featured_media":5969,"menu_order":0,"comment_status":"closed","ping_status":"closed","template":"","format":"standard","meta":{"footnotes":""},"portfolio_category":[118],"portfolio_skills":[],"portfolio_tags":[],"class_list":["post-4918","avada_portfolio","type-avada_portfolio","status-publish","format-standard","has-post-thumbnail","hentry","portfolio_category-metaux-et-cables"],"yoast_head":"<!-- This site is optimized with the Yoast SEO plugin v26.8 - https:\/\/yoast.com\/product\/yoast-seo-wordpress\/ -->\n<title>Achat de c\u00e2bles - Meilleurs prix de ferraille pour les c\u00e2bles en cuivre et les d\u00e9chets de c\u00e2bles !<\/title>\n<meta name=\"description\" content=\"Vendez maintenant vos c\u00e2bles - Nous offrons le meilleur achat de c\u00e2bles en cuivre \u00e0 des prix \u00e9quitables pour les d\u00e9chets de c\u00e2bles. Demandez maintenant le prix de la ferraille pour les c\u00e2bles !\" \/>\n<meta name=\"robots\" content=\"index, follow, max-snippet:-1, max-image-preview:large, max-video-preview:-1\" \/>\n<link rel=\"canonical\" href=\"https:\/\/rerec.eu\/fr\/purchase-portfolio\/cables\/\" \/>\n<meta property=\"og:locale\" content=\"fr_FR\" \/>\n<meta property=\"og:type\" content=\"article\" \/>\n<meta property=\"og:title\" content=\"Achat de c\u00e2bles - Meilleurs prix de ferraille pour les c\u00e2bles en cuivre et les d\u00e9chets de c\u00e2bles !\" \/>\n<meta property=\"og:description\" content=\"Vendez maintenant vos c\u00e2bles - Nous offrons le meilleur achat de c\u00e2bles en cuivre \u00e0 des prix \u00e9quitables pour les d\u00e9chets de c\u00e2bles. Demandez maintenant le prix de la ferraille pour les c\u00e2bles !\" \/>\n<meta property=\"og:url\" content=\"https:\/\/rerec.eu\/fr\/purchase-portfolio\/cables\/\" \/>\n<meta property=\"og:site_name\" content=\"ReRec GmbH\" \/>\n<meta property=\"article:publisher\" content=\"https:\/\/www.facebook.com\/profile.php?id=100063562990196#\" \/>\n<meta property=\"article:modified_time\" content=\"2026-04-28T22:54:43+00:00\" \/>\n<meta property=\"og:image\" content=\"https:\/\/rerec.eu\/wp-content\/uploads\/2025\/01\/rerec-kabelschrott-preis.jpg\" \/>\n\t<meta property=\"og:image:width\" content=\"1920\" \/>\n\t<meta property=\"og:image:height\" content=\"1080\" \/>\n\t<meta property=\"og:image:type\" content=\"image\/jpeg\" \/>\n<meta name=\"twitter:card\" content=\"summary_large_image\" \/>\n<meta name=\"twitter:label1\" content=\"Dur\u00e9e de lecture estim\u00e9e\" \/>\n\t<meta name=\"twitter:data1\" content=\"48 minutes\" \/>\n<script type=\"application\/ld+json\" class=\"yoast-schema-graph\">{\"@context\":\"https:\/\/schema.org\",\"@graph\":[{\"@type\":\"WebPage\",\"@id\":\"https:\/\/rerec.eu\/fr\/purchase-portfolio\/cables\/\",\"url\":\"https:\/\/rerec.eu\/fr\/purchase-portfolio\/cables\/\",\"name\":\"Achat de c\u00e2bles - Meilleurs prix de ferraille pour les c\u00e2bles en cuivre et les d\u00e9chets de c\u00e2bles !\",\"isPartOf\":{\"@id\":\"https:\/\/rerec.eu\/fr\/#website\"},\"primaryImageOfPage\":{\"@id\":\"https:\/\/rerec.eu\/fr\/purchase-portfolio\/cables\/#primaryimage\"},\"image\":{\"@id\":\"https:\/\/rerec.eu\/fr\/purchase-portfolio\/cables\/#primaryimage\"},\"thumbnailUrl\":\"https:\/\/rerec.eu\/wp-content\/uploads\/2025\/01\/rerec-kabelschrott-preis.jpg\",\"datePublished\":\"2025-01-09T07:35:33+00:00\",\"dateModified\":\"2026-04-28T22:54:43+00:00\",\"description\":\"Vendez maintenant vos c\u00e2bles - Nous offrons le meilleur achat de c\u00e2bles en cuivre \u00e0 des prix \u00e9quitables pour les d\u00e9chets de c\u00e2bles. Demandez maintenant le prix de la ferraille pour les c\u00e2bles !\",\"breadcrumb\":{\"@id\":\"https:\/\/rerec.eu\/fr\/purchase-portfolio\/cables\/#breadcrumb\"},\"inLanguage\":\"fr-FR\",\"potentialAction\":[{\"@type\":\"ReadAction\",\"target\":[\"https:\/\/rerec.eu\/fr\/purchase-portfolio\/cables\/\"]}]},{\"@type\":\"ImageObject\",\"inLanguage\":\"fr-FR\",\"@id\":\"https:\/\/rerec.eu\/fr\/purchase-portfolio\/cables\/#primaryimage\",\"url\":\"https:\/\/rerec.eu\/wp-content\/uploads\/2025\/01\/rerec-kabelschrott-preis.jpg\",\"contentUrl\":\"https:\/\/rerec.eu\/wp-content\/uploads\/2025\/01\/rerec-kabelschrott-preis.jpg\",\"width\":1920,\"height\":1080,\"caption\":\"ReRec Kabelschrott Preis\"},{\"@type\":\"BreadcrumbList\",\"@id\":\"https:\/\/rerec.eu\/fr\/purchase-portfolio\/cables\/#breadcrumb\",\"itemListElement\":[{\"@type\":\"ListItem\",\"position\":1,\"name\":\"Home\",\"item\":\"https:\/\/rerec.eu\/fr\/\"},{\"@type\":\"ListItem\",\"position\":2,\"name\":\"Portfolio\",\"item\":\"https:\/\/rerec.eu\/fr\/portfolio-items\/\"},{\"@type\":\"ListItem\",\"position\":3,\"name\":\"C\u00e2ble\"}]},{\"@type\":\"WebSite\",\"@id\":\"https:\/\/rerec.eu\/fr\/#website\",\"url\":\"https:\/\/rerec.eu\/fr\/\",\"name\":\"ReRec GmbH\",\"description\":\"Wir kaufen Elektronikschrott, Sonderlegierungen und Edelmetalle aller Art.\",\"publisher\":{\"@id\":\"https:\/\/rerec.eu\/fr\/#organization\"},\"alternateName\":\"ReRec Recycling\",\"potentialAction\":[{\"@type\":\"SearchAction\",\"target\":{\"@type\":\"EntryPoint\",\"urlTemplate\":\"https:\/\/rerec.eu\/fr\/?s={search_term_string}\"},\"query-input\":{\"@type\":\"PropertyValueSpecification\",\"valueRequired\":true,\"valueName\":\"search_term_string\"}}],\"inLanguage\":\"fr-FR\"},{\"@type\":\"Organization\",\"@id\":\"https:\/\/rerec.eu\/fr\/#organization\",\"name\":\"ReRec GmbH\",\"alternateName\":\"ReRec Recycling\",\"url\":\"https:\/\/rerec.eu\/fr\/\",\"logo\":{\"@type\":\"ImageObject\",\"inLanguage\":\"fr-FR\",\"@id\":\"https:\/\/rerec.eu\/fr\/#\/schema\/logo\/image\/\",\"url\":\"https:\/\/rerec.eu\/wp-content\/uploads\/2024\/12\/rerec-gmbh-recycling.svg\",\"contentUrl\":\"https:\/\/rerec.eu\/wp-content\/uploads\/2024\/12\/rerec-gmbh-recycling.svg\",\"width\":165,\"height\":50,\"caption\":\"ReRec GmbH\"},\"image\":{\"@id\":\"https:\/\/rerec.eu\/fr\/#\/schema\/logo\/image\/\"},\"sameAs\":[\"https:\/\/www.facebook.com\/profile.php?id=100063562990196#\"]}]}<\/script>\n<!-- \/ Yoast SEO plugin. -->","yoast_head_json":{"title":"Achat de c\u00e2bles - Meilleurs prix de ferraille pour les c\u00e2bles en cuivre et les d\u00e9chets de c\u00e2bles !","description":"Vendez maintenant vos c\u00e2bles - Nous offrons le meilleur achat de c\u00e2bles en cuivre \u00e0 des prix \u00e9quitables pour les d\u00e9chets de c\u00e2bles. Demandez maintenant le prix de la ferraille pour les c\u00e2bles !","robots":{"index":"index","follow":"follow","max-snippet":"max-snippet:-1","max-image-preview":"max-image-preview:large","max-video-preview":"max-video-preview:-1"},"canonical":"https:\/\/rerec.eu\/fr\/purchase-portfolio\/cables\/","og_locale":"fr_FR","og_type":"article","og_title":"Achat de c\u00e2bles - Meilleurs prix de ferraille pour les c\u00e2bles en cuivre et les d\u00e9chets de c\u00e2bles !","og_description":"Vendez maintenant vos c\u00e2bles - Nous offrons le meilleur achat de c\u00e2bles en cuivre \u00e0 des prix \u00e9quitables pour les d\u00e9chets de c\u00e2bles. Demandez maintenant le prix de la ferraille pour les c\u00e2bles !","og_url":"https:\/\/rerec.eu\/fr\/purchase-portfolio\/cables\/","og_site_name":"ReRec GmbH","article_publisher":"https:\/\/www.facebook.com\/profile.php?id=100063562990196#","article_modified_time":"2026-04-28T22:54:43+00:00","og_image":[{"width":1920,"height":1080,"url":"https:\/\/rerec.eu\/wp-content\/uploads\/2025\/01\/rerec-kabelschrott-preis.jpg","type":"image\/jpeg"}],"twitter_card":"summary_large_image","twitter_misc":{"Dur\u00e9e de lecture estim\u00e9e":"48 minutes"},"schema":{"@context":"https:\/\/schema.org","@graph":[{"@type":"WebPage","@id":"https:\/\/rerec.eu\/fr\/purchase-portfolio\/cables\/","url":"https:\/\/rerec.eu\/fr\/purchase-portfolio\/cables\/","name":"Achat de c\u00e2bles - Meilleurs prix de ferraille pour les c\u00e2bles en cuivre et les d\u00e9chets de c\u00e2bles !","isPartOf":{"@id":"https:\/\/rerec.eu\/fr\/#website"},"primaryImageOfPage":{"@id":"https:\/\/rerec.eu\/fr\/purchase-portfolio\/cables\/#primaryimage"},"image":{"@id":"https:\/\/rerec.eu\/fr\/purchase-portfolio\/cables\/#primaryimage"},"thumbnailUrl":"https:\/\/rerec.eu\/wp-content\/uploads\/2025\/01\/rerec-kabelschrott-preis.jpg","datePublished":"2025-01-09T07:35:33+00:00","dateModified":"2026-04-28T22:54:43+00:00","description":"Vendez maintenant vos c\u00e2bles - Nous offrons le meilleur achat de c\u00e2bles en cuivre \u00e0 des prix \u00e9quitables pour les d\u00e9chets de c\u00e2bles. Demandez maintenant le prix de la ferraille pour les c\u00e2bles !","breadcrumb":{"@id":"https:\/\/rerec.eu\/fr\/purchase-portfolio\/cables\/#breadcrumb"},"inLanguage":"fr-FR","potentialAction":[{"@type":"ReadAction","target":["https:\/\/rerec.eu\/fr\/purchase-portfolio\/cables\/"]}]},{"@type":"ImageObject","inLanguage":"fr-FR","@id":"https:\/\/rerec.eu\/fr\/purchase-portfolio\/cables\/#primaryimage","url":"https:\/\/rerec.eu\/wp-content\/uploads\/2025\/01\/rerec-kabelschrott-preis.jpg","contentUrl":"https:\/\/rerec.eu\/wp-content\/uploads\/2025\/01\/rerec-kabelschrott-preis.jpg","width":1920,"height":1080,"caption":"ReRec Kabelschrott Preis"},{"@type":"BreadcrumbList","@id":"https:\/\/rerec.eu\/fr\/purchase-portfolio\/cables\/#breadcrumb","itemListElement":[{"@type":"ListItem","position":1,"name":"Home","item":"https:\/\/rerec.eu\/fr\/"},{"@type":"ListItem","position":2,"name":"Portfolio","item":"https:\/\/rerec.eu\/fr\/portfolio-items\/"},{"@type":"ListItem","position":3,"name":"C\u00e2ble"}]},{"@type":"WebSite","@id":"https:\/\/rerec.eu\/fr\/#website","url":"https:\/\/rerec.eu\/fr\/","name":"ReRec GmbH","description":"Wir kaufen Elektronikschrott, Sonderlegierungen und Edelmetalle aller Art.","publisher":{"@id":"https:\/\/rerec.eu\/fr\/#organization"},"alternateName":"ReRec Recycling","potentialAction":[{"@type":"SearchAction","target":{"@type":"EntryPoint","urlTemplate":"https:\/\/rerec.eu\/fr\/?s={search_term_string}"},"query-input":{"@type":"PropertyValueSpecification","valueRequired":true,"valueName":"search_term_string"}}],"inLanguage":"fr-FR"},{"@type":"Organization","@id":"https:\/\/rerec.eu\/fr\/#organization","name":"ReRec GmbH","alternateName":"ReRec Recycling","url":"https:\/\/rerec.eu\/fr\/","logo":{"@type":"ImageObject","inLanguage":"fr-FR","@id":"https:\/\/rerec.eu\/fr\/#\/schema\/logo\/image\/","url":"https:\/\/rerec.eu\/wp-content\/uploads\/2024\/12\/rerec-gmbh-recycling.svg","contentUrl":"https:\/\/rerec.eu\/wp-content\/uploads\/2024\/12\/rerec-gmbh-recycling.svg","width":165,"height":50,"caption":"ReRec GmbH"},"image":{"@id":"https:\/\/rerec.eu\/fr\/#\/schema\/logo\/image\/"},"sameAs":["https:\/\/www.facebook.com\/profile.php?id=100063562990196#"]}]}},"_links":{"self":[{"href":"https:\/\/rerec.eu\/fr\/wp-json\/wp\/v2\/avada_portfolio\/4918","targetHints":{"allow":["GET"]}}],"collection":[{"href":"https:\/\/rerec.eu\/fr\/wp-json\/wp\/v2\/avada_portfolio"}],"about":[{"href":"https:\/\/rerec.eu\/fr\/wp-json\/wp\/v2\/types\/avada_portfolio"}],"author":[{"embeddable":true,"href":"https:\/\/rerec.eu\/fr\/wp-json\/wp\/v2\/users\/1"}],"replies":[{"embeddable":true,"href":"https:\/\/rerec.eu\/fr\/wp-json\/wp\/v2\/comments?post=4918"}],"version-history":[{"count":8,"href":"https:\/\/rerec.eu\/fr\/wp-json\/wp\/v2\/avada_portfolio\/4918\/revisions"}],"predecessor-version":[{"id":14209,"href":"https:\/\/rerec.eu\/fr\/wp-json\/wp\/v2\/avada_portfolio\/4918\/revisions\/14209"}],"wp:featuredmedia":[{"embeddable":true,"href":"https:\/\/rerec.eu\/fr\/wp-json\/wp\/v2\/media\/5969"}],"wp:attachment":[{"href":"https:\/\/rerec.eu\/fr\/wp-json\/wp\/v2\/media?parent=4918"}],"wp:term":[{"taxonomy":"portfolio_category","embeddable":true,"href":"https:\/\/rerec.eu\/fr\/wp-json\/wp\/v2\/portfolio_category?post=4918"},{"taxonomy":"portfolio_skills","embeddable":true,"href":"https:\/\/rerec.eu\/fr\/wp-json\/wp\/v2\/portfolio_skills?post=4918"},{"taxonomy":"portfolio_tags","embeddable":true,"href":"https:\/\/rerec.eu\/fr\/wp-json\/wp\/v2\/portfolio_tags?post=4918"}],"curies":[{"name":"wp","href":"https:\/\/api.w.org\/{rel}","templated":true}]}}