{"id":9630,"date":"2024-12-25T22:59:09","date_gmt":"2024-12-25T21:59:09","guid":{"rendered":"https:\/\/rerec.eu\/?post_type=avada_portfolio&#038;p=9630"},"modified":"2026-04-29T09:29:41","modified_gmt":"2026-04-29T08:29:41","slug":"memoire-vive-ram-et-slots","status":"publish","type":"avada_portfolio","link":"https:\/\/rerec.eu\/fr\/purchase-portfolio\/ram-and-slots\/","title":{"rendered":"M\u00e9moire vive RAM et slots"},"content":{"rendered":"<p><div class=\"fusion-fullwidth fullwidth-box fusion-builder-row-1 fusion-flex-container has-pattern-background has-mask-background nonhundred-percent-fullwidth non-hundred-percent-height-scrolling editorial no-text\" style=\"--awb-border-radius-top-left:0px;--awb-border-radius-top-right:0px;--awb-border-radius-bottom-right:0px;--awb-border-radius-bottom-left:0px;--awb-padding-bottom:0px;--awb-background-color:var(--awb-color4);--awb-flex-wrap:wrap;\" ><div class=\"fusion-builder-row fusion-row fusion-flex-align-items-flex-start fusion-flex-content-wrap\" style=\"max-width:1591.2px;margin-left: calc(-4% \/ 2 );margin-right: calc(-4% \/ 2 );\"><div class=\"fusion-layout-column fusion_builder_column fusion-builder-column-0 fusion_builder_column_1_1 1_1 fusion-flex-column fusion-animated\" style=\"--awb-bg-size:cover;--awb-width-large:100%;--awb-margin-top-large:0px;--awb-spacing-right-large:1.92%;--awb-margin-bottom-large:20px;--awb-spacing-left-large:1.92%;--awb-width-medium:100%;--awb-order-medium:0;--awb-spacing-right-medium:1.92%;--awb-spacing-left-medium:1.92%;--awb-width-small:100%;--awb-order-small:0;--awb-spacing-right-small:1.92%;--awb-spacing-left-small:1.92%;\" data-animationType=\"fadeInUp\" data-animationDuration=\"0.5\" data-animationOffset=\"top-into-view\" data-scroll-devices=\"small-visibility,medium-visibility,large-visibility\"><div class=\"fusion-column-wrapper fusion-column-has-shadow fusion-flex-justify-content-flex-start fusion-content-layout-column\"><div class=\"fusion-title title fusion-title-1 fusion-sep-none fusion-title-center fusion-title-text fusion-title-size-div mini-head\" style=\"--awb-text-color:var(--awb-color5);--awb-margin-bottom:0px;\"><div class=\"fusion-title-heading title-heading-center title-heading-tag\" style=\"margin:0;text-transform:uppercase;\"><strong>D\u00e9chets \u00e9lectroniques<\/strong><\/div><\/div><div class=\"fusion-title title fusion-title-2 fusion-sep-none fusion-title-center fusion-title-text fusion-title-size-three\"><h3 class=\"fusion-title-heading title-heading-center\" style=\"margin:0;\">Achat de m\u00e9moire vive<\/h3><\/div><\/div><\/div><\/div><\/div><div class=\"fusion-fullwidth fullwidth-box fusion-builder-row-2 fusion-flex-container has-pattern-background has-mask-background nonhundred-percent-fullwidth non-hundred-percent-height-scrolling small-width\" style=\"--awb-border-radius-top-left:0px;--awb-border-radius-top-right:0px;--awb-border-radius-bottom-right:0px;--awb-border-radius-bottom-left:0px;--awb-padding-top:0px;--awb-background-color:var(--awb-color4);--awb-flex-wrap:wrap;\" ><div class=\"fusion-builder-row fusion-row fusion-flex-align-items-flex-start fusion-flex-content-wrap\" style=\"max-width:1591.2px;margin-left: calc(-4% \/ 2 );margin-right: calc(-4% \/ 2 );\"><div class=\"fusion-layout-column fusion_builder_column fusion-builder-column-1 fusion_builder_column_1_1 1_1 fusion-flex-column fusion-animated\" style=\"--awb-bg-size:cover;--awb-width-large:100%;--awb-margin-top-large:0px;--awb-spacing-right-large:1.92%;--awb-margin-bottom-large:20px;--awb-spacing-left-large:1.92%;--awb-width-medium:100%;--awb-order-medium:0;--awb-spacing-right-medium:1.92%;--awb-spacing-left-medium:1.92%;--awb-width-small:100%;--awb-order-small:0;--awb-spacing-right-small:1.92%;--awb-spacing-left-small:1.92%;\" data-animationType=\"fadeInUp\" data-animationDuration=\"0.5\" data-animationOffset=\"top-into-view\" data-scroll-devices=\"small-visibility,medium-visibility,large-visibility\"><div class=\"fusion-column-wrapper fusion-column-has-shadow fusion-flex-justify-content-flex-start fusion-content-layout-column\"><div class=\"fusion-text fusion-text-1\"><p>Nous vous offrons la possibilit\u00e9 de vendre votre m\u00e9moire vive utilis\u00e9e ou inutilis\u00e9e &#8211; qu&rsquo;il s&rsquo;agisse de modules RAM provenant d&rsquo;ordinateurs, de laptops ou de serveurs. Notre service d&rsquo;achat de m\u00e9moire vive comprend des modules de tous les fabricants, ind\u00e9pendamment de la capacit\u00e9 de stockage. Nous prenons vos m\u00e9moires vives et slots et assurons leur r\u00e9utilisation professionnelle. <strong>Nous achetons ces modules de m\u00e9moire :<\/strong><\/p>\n<\/div><ul style=\"--awb-iconcolor:var(--awb-color5);--awb-line-height:27.2px;--awb-icon-width:27.2px;--awb-icon-height:27.2px;--awb-icon-margin:11.2px;--awb-content-margin:38.4px;\" class=\"fusion-checklist fusion-checklist-1 fusion-checklist-default type-icons\"><li class=\"fusion-li-item\" style=\"\"><span class=\"icon-wrapper circle-no\"><i class=\"fusion-li-icon fa-check fas\" aria-hidden=\"true\"><\/i><\/span><div class=\"fusion-li-item-content\">\n<p>M\u00e9moire vive \u00e0 bord dor\u00e9<\/p>\n<\/div><\/li><li class=\"fusion-li-item\" style=\"\"><span class=\"icon-wrapper circle-no\"><i class=\"fusion-li-icon fa-check fas\" aria-hidden=\"true\"><\/i><\/span><div class=\"fusion-li-item-content\">\n<p>M\u00e9moire vive \u00e0 bord dor\u00e9 avec aluminium<\/p>\n<\/div><\/li><li class=\"fusion-li-item\" style=\"\"><span class=\"icon-wrapper circle-no\"><i class=\"fusion-li-icon fa-check fas\" aria-hidden=\"true\"><\/i><\/span><div class=\"fusion-li-item-content\">\n<p>M\u00e9moire vive \u00e0 bord argent\u00e9<\/p>\n<\/div><\/li><li class=\"fusion-li-item\" style=\"\"><span class=\"icon-wrapper circle-no\"><i class=\"fusion-li-icon fa-check fas\" aria-hidden=\"true\"><\/i><\/span><div class=\"fusion-li-item-content\">\n<p>Processeurs de slot<\/p>\n<\/div><\/li><\/ul><\/div><\/div><\/div><\/div><div class=\"fusion-fullwidth fullwidth-box fusion-builder-row-3 fusion-flex-container has-pattern-background has-mask-background nonhundred-percent-fullwidth non-hundred-percent-height-scrolling medium-width reverse\" style=\"--awb-border-radius-top-left:0px;--awb-border-radius-top-right:0px;--awb-border-radius-bottom-right:0px;--awb-border-radius-bottom-left:0px;--awb-flex-wrap:wrap;\" ><div class=\"fusion-builder-row fusion-row fusion-flex-align-items-center fusion-flex-content-wrap\" style=\"max-width:1591.2px;margin-left: calc(-4% \/ 2 );margin-right: calc(-4% \/ 2 );\"><div class=\"fusion-layout-column fusion_builder_column fusion-builder-column-2 fusion_builder_column_1_2 1_2 fusion-flex-column fusion-animated\" style=\"--awb-bg-size:cover;--awb-width-large:50%;--awb-margin-top-large:0px;--awb-spacing-right-large:3.84%;--awb-margin-bottom-large:0px;--awb-spacing-left-large:3.84%;--awb-width-medium:50%;--awb-order-medium:0;--awb-spacing-right-medium:3.84%;--awb-spacing-left-medium:3.84%;--awb-width-small:100%;--awb-order-small:0;--awb-spacing-right-small:1.92%;--awb-spacing-left-small:1.92%;\" data-animationType=\"fadeInLeft\" data-animationDuration=\"0.5\" data-animationOffset=\"top-into-view\" data-scroll-devices=\"small-visibility,medium-visibility,large-visibility\"><div class=\"fusion-column-wrapper fusion-column-has-shadow fusion-flex-justify-content-flex-start fusion-content-layout-column\"><div class=\"fusion-title title fusion-title-3 fusion-sep-none fusion-title-text fusion-title-size-div mini-head\" style=\"--awb-text-color:var(--awb-color5);--awb-margin-bottom:0px;\"><div class=\"fusion-title-heading title-heading-left title-heading-tag\" style=\"margin:0;text-transform:uppercase;\"><strong>Achat de RAM<\/strong><\/div><\/div><div class=\"fusion-title title fusion-title-4 fusion-sep-none fusion-title-text fusion-title-size-four\"><h4 class=\"fusion-title-heading title-heading-left\" style=\"margin:0;\">Vendez maintenant votre RAM et soyez r\u00e9mun\u00e9r\u00e9 \u00e9quitablement<\/h4><\/div><div class=\"fusion-text fusion-text-2\"><p>Vous souhaitez vendre votre ancienne m\u00e9moire vive ou utiliser un processus de vente de RAM transparent ? Alors contactez-nous via nos options de contact et b\u00e9n\u00e9ficiez d&rsquo;une gestion simple. Pour un traitement rapide, nous recommandons du mat\u00e9riel pr\u00e9-tri\u00e9.<\/p>\n<\/div><div ><a class=\"fusion-button button-flat fusion-button-default-size button-default fusion-button-default button-1 fusion-button-default-span fusion-button-default-type\" target=\"_self\" href=\"#contact\"><span class=\"fusion-button-text awb-button__text awb-button__text--default\">Demandez maintenant<\/span><\/a><\/div><\/div><\/div><div class=\"fusion-layout-column fusion_builder_column fusion-builder-column-3 fusion_builder_column_1_2 1_2 fusion-flex-column fusion-animated\" style=\"--awb-bg-size:cover;--awb-width-large:50%;--awb-margin-top-large:0px;--awb-spacing-right-large:3.84%;--awb-margin-bottom-large:20px;--awb-spacing-left-large:3.84%;--awb-width-medium:50%;--awb-order-medium:0;--awb-spacing-right-medium:3.84%;--awb-spacing-left-medium:3.84%;--awb-width-small:100%;--awb-order-small:0;--awb-spacing-right-small:1.92%;--awb-spacing-left-small:1.92%;\" data-animationType=\"fadeInRight\" data-animationDuration=\"0.5\" data-animationOffset=\"top-into-view\" data-scroll-devices=\"small-visibility,medium-visibility,large-visibility\"><div class=\"fusion-column-wrapper fusion-column-has-shadow fusion-flex-justify-content-flex-start fusion-content-layout-column\"><div class=\"fusion-image-element \" style=\"--awb-caption-title-font-family:var(--h2_typography-font-family);--awb-caption-title-font-weight:var(--h2_typography-font-weight);--awb-caption-title-font-style:var(--h2_typography-font-style);--awb-caption-title-size:var(--h2_typography-font-size);--awb-caption-title-transform:var(--h2_typography-text-transform);--awb-caption-title-line-height:var(--h2_typography-line-height);--awb-caption-title-letter-spacing:var(--h2_typography-letter-spacing);\"><span class=\" fusion-imageframe imageframe-none imageframe-1 hover-type-none\"><img decoding=\"async\" width=\"1280\" height=\"850\" alt=\"ReRec Arbeitsspeicher silberkante RAM Ankauf Preise\" title=\"ReRec Arbeitsspeicher silberkante RAM Ankauf Preise\" src=\"https:\/\/rerec.eu\/wp-content\/uploads\/2024\/12\/rerec-arbeitsspeicher-silberkante-ram-ankauf-preise.jpg\" class=\"img-responsive wp-image-9635\" srcset=\"https:\/\/rerec.eu\/wp-content\/uploads\/2024\/12\/rerec-arbeitsspeicher-silberkante-ram-ankauf-preise-300x199.jpg 300w, https:\/\/rerec.eu\/wp-content\/uploads\/2024\/12\/rerec-arbeitsspeicher-silberkante-ram-ankauf-preise-768x510.jpg 768w, https:\/\/rerec.eu\/wp-content\/uploads\/2024\/12\/rerec-arbeitsspeicher-silberkante-ram-ankauf-preise-1024x680.jpg 1024w, https:\/\/rerec.eu\/wp-content\/uploads\/2024\/12\/rerec-arbeitsspeicher-silberkante-ram-ankauf-preise.jpg 1280w\" sizes=\"(max-width: 1280px) 100vw, 1280px\" \/><\/span><\/div><\/div><\/div><\/div><\/div><div class=\"fusion-fullwidth fullwidth-box fusion-builder-row-4 fusion-flex-container has-pattern-background has-mask-background nonhundred-percent-fullwidth non-hundred-percent-height-scrolling editorial no-text\" style=\"--awb-border-radius-top-left:0px;--awb-border-radius-top-right:0px;--awb-border-radius-bottom-right:0px;--awb-border-radius-bottom-left:0px;--awb-padding-bottom:0px;--awb-background-color:var(--awb-color4);--awb-flex-wrap:wrap;\" ><div class=\"fusion-builder-row fusion-row fusion-flex-align-items-flex-start fusion-flex-content-wrap\" style=\"max-width:1591.2px;margin-left: calc(-4% \/ 2 );margin-right: calc(-4% \/ 2 );\"><div class=\"fusion-layout-column fusion_builder_column fusion-builder-column-4 fusion_builder_column_1_1 1_1 fusion-flex-column fusion-animated\" style=\"--awb-bg-size:cover;--awb-width-large:100%;--awb-margin-top-large:0px;--awb-spacing-right-large:1.92%;--awb-margin-bottom-large:20px;--awb-spacing-left-large:1.92%;--awb-width-medium:100%;--awb-order-medium:0;--awb-spacing-right-medium:1.92%;--awb-spacing-left-medium:1.92%;--awb-width-small:100%;--awb-order-small:0;--awb-spacing-right-small:1.92%;--awb-spacing-left-small:1.92%;\" data-animationType=\"fadeInUp\" data-animationDuration=\"0.5\" data-animationOffset=\"top-into-view\" data-scroll-devices=\"small-visibility,medium-visibility,large-visibility\"><div class=\"fusion-column-wrapper fusion-column-has-shadow fusion-flex-justify-content-flex-start fusion-content-layout-column\"><div class=\"fusion-title title fusion-title-5 fusion-sep-none fusion-title-center fusion-title-text fusion-title-size-div mini-head\" style=\"--awb-text-color:var(--awb-color5);--awb-margin-bottom:0px;\"><div class=\"fusion-title-heading title-heading-center title-heading-tag\" style=\"margin:0;text-transform:uppercase;\"><strong>Galerie<\/strong><\/div><\/div><div class=\"fusion-title title fusion-title-6 fusion-sep-none fusion-title-center fusion-title-text fusion-title-size-three\"><h3 class=\"fusion-title-heading title-heading-center\" style=\"margin:0;\">Toutes les m\u00e9moires vives en un coup d&rsquo;\u0153il<\/h3><\/div><\/div><\/div><\/div><\/div><div class=\"fusion-fullwidth fullwidth-box fusion-builder-row-5 fusion-flex-container has-pattern-background has-mask-background nonhundred-percent-fullwidth non-hundred-percent-height-scrolling product-cards\" style=\"--awb-border-radius-top-left:0px;--awb-border-radius-top-right:0px;--awb-border-radius-bottom-right:0px;--awb-border-radius-bottom-left:0px;--awb-padding-top:0px;--awb-background-color:var(--awb-color4);--awb-flex-wrap:wrap;\" ><div class=\"fusion-builder-row fusion-row fusion-flex-align-items-stretch fusion-flex-content-wrap\" style=\"max-width:calc( 1530px + 20px );margin-left: calc(-20px \/ 2 );margin-right: calc(-20px \/ 2 );\"><div class=\"fusion-layout-column fusion_builder_column fusion-builder-column-5 fusion_builder_column_1_4 1_4 fusion-flex-column fusion-animated\" style=\"--awb-bg-color:var(--awb-color1);--awb-bg-color-hover:var(--awb-color1);--awb-bg-size:cover;--awb-width-large:25%;--awb-margin-top-large:0px;--awb-spacing-right-large:10px;--awb-margin-bottom-large:20px;--awb-spacing-left-large:10px;--awb-width-medium:25%;--awb-order-medium:0;--awb-spacing-right-medium:10px;--awb-spacing-left-medium:10px;--awb-width-small:100%;--awb-order-small:0;--awb-spacing-right-small:10px;--awb-spacing-left-small:10px;\" data-animationType=\"fadeInUp\" data-animationDuration=\"0.5\" data-animationOffset=\"top-into-view\" data-scroll-devices=\"small-visibility,medium-visibility,large-visibility\"><div class=\"fusion-column-wrapper fusion-column-has-shadow fusion-flex-justify-content-flex-start fusion-content-layout-column\"><div class=\"fusion-image-element \" style=\"--awb-caption-title-font-family:var(--h2_typography-font-family);--awb-caption-title-font-weight:var(--h2_typography-font-weight);--awb-caption-title-font-style:var(--h2_typography-font-style);--awb-caption-title-size:var(--h2_typography-font-size);--awb-caption-title-transform:var(--h2_typography-text-transform);--awb-caption-title-line-height:var(--h2_typography-line-height);--awb-caption-title-letter-spacing:var(--h2_typography-letter-spacing);\"><span class=\" fusion-imageframe imageframe-none imageframe-2 hover-type-none\"><a href=\"https:\/\/rerec.eu\/wp-content\/uploads\/2024\/12\/rerec-arbeitsspeicher-goldkante-alte-ram-speicher-verkaufen.jpg\" class=\"fusion-lightbox\" data-rel=\"iLightbox[5965ec7f7295acdd89c]\" data-title=\"ReRec Arbeitsspeicher Goldkante alte RAM Speicher verkaufen\" title=\"ReRec Arbeitsspeicher Goldkante alte RAM Speicher verkaufen\"><img decoding=\"async\" width=\"1280\" height=\"850\" alt=\"ReRec Arbeitsspeicher Goldkante alte RAM Speicher verkaufen\" src=\"https:\/\/rerec.eu\/wp-content\/uploads\/2024\/12\/rerec-arbeitsspeicher-goldkante-alte-ram-speicher-verkaufen.jpg\" class=\"img-responsive wp-image-9632\" srcset=\"https:\/\/rerec.eu\/wp-content\/uploads\/2024\/12\/rerec-arbeitsspeicher-goldkante-alte-ram-speicher-verkaufen-300x199.jpg 300w, https:\/\/rerec.eu\/wp-content\/uploads\/2024\/12\/rerec-arbeitsspeicher-goldkante-alte-ram-speicher-verkaufen-768x510.jpg 768w, https:\/\/rerec.eu\/wp-content\/uploads\/2024\/12\/rerec-arbeitsspeicher-goldkante-alte-ram-speicher-verkaufen-1024x680.jpg 1024w, https:\/\/rerec.eu\/wp-content\/uploads\/2024\/12\/rerec-arbeitsspeicher-goldkante-alte-ram-speicher-verkaufen.jpg 1280w\" sizes=\"(max-width: 1280px) 100vw, 1280px\" \/><\/a><\/span><\/div><div class=\"fusion-title title fusion-title-7 fusion-sep-none fusion-title-text fusion-title-size-five\" style=\"--awb-margin-right:25px;--awb-margin-left:25px;--awb-margin-right-small:25px;--awb-margin-left-small:25px;--awb-margin-right-medium:25px;--awb-margin-left-medium:25px;\"><h5 class=\"fusion-title-heading title-heading-left\" style=\"margin:0;\">RAM avec bordure dor\u00e9e<\/h5><\/div><div class=\"fusion-text fusion-text-3\" style=\"--awb-margin-right:25px;--awb-margin-left:25px;\"><p>M\u00e9moire vive s\u00e9par\u00e9e avec bordure dor\u00e9e, sans adh\u00e9rences d&rsquo;aluminium ou autres.<\/p>\n<\/div><\/div><\/div><div class=\"fusion-layout-column fusion_builder_column fusion-builder-column-6 fusion_builder_column_1_4 1_4 fusion-flex-column fusion-animated\" style=\"--awb-bg-color:var(--awb-color1);--awb-bg-color-hover:var(--awb-color1);--awb-bg-size:cover;--awb-width-large:25%;--awb-margin-top-large:0px;--awb-spacing-right-large:10px;--awb-margin-bottom-large:20px;--awb-spacing-left-large:10px;--awb-width-medium:25%;--awb-order-medium:0;--awb-spacing-right-medium:10px;--awb-spacing-left-medium:10px;--awb-width-small:100%;--awb-order-small:0;--awb-spacing-right-small:10px;--awb-spacing-left-small:10px;\" data-animationType=\"fadeInUp\" data-animationDuration=\"0.5\" data-animationOffset=\"top-into-view\" data-scroll-devices=\"small-visibility,medium-visibility,large-visibility\"><div class=\"fusion-column-wrapper fusion-column-has-shadow fusion-flex-justify-content-flex-start fusion-content-layout-column\"><div class=\"fusion-image-element \" style=\"--awb-caption-title-font-family:var(--h2_typography-font-family);--awb-caption-title-font-weight:var(--h2_typography-font-weight);--awb-caption-title-font-style:var(--h2_typography-font-style);--awb-caption-title-size:var(--h2_typography-font-size);--awb-caption-title-transform:var(--h2_typography-text-transform);--awb-caption-title-line-height:var(--h2_typography-line-height);--awb-caption-title-letter-spacing:var(--h2_typography-letter-spacing);\"><span class=\" fusion-imageframe imageframe-none imageframe-3 hover-type-none\"><a href=\"https:\/\/rerec.eu\/wp-content\/uploads\/2024\/12\/rerec-arbeitsspeicher-ram-verkaufen.jpg\" class=\"fusion-lightbox\" data-rel=\"iLightbox[b80c86d03751aed9f5f]\" data-title=\"ReRec Arbeitsspeicher RAM verkaufen\" title=\"ReRec Arbeitsspeicher RAM verkaufen\"><img decoding=\"async\" width=\"1280\" height=\"850\" alt=\"ReRec Arbeitsspeicher RAM verkaufen\" src=\"https:\/\/rerec.eu\/wp-content\/uploads\/2024\/12\/rerec-arbeitsspeicher-ram-verkaufen.jpg\" class=\"img-responsive wp-image-9634\" srcset=\"https:\/\/rerec.eu\/wp-content\/uploads\/2024\/12\/rerec-arbeitsspeicher-ram-verkaufen-300x199.jpg 300w, https:\/\/rerec.eu\/wp-content\/uploads\/2024\/12\/rerec-arbeitsspeicher-ram-verkaufen-768x510.jpg 768w, https:\/\/rerec.eu\/wp-content\/uploads\/2024\/12\/rerec-arbeitsspeicher-ram-verkaufen-1024x680.jpg 1024w, https:\/\/rerec.eu\/wp-content\/uploads\/2024\/12\/rerec-arbeitsspeicher-ram-verkaufen.jpg 1280w\" sizes=\"(max-width: 1280px) 100vw, 1280px\" \/><\/a><\/span><\/div><div class=\"fusion-title title fusion-title-8 fusion-sep-none fusion-title-text fusion-title-size-five\" style=\"--awb-margin-right:25px;--awb-margin-left:25px;--awb-margin-right-small:25px;--awb-margin-left-small:25px;--awb-margin-right-medium:25px;--awb-margin-left-medium:25px;\"><h5 class=\"fusion-title-heading title-heading-left\" style=\"margin:0;\">RAM avec bordure dor\u00e9e et aluminium<\/h5><\/div><div class=\"fusion-text fusion-text-4\" style=\"--awb-margin-right:25px;--awb-margin-left:25px;\"><p>M\u00e9moire vive avec bordure dor\u00e9e et adh\u00e9rences d&rsquo;aluminium.<\/p>\n<\/div><\/div><\/div><div class=\"fusion-layout-column fusion_builder_column fusion-builder-column-7 fusion_builder_column_1_4 1_4 fusion-flex-column fusion-animated\" style=\"--awb-bg-color:var(--awb-color1);--awb-bg-color-hover:var(--awb-color1);--awb-bg-size:cover;--awb-width-large:25%;--awb-margin-top-large:0px;--awb-spacing-right-large:10px;--awb-margin-bottom-large:20px;--awb-spacing-left-large:10px;--awb-width-medium:25%;--awb-order-medium:0;--awb-spacing-right-medium:10px;--awb-spacing-left-medium:10px;--awb-width-small:100%;--awb-order-small:0;--awb-spacing-right-small:10px;--awb-spacing-left-small:10px;\" data-animationType=\"fadeInUp\" data-animationDuration=\"0.5\" data-animationOffset=\"top-into-view\" data-scroll-devices=\"small-visibility,medium-visibility,large-visibility\"><div class=\"fusion-column-wrapper fusion-column-has-shadow fusion-flex-justify-content-flex-start fusion-content-layout-column\"><div class=\"fusion-image-carousel fusion-image-carousel-auto fusion-image-carousel-1 lightbox-enabled\"><div class=\"awb-carousel awb-swiper awb-swiper-carousel awb-carousel--carousel awb-swiper-dots-position-bottom\" data-layout=\"carousel\" data-autoplay=\"no\" data-autoplayspeed=\"2500\" data-autoplaypause=\"no\" data-columns=\"1\" data-columnsmedium=\"1\" data-columnssmall=\"1\" data-itemmargin=\"0\" data-itemwidth=\"180\" data-touchscroll=\"no\" data-freemode=\"no\" data-imagesize=\"auto\" data-scrollitems=\"0\" data-centeredslides=\"no\" data-rotationangle=\"50\" data-depth=\"100\" data-speed=\"500\" data-shadow=\"no\" data-pagination=\"bullets\" style=\"--awb-columns:1;--awb-column-spacing:0px;\"><div class=\"swiper-wrapper awb-image-carousel-wrapper fusion-flex-align-items-center\"><div class=\"swiper-slide\"><div class=\"fusion-carousel-item-wrapper\"><div class=\"fusion-image-wrapper hover-type-none\"><a data-rel=\"iLightbox[image_carousel_1]\" data-title=\"ReRec Arbeitsspeicher silberkante RAM Ankauf Preise\" aria-label=\"ReRec Arbeitsspeicher silberkante RAM Ankauf Preise\" href=\"https:\/\/rerec.eu\/wp-content\/uploads\/2024\/12\/rerec-arbeitsspeicher-silberkante-ram-ankauf-preise.jpg\" target=\"_self\"><img decoding=\"async\" width=\"1280\" height=\"850\" src=\"https:\/\/rerec.eu\/wp-content\/uploads\/2024\/12\/rerec-arbeitsspeicher-silberkante-ram-ankauf-preise.jpg\" class=\"attachment-full size-full\" alt=\"ReRec Arbeitsspeicher silberkante RAM Ankauf Preise\" srcset=\"https:\/\/rerec.eu\/wp-content\/uploads\/2024\/12\/rerec-arbeitsspeicher-silberkante-ram-ankauf-preise-300x199.jpg 300w, https:\/\/rerec.eu\/wp-content\/uploads\/2024\/12\/rerec-arbeitsspeicher-silberkante-ram-ankauf-preise-768x510.jpg 768w, https:\/\/rerec.eu\/wp-content\/uploads\/2024\/12\/rerec-arbeitsspeicher-silberkante-ram-ankauf-preise-1024x680.jpg 1024w, https:\/\/rerec.eu\/wp-content\/uploads\/2024\/12\/rerec-arbeitsspeicher-silberkante-ram-ankauf-preise.jpg 1280w\" sizes=\"(max-width: 1280px) 100vw, 1280px\" \/><\/a><\/div><\/div><\/div><div class=\"swiper-slide\"><div class=\"fusion-carousel-item-wrapper\"><div class=\"fusion-image-wrapper hover-type-none\"><a data-rel=\"iLightbox[image_carousel_1]\" data-title=\"ReRec Arbeitsspeicher verkaufen\" aria-label=\"ReRec Arbeitsspeicher verkaufen\" href=\"https:\/\/rerec.eu\/wp-content\/uploads\/2024\/12\/rerec-arbeitsspeicher-verkaufen.jpg\" target=\"_self\"><img decoding=\"async\" width=\"1280\" height=\"850\" src=\"https:\/\/rerec.eu\/wp-content\/uploads\/2024\/12\/rerec-arbeitsspeicher-verkaufen.jpg\" class=\"attachment-full size-full\" alt=\"ReRec Arbeitsspeicher verkaufen\" srcset=\"https:\/\/rerec.eu\/wp-content\/uploads\/2024\/12\/rerec-arbeitsspeicher-verkaufen-300x199.jpg 300w, https:\/\/rerec.eu\/wp-content\/uploads\/2024\/12\/rerec-arbeitsspeicher-verkaufen-768x510.jpg 768w, https:\/\/rerec.eu\/wp-content\/uploads\/2024\/12\/rerec-arbeitsspeicher-verkaufen-1024x680.jpg 1024w, https:\/\/rerec.eu\/wp-content\/uploads\/2024\/12\/rerec-arbeitsspeicher-verkaufen.jpg 1280w\" sizes=\"(max-width: 1280px) 100vw, 1280px\" \/><\/a><\/div><\/div><\/div><\/div><div class=\"awb-swiper-button awb-swiper-button-prev\"><i class=\"awb-icon-angle-left\" aria-hidden=\"true\"><\/i><\/div><div class=\"awb-swiper-button awb-swiper-button-next\"><i class=\"awb-icon-angle-right\" aria-hidden=\"true\"><\/i><\/div><\/div><\/div><div class=\"fusion-title title fusion-title-9 fusion-sep-none fusion-title-text fusion-title-size-five\" style=\"--awb-margin-right:25px;--awb-margin-left:25px;--awb-margin-right-small:25px;--awb-margin-left-small:25px;--awb-margin-right-medium:25px;--awb-margin-left-medium:25px;\"><h5 class=\"fusion-title-heading title-heading-left\" style=\"margin:0;\">RAM avec bordure argent\u00e9e<\/h5><\/div><div class=\"fusion-text fusion-text-5\" style=\"--awb-margin-right:25px;--awb-margin-left:25px;\"><p>M\u00e9moire vive avec bordure argent\u00e9e.<\/p>\n<\/div><\/div><\/div><div class=\"fusion-layout-column fusion_builder_column fusion-builder-column-8 fusion_builder_column_1_4 1_4 fusion-flex-column fusion-animated\" style=\"--awb-bg-color:var(--awb-color1);--awb-bg-color-hover:var(--awb-color1);--awb-bg-size:cover;--awb-width-large:25%;--awb-margin-top-large:0px;--awb-spacing-right-large:10px;--awb-margin-bottom-large:20px;--awb-spacing-left-large:10px;--awb-width-medium:25%;--awb-order-medium:0;--awb-spacing-right-medium:10px;--awb-spacing-left-medium:10px;--awb-width-small:100%;--awb-order-small:0;--awb-spacing-right-small:10px;--awb-spacing-left-small:10px;\" data-animationType=\"fadeInUp\" data-animationDuration=\"0.5\" data-animationOffset=\"top-into-view\" data-scroll-devices=\"small-visibility,medium-visibility,large-visibility\"><div class=\"fusion-column-wrapper fusion-column-has-shadow fusion-flex-justify-content-flex-start fusion-content-layout-column\"><div class=\"fusion-image-carousel fusion-image-carousel-auto fusion-image-carousel-2 lightbox-enabled\"><div class=\"awb-carousel awb-swiper awb-swiper-carousel awb-carousel--carousel awb-swiper-dots-position-bottom\" data-layout=\"carousel\" data-autoplay=\"no\" data-autoplayspeed=\"2500\" data-autoplaypause=\"no\" data-columns=\"1\" data-columnsmedium=\"1\" data-columnssmall=\"1\" data-itemmargin=\"0\" data-itemwidth=\"180\" data-touchscroll=\"no\" data-freemode=\"no\" data-imagesize=\"auto\" data-scrollitems=\"0\" data-centeredslides=\"no\" data-rotationangle=\"50\" data-depth=\"100\" data-speed=\"500\" data-shadow=\"no\" data-pagination=\"bullets\" style=\"--awb-columns:1;--awb-column-spacing:0px;\"><div class=\"swiper-wrapper awb-image-carousel-wrapper fusion-flex-align-items-center\"><div class=\"swiper-slide\"><div class=\"fusion-carousel-item-wrapper\"><div class=\"fusion-image-wrapper hover-type-none\"><a data-rel=\"iLightbox[image_carousel_2]\" data-title=\"ReRec Arbeitsspeicher RAM Prozessor Ankauf\" aria-label=\"ReRec Arbeitsspeicher RAM Prozessor Ankauf\" href=\"https:\/\/rerec.eu\/wp-content\/uploads\/2024\/12\/rerec-arbeitsspeicher-ram-prozessor-ankauf.jpg\" target=\"_self\"><img decoding=\"async\" width=\"1280\" height=\"850\" src=\"https:\/\/rerec.eu\/wp-content\/uploads\/2024\/12\/rerec-arbeitsspeicher-ram-prozessor-ankauf.jpg\" class=\"attachment-full size-full\" alt=\"ReRec Arbeitsspeicher RAM Prozessor Ankauf\" srcset=\"https:\/\/rerec.eu\/wp-content\/uploads\/2024\/12\/rerec-arbeitsspeicher-ram-prozessor-ankauf-300x199.jpg 300w, https:\/\/rerec.eu\/wp-content\/uploads\/2024\/12\/rerec-arbeitsspeicher-ram-prozessor-ankauf-768x510.jpg 768w, https:\/\/rerec.eu\/wp-content\/uploads\/2024\/12\/rerec-arbeitsspeicher-ram-prozessor-ankauf-1024x680.jpg 1024w, https:\/\/rerec.eu\/wp-content\/uploads\/2024\/12\/rerec-arbeitsspeicher-ram-prozessor-ankauf.jpg 1280w\" sizes=\"(max-width: 1280px) 100vw, 1280px\" \/><\/a><\/div><\/div><\/div><div class=\"swiper-slide\"><div class=\"fusion-carousel-item-wrapper\"><div class=\"fusion-image-wrapper hover-type-none\"><a data-rel=\"iLightbox[image_carousel_2]\" data-title=\"ReRec Arbeitsspeicher Ankauf RAM Ankauf\" aria-label=\"ReRec Arbeitsspeicher Ankauf RAM Ankauf\" href=\"https:\/\/rerec.eu\/wp-content\/uploads\/2024\/12\/rerec-arbeitsspeicher-ankauf-ram-ankauf.jpg\" target=\"_self\"><img decoding=\"async\" width=\"1280\" height=\"850\" src=\"https:\/\/rerec.eu\/wp-content\/uploads\/2024\/12\/rerec-arbeitsspeicher-ankauf-ram-ankauf.jpg\" class=\"attachment-full size-full\" alt=\"ReRec Arbeitsspeicher Ankauf RAM Ankauf\" srcset=\"https:\/\/rerec.eu\/wp-content\/uploads\/2024\/12\/rerec-arbeitsspeicher-ankauf-ram-ankauf-300x199.jpg 300w, https:\/\/rerec.eu\/wp-content\/uploads\/2024\/12\/rerec-arbeitsspeicher-ankauf-ram-ankauf-768x510.jpg 768w, https:\/\/rerec.eu\/wp-content\/uploads\/2024\/12\/rerec-arbeitsspeicher-ankauf-ram-ankauf-1024x680.jpg 1024w, https:\/\/rerec.eu\/wp-content\/uploads\/2024\/12\/rerec-arbeitsspeicher-ankauf-ram-ankauf.jpg 1280w\" sizes=\"(max-width: 1280px) 100vw, 1280px\" \/><\/a><\/div><\/div><\/div><\/div><div class=\"awb-swiper-button awb-swiper-button-prev\"><i class=\"awb-icon-angle-left\" aria-hidden=\"true\"><\/i><\/div><div class=\"awb-swiper-button awb-swiper-button-next\"><i class=\"awb-icon-angle-right\" aria-hidden=\"true\"><\/i><\/div><\/div><\/div><div class=\"fusion-title title fusion-title-10 fusion-sep-none fusion-title-text fusion-title-size-five\" style=\"--awb-margin-right:25px;--awb-margin-left:25px;--awb-margin-right-small:25px;--awb-margin-left-small:25px;--awb-margin-right-medium:25px;--awb-margin-left-medium:25px;\"><h5 class=\"fusion-title-heading title-heading-left\" style=\"margin:0;\">Processeurs de slot RAM<\/h5><\/div><div class=\"fusion-text fusion-text-6\" style=\"--awb-margin-right:25px;--awb-margin-left:25px;\"><p>Processeurs de slot sans couverture en plastique, refroidisseur et ventilateur. Les puces en plastique ou en c\u00e9ramique doivent rester en place. Pas de slots provenant de serveurs.<\/p>\n<\/div><\/div><\/div><\/div><\/div><\/p>\n","protected":false},"excerpt":{"rendered":"<p>Achat de processeur &#8211; Vendez maintenant votre mat\u00e9riel d&rsquo;occasion facilement. De l&rsquo;\u00e9valuation \u00e0 l&rsquo;achat \u00e9quitable, jusqu&rsquo;au recyclage respectueux de l&rsquo;environnement de votre ancien mat\u00e9riel.<\/p>\n","protected":false},"author":1,"featured_media":9637,"menu_order":0,"comment_status":"closed","ping_status":"closed","template":"","format":"standard","meta":{"footnotes":""},"portfolio_category":[133],"portfolio_skills":[],"portfolio_tags":[],"class_list":["post-9630","avada_portfolio","type-avada_portfolio","status-publish","format-standard","has-post-thumbnail","hentry","portfolio_category-dechets-electroniques"],"yoast_head":"<!-- This site is optimized with the Yoast SEO plugin v26.8 - https:\/\/yoast.com\/product\/yoast-seo-wordpress\/ -->\n<title>Achat de RAM &amp; Processeur - Prix \u00e9quitables &amp; Recyclage<\/title>\n<meta name=\"description\" content=\"Vendez maintenant votre processeur \u00e0 des prix top ! Vendez vos CPU d&#039;occasion en toute s\u00e9curit\u00e9 et de mani\u00e8re durable. Service d&#039;achat de RAM rapide de ReRec !\" \/>\n<meta name=\"robots\" content=\"index, follow, max-snippet:-1, max-image-preview:large, max-video-preview:-1\" \/>\n<link rel=\"canonical\" href=\"https:\/\/rerec.eu\/fr\/purchase-portfolio\/ram-and-slots\/\" \/>\n<meta property=\"og:locale\" content=\"fr_FR\" \/>\n<meta property=\"og:type\" content=\"article\" \/>\n<meta property=\"og:title\" content=\"Achat de RAM &amp; Processeur - Prix \u00e9quitables &amp; Recyclage\" \/>\n<meta property=\"og:description\" content=\"Vendez maintenant votre processeur \u00e0 des prix top ! Vendez vos CPU d&#039;occasion en toute s\u00e9curit\u00e9 et de mani\u00e8re durable. Service d&#039;achat de RAM rapide de ReRec !\" \/>\n<meta property=\"og:url\" content=\"https:\/\/rerec.eu\/fr\/purchase-portfolio\/ram-and-slots\/\" \/>\n<meta property=\"og:site_name\" content=\"ReRec GmbH\" \/>\n<meta property=\"article:publisher\" content=\"https:\/\/www.facebook.com\/profile.php?id=100063562990196#\" \/>\n<meta property=\"article:modified_time\" content=\"2026-04-29T08:29:41+00:00\" \/>\n<meta property=\"og:image\" content=\"https:\/\/rerec.eu\/wp-content\/uploads\/2024\/12\/rerec-arbeitsspeicher-gewerblich-verkaufen.jpg\" \/>\n\t<meta property=\"og:image:width\" content=\"1920\" \/>\n\t<meta property=\"og:image:height\" content=\"1080\" \/>\n\t<meta property=\"og:image:type\" content=\"image\/jpeg\" \/>\n<meta name=\"twitter:card\" content=\"summary_large_image\" \/>\n<meta name=\"twitter:label1\" content=\"Dur\u00e9e de lecture estim\u00e9e\" \/>\n\t<meta name=\"twitter:data1\" content=\"59 minutes\" \/>\n<script type=\"application\/ld+json\" class=\"yoast-schema-graph\">{\"@context\":\"https:\/\/schema.org\",\"@graph\":[{\"@type\":\"WebPage\",\"@id\":\"https:\/\/rerec.eu\/fr\/purchase-portfolio\/ram-and-slots\/\",\"url\":\"https:\/\/rerec.eu\/fr\/purchase-portfolio\/ram-and-slots\/\",\"name\":\"Achat de RAM & Processeur - Prix \u00e9quitables & Recyclage\",\"isPartOf\":{\"@id\":\"https:\/\/rerec.eu\/fr\/#website\"},\"primaryImageOfPage\":{\"@id\":\"https:\/\/rerec.eu\/fr\/purchase-portfolio\/ram-and-slots\/#primaryimage\"},\"image\":{\"@id\":\"https:\/\/rerec.eu\/fr\/purchase-portfolio\/ram-and-slots\/#primaryimage\"},\"thumbnailUrl\":\"https:\/\/rerec.eu\/wp-content\/uploads\/2024\/12\/rerec-arbeitsspeicher-gewerblich-verkaufen.jpg\",\"datePublished\":\"2024-12-25T21:59:09+00:00\",\"dateModified\":\"2026-04-29T08:29:41+00:00\",\"description\":\"Vendez maintenant votre processeur \u00e0 des prix top ! Vendez vos CPU d'occasion en toute s\u00e9curit\u00e9 et de mani\u00e8re durable. Service d'achat de RAM rapide de ReRec !\",\"breadcrumb\":{\"@id\":\"https:\/\/rerec.eu\/fr\/purchase-portfolio\/ram-and-slots\/#breadcrumb\"},\"inLanguage\":\"fr-FR\",\"potentialAction\":[{\"@type\":\"ReadAction\",\"target\":[\"https:\/\/rerec.eu\/fr\/purchase-portfolio\/ram-and-slots\/\"]}]},{\"@type\":\"ImageObject\",\"inLanguage\":\"fr-FR\",\"@id\":\"https:\/\/rerec.eu\/fr\/purchase-portfolio\/ram-and-slots\/#primaryimage\",\"url\":\"https:\/\/rerec.eu\/wp-content\/uploads\/2024\/12\/rerec-arbeitsspeicher-gewerblich-verkaufen.jpg\",\"contentUrl\":\"https:\/\/rerec.eu\/wp-content\/uploads\/2024\/12\/rerec-arbeitsspeicher-gewerblich-verkaufen.jpg\",\"width\":1920,\"height\":1080,\"caption\":\"ReRec Arbeitsspeicher gewerblich verkaufen\"},{\"@type\":\"BreadcrumbList\",\"@id\":\"https:\/\/rerec.eu\/fr\/purchase-portfolio\/ram-and-slots\/#breadcrumb\",\"itemListElement\":[{\"@type\":\"ListItem\",\"position\":1,\"name\":\"Home\",\"item\":\"https:\/\/rerec.eu\/fr\/\"},{\"@type\":\"ListItem\",\"position\":2,\"name\":\"Portfolio\",\"item\":\"https:\/\/rerec.eu\/fr\/portfolio-items\/\"},{\"@type\":\"ListItem\",\"position\":3,\"name\":\"M\u00e9moire vive RAM et slots\"}]},{\"@type\":\"WebSite\",\"@id\":\"https:\/\/rerec.eu\/fr\/#website\",\"url\":\"https:\/\/rerec.eu\/fr\/\",\"name\":\"ReRec GmbH\",\"description\":\"Wir kaufen Elektronikschrott, Sonderlegierungen und Edelmetalle aller Art.\",\"publisher\":{\"@id\":\"https:\/\/rerec.eu\/fr\/#organization\"},\"alternateName\":\"ReRec Recycling\",\"potentialAction\":[{\"@type\":\"SearchAction\",\"target\":{\"@type\":\"EntryPoint\",\"urlTemplate\":\"https:\/\/rerec.eu\/fr\/?s={search_term_string}\"},\"query-input\":{\"@type\":\"PropertyValueSpecification\",\"valueRequired\":true,\"valueName\":\"search_term_string\"}}],\"inLanguage\":\"fr-FR\"},{\"@type\":\"Organization\",\"@id\":\"https:\/\/rerec.eu\/fr\/#organization\",\"name\":\"ReRec GmbH\",\"alternateName\":\"ReRec Recycling\",\"url\":\"https:\/\/rerec.eu\/fr\/\",\"logo\":{\"@type\":\"ImageObject\",\"inLanguage\":\"fr-FR\",\"@id\":\"https:\/\/rerec.eu\/fr\/#\/schema\/logo\/image\/\",\"url\":\"https:\/\/rerec.eu\/wp-content\/uploads\/2024\/12\/rerec-gmbh-recycling.svg\",\"contentUrl\":\"https:\/\/rerec.eu\/wp-content\/uploads\/2024\/12\/rerec-gmbh-recycling.svg\",\"width\":165,\"height\":50,\"caption\":\"ReRec GmbH\"},\"image\":{\"@id\":\"https:\/\/rerec.eu\/fr\/#\/schema\/logo\/image\/\"},\"sameAs\":[\"https:\/\/www.facebook.com\/profile.php?id=100063562990196#\"]}]}<\/script>\n<!-- \/ Yoast SEO plugin. -->","yoast_head_json":{"title":"Achat de RAM & Processeur - Prix \u00e9quitables & Recyclage","description":"Vendez maintenant votre processeur \u00e0 des prix top ! Vendez vos CPU d'occasion en toute s\u00e9curit\u00e9 et de mani\u00e8re durable. Service d'achat de RAM rapide de ReRec !","robots":{"index":"index","follow":"follow","max-snippet":"max-snippet:-1","max-image-preview":"max-image-preview:large","max-video-preview":"max-video-preview:-1"},"canonical":"https:\/\/rerec.eu\/fr\/purchase-portfolio\/ram-and-slots\/","og_locale":"fr_FR","og_type":"article","og_title":"Achat de RAM & Processeur - Prix \u00e9quitables & Recyclage","og_description":"Vendez maintenant votre processeur \u00e0 des prix top ! Vendez vos CPU d'occasion en toute s\u00e9curit\u00e9 et de mani\u00e8re durable. Service d'achat de RAM rapide de ReRec !","og_url":"https:\/\/rerec.eu\/fr\/purchase-portfolio\/ram-and-slots\/","og_site_name":"ReRec GmbH","article_publisher":"https:\/\/www.facebook.com\/profile.php?id=100063562990196#","article_modified_time":"2026-04-29T08:29:41+00:00","og_image":[{"width":1920,"height":1080,"url":"https:\/\/rerec.eu\/wp-content\/uploads\/2024\/12\/rerec-arbeitsspeicher-gewerblich-verkaufen.jpg","type":"image\/jpeg"}],"twitter_card":"summary_large_image","twitter_misc":{"Dur\u00e9e de lecture estim\u00e9e":"59 minutes"},"schema":{"@context":"https:\/\/schema.org","@graph":[{"@type":"WebPage","@id":"https:\/\/rerec.eu\/fr\/purchase-portfolio\/ram-and-slots\/","url":"https:\/\/rerec.eu\/fr\/purchase-portfolio\/ram-and-slots\/","name":"Achat de RAM & Processeur - Prix \u00e9quitables & Recyclage","isPartOf":{"@id":"https:\/\/rerec.eu\/fr\/#website"},"primaryImageOfPage":{"@id":"https:\/\/rerec.eu\/fr\/purchase-portfolio\/ram-and-slots\/#primaryimage"},"image":{"@id":"https:\/\/rerec.eu\/fr\/purchase-portfolio\/ram-and-slots\/#primaryimage"},"thumbnailUrl":"https:\/\/rerec.eu\/wp-content\/uploads\/2024\/12\/rerec-arbeitsspeicher-gewerblich-verkaufen.jpg","datePublished":"2024-12-25T21:59:09+00:00","dateModified":"2026-04-29T08:29:41+00:00","description":"Vendez maintenant votre processeur \u00e0 des prix top ! Vendez vos CPU d'occasion en toute s\u00e9curit\u00e9 et de mani\u00e8re durable. Service d'achat de RAM rapide de ReRec !","breadcrumb":{"@id":"https:\/\/rerec.eu\/fr\/purchase-portfolio\/ram-and-slots\/#breadcrumb"},"inLanguage":"fr-FR","potentialAction":[{"@type":"ReadAction","target":["https:\/\/rerec.eu\/fr\/purchase-portfolio\/ram-and-slots\/"]}]},{"@type":"ImageObject","inLanguage":"fr-FR","@id":"https:\/\/rerec.eu\/fr\/purchase-portfolio\/ram-and-slots\/#primaryimage","url":"https:\/\/rerec.eu\/wp-content\/uploads\/2024\/12\/rerec-arbeitsspeicher-gewerblich-verkaufen.jpg","contentUrl":"https:\/\/rerec.eu\/wp-content\/uploads\/2024\/12\/rerec-arbeitsspeicher-gewerblich-verkaufen.jpg","width":1920,"height":1080,"caption":"ReRec Arbeitsspeicher gewerblich verkaufen"},{"@type":"BreadcrumbList","@id":"https:\/\/rerec.eu\/fr\/purchase-portfolio\/ram-and-slots\/#breadcrumb","itemListElement":[{"@type":"ListItem","position":1,"name":"Home","item":"https:\/\/rerec.eu\/fr\/"},{"@type":"ListItem","position":2,"name":"Portfolio","item":"https:\/\/rerec.eu\/fr\/portfolio-items\/"},{"@type":"ListItem","position":3,"name":"M\u00e9moire vive RAM et slots"}]},{"@type":"WebSite","@id":"https:\/\/rerec.eu\/fr\/#website","url":"https:\/\/rerec.eu\/fr\/","name":"ReRec GmbH","description":"Wir kaufen Elektronikschrott, Sonderlegierungen und Edelmetalle aller Art.","publisher":{"@id":"https:\/\/rerec.eu\/fr\/#organization"},"alternateName":"ReRec Recycling","potentialAction":[{"@type":"SearchAction","target":{"@type":"EntryPoint","urlTemplate":"https:\/\/rerec.eu\/fr\/?s={search_term_string}"},"query-input":{"@type":"PropertyValueSpecification","valueRequired":true,"valueName":"search_term_string"}}],"inLanguage":"fr-FR"},{"@type":"Organization","@id":"https:\/\/rerec.eu\/fr\/#organization","name":"ReRec GmbH","alternateName":"ReRec Recycling","url":"https:\/\/rerec.eu\/fr\/","logo":{"@type":"ImageObject","inLanguage":"fr-FR","@id":"https:\/\/rerec.eu\/fr\/#\/schema\/logo\/image\/","url":"https:\/\/rerec.eu\/wp-content\/uploads\/2024\/12\/rerec-gmbh-recycling.svg","contentUrl":"https:\/\/rerec.eu\/wp-content\/uploads\/2024\/12\/rerec-gmbh-recycling.svg","width":165,"height":50,"caption":"ReRec GmbH"},"image":{"@id":"https:\/\/rerec.eu\/fr\/#\/schema\/logo\/image\/"},"sameAs":["https:\/\/www.facebook.com\/profile.php?id=100063562990196#"]}]}},"_links":{"self":[{"href":"https:\/\/rerec.eu\/fr\/wp-json\/wp\/v2\/avada_portfolio\/9630","targetHints":{"allow":["GET"]}}],"collection":[{"href":"https:\/\/rerec.eu\/fr\/wp-json\/wp\/v2\/avada_portfolio"}],"about":[{"href":"https:\/\/rerec.eu\/fr\/wp-json\/wp\/v2\/types\/avada_portfolio"}],"author":[{"embeddable":true,"href":"https:\/\/rerec.eu\/fr\/wp-json\/wp\/v2\/users\/1"}],"replies":[{"embeddable":true,"href":"https:\/\/rerec.eu\/fr\/wp-json\/wp\/v2\/comments?post=9630"}],"version-history":[{"count":19,"href":"https:\/\/rerec.eu\/fr\/wp-json\/wp\/v2\/avada_portfolio\/9630\/revisions"}],"predecessor-version":[{"id":13549,"href":"https:\/\/rerec.eu\/fr\/wp-json\/wp\/v2\/avada_portfolio\/9630\/revisions\/13549"}],"wp:featuredmedia":[{"embeddable":true,"href":"https:\/\/rerec.eu\/fr\/wp-json\/wp\/v2\/media\/9637"}],"wp:attachment":[{"href":"https:\/\/rerec.eu\/fr\/wp-json\/wp\/v2\/media?parent=9630"}],"wp:term":[{"taxonomy":"portfolio_category","embeddable":true,"href":"https:\/\/rerec.eu\/fr\/wp-json\/wp\/v2\/portfolio_category?post=9630"},{"taxonomy":"portfolio_skills","embeddable":true,"href":"https:\/\/rerec.eu\/fr\/wp-json\/wp\/v2\/portfolio_skills?post=9630"},{"taxonomy":"portfolio_tags","embeddable":true,"href":"https:\/\/rerec.eu\/fr\/wp-json\/wp\/v2\/portfolio_tags?post=9630"}],"curies":[{"name":"wp","href":"https:\/\/api.w.org\/{rel}","templated":true}]}}