{"id":3697,"date":"2024-12-16T22:29:29","date_gmt":"2024-12-16T21:29:29","guid":{"rendered":"https:\/\/rerec.eu\/?page_id=3697"},"modified":"2025-07-28T00:32:45","modified_gmt":"2025-07-27T23:32:45","slug":"data-privacy","status":"publish","type":"page","link":"https:\/\/rerec.eu\/fr\/data-privacy\/","title":{"rendered":"Protection des donn\u00e9es"},"content":{"rendered":"<div class=\"fusion-fullwidth fullwidth-box fusion-builder-row-1 fusion-flex-container has-pattern-background has-mask-background nonhundred-percent-fullwidth non-hundred-percent-height-scrolling plain-text\" style=\"--awb-border-radius-top-left:0px;--awb-border-radius-top-right:0px;--awb-border-radius-bottom-right:0px;--awb-border-radius-bottom-left:0px;--awb-flex-wrap:wrap;\" ><div class=\"fusion-builder-row fusion-row fusion-flex-align-items-flex-start fusion-flex-content-wrap\" style=\"max-width:1591.2px;margin-left: calc(-4% \/ 2 );margin-right: calc(-4% \/ 2 );\"><div class=\"fusion-layout-column fusion_builder_column fusion-builder-column-0 fusion_builder_column_1_1 1_1 fusion-flex-column\" style=\"--awb-bg-size:cover;--awb-width-large:100%;--awb-margin-top-large:0px;--awb-spacing-right-large:1.92%;--awb-margin-bottom-large:20px;--awb-spacing-left-large:1.92%;--awb-width-medium:100%;--awb-order-medium:0;--awb-spacing-right-medium:1.92%;--awb-spacing-left-medium:1.92%;--awb-width-small:100%;--awb-order-small:0;--awb-spacing-right-small:1.92%;--awb-spacing-left-small:1.92%;\"><div class=\"fusion-column-wrapper fusion-column-has-shadow fusion-flex-justify-content-flex-start fusion-content-layout-column\"><h1>D\u00e9claration de protection des donn\u00e9es<\/h1><h2>1. Aper\u00e7u de la protection des donn\u00e9es<\/h2><h3>Remarques g\u00e9n\u00e9rales<\/h3> <p>Les informations suivantes vous donnent un aper\u00e7u simple de ce qui se passe avec vos donn\u00e9es personnelles lorsque vous visitez ce site web. Les donn\u00e9es personnelles sont toutes les donn\u00e9es qui permettent de vous identifier personnellement. Vous trouverez des informations d\u00e9taill\u00e9es sur le sujet de la protection des donn\u00e9es dans la d\u00e9claration de protection des donn\u00e9es ci-dessous.<\/p><h3>Collecte de donn\u00e9es sur ce site web<\/h3> <h4>Qui est responsable de la collecte des donn\u00e9es sur ce site web ?<\/h4> <p>Le traitement des donn\u00e9es sur ce site web est effectu\u00e9 par l'exploitant du site web. Vous pouvez trouver ses coordonn\u00e9es dans la section \u00ab Avis relatif au responsable \u00bb de cette d\u00e9claration de protection des donn\u00e9es.<\/p> <h4>Comment collectons-nous vos donn\u00e9es ?<\/h4> <p>Vos donn\u00e9es sont collect\u00e9es d'une part lorsque vous nous les communiquez. Il peut s'agir, par exemple, de donn\u00e9es que vous saisissez dans un formulaire de contact.<\/p> <p>D'autres donn\u00e9es sont collect\u00e9es automatiquement ou apr\u00e8s votre consentement lors de la visite du site web par nos syst\u00e8mes informatiques. Il s'agit principalement de donn\u00e9es techniques (par ex. navigateur internet, syst\u00e8me d'exploitation ou heure de la consultation de la page). La collecte de ces donn\u00e9es se fait automatiquement d\u00e8s que vous acc\u00e9dez \u00e0 ce site web.<\/p><h4>\u00c0 quoi utilisons-nous vos donn\u00e9es ?<\/h4> <p>Une partie des donn\u00e9es est collect\u00e9e afin de garantir une mise \u00e0 disposition sans erreur du site web. D'autres donn\u00e9es peuvent \u00eatre utilis\u00e9es pour analyser votre comportement d'utilisateur. Si des contrats peuvent \u00eatre conclus ou initi\u00e9s via le site Internet, les donn\u00e9es transmises sont \u00e9galement trait\u00e9es \u00e0 des fins d'offres contractuelles, de commandes ou d'autres demandes de service.<\/p><h4>Quels sont vos droits concernant vos donn\u00e9es ?<\/h4> <p>Vous avez \u00e0 tout moment le droit d'obtenir gratuitement des informations sur l'origine, les destinataires et l'objectif de vos donn\u00e9es personnelles stock\u00e9es. Vous avez \u00e9galement le droit d'exiger la rectification ou la suppression de ces donn\u00e9es. Si vous avez donn\u00e9 votre consentement au traitement des donn\u00e9es, vous pouvez le r\u00e9voquer \u00e0 tout moment pour l'avenir. Vous avez \u00e9galement le droit, dans certaines circonstances, d'exiger la limitation du traitement de vos donn\u00e9es personnelles. Par ailleurs, un droit de r\u00e9clamation aupr\u00e8s de l'autorit\u00e9 de contr\u00f4le comp\u00e9tente vous est ouvert.<\/p> <p>Pour cela, ainsi que pour toute autre question concernant la protection des donn\u00e9es, vous pouvez nous contacter \u00e0 tout moment.<\/p><h3>Outils d\u2019analyse et outils de fournisseurs tiers<\/h3> <p>Lorsque vous visitez ce site web, votre comportement de navigation peut \u00eatre \u00e9valu\u00e9 statistiquement. Cela se fait principalement \u00e0 l'aide de programmes d'analyse.<\/p> <p>Vous trouverez des informations d\u00e9taill\u00e9es sur ces programmes d'analyse dans la d\u00e9claration de protection des donn\u00e9es ci-dessous.<\/p><h2>2. H\u00e9bergement et r\u00e9seaux de diffusion de contenu (CDN)<\/h2><p>Nous h\u00e9bergeons le contenu de notre site web chez le fournisseur suivant :<\/p><h3>H\u00e9bergement externe<\/h3> <p>Ce site web est h\u00e9berg\u00e9 en externe. Les donn\u00e9es personnelles collect\u00e9es sur ce site web sont stock\u00e9es sur les serveurs de l'h\u00e9bergeur \/ des h\u00e9bergeurs. Il peut s'agir notamment d'adresses IP, de demandes de contact, de donn\u00e9es m\u00e9ta et de communication, de donn\u00e9es contractuelles, de coordonn\u00e9es, de noms, d'acc\u00e8s au site web et autres donn\u00e9es g\u00e9n\u00e9r\u00e9es via un site web.<\/p> <p>L'h\u00e9bergement externe a lieu dans le but d'ex\u00e9cuter le contrat vis-\u00e0-vis de nos clients potentiels et existants (art. 6, al. 1, let. b RGPD) et dans l'int\u00e9r\u00eat d'une mise \u00e0 disposition s\u00fbre, rapide et efficace de notre offre en ligne par un prestataire professionnel (art. 6, al. 1, let. f RGPD). Si un consentement correspondant a \u00e9t\u00e9 demand\u00e9, le traitement s'effectue exclusivement sur la base de l'art. 6, al. 1, let. a RGPD et de l'article 25, al. 1 TTDSG, dans la mesure o\u00f9 le consentement inclut le stockage de cookies ou l'acc\u00e8s \u00e0 des informations sur le terminal de l'utilisateur (par ex. empreinte digitale de l'appareil) au sens de la TTDSG. Le consentement peut \u00eatre r\u00e9voqu\u00e9 \u00e0 tout moment.<\/p> <p>Notre \/ nos h\u00e9bergeur(s) ne traitera \/ traiteront vos donn\u00e9es que dans la mesure o\u00f9 cela est n\u00e9cessaire \u00e0 l'ex\u00e9cution de ses obligations de prestation et respectera nos instructions relatives \u00e0 ces donn\u00e9es.<\/p> <p>Nous utilisons le(s) h\u00e9bergeur(s) suivant(s) :<\/p><p>Cloudflare Germany GmbH<br \/>Rosental 7, c\/o Mindspace, 80331 Munich<\/p><h4>Sous-traitance<\/h4> <p>Nous avons conclu un contrat de sous-traitance (AVV) pour l'utilisation du service mentionn\u00e9 ci-dessus. Il s'agit d'un contrat requis par la l\u00e9gislation sur la protection des donn\u00e9es, qui garantit que ce prestataire ne traite les donn\u00e9es personnelles des visiteurs de notre site Web que sur nos instructions et dans le respect du RGPD.<\/p><h3>Cloudflare<\/h3> <p>Nous utilisons le service \u00ab Cloudflare \u00bb. Le fournisseur est Cloudflare Inc., 101 Townsend St., San Francisco, CA 94107, USA (ci-apr\u00e8s \u00ab Cloudflare \u00bb).<\/p> <p>Cloudflare propose un r\u00e9seau mondial de diffusion de contenu (CDN) avec DNS. Sur le plan technique, le transfert d'informations entre votre navigateur et notre site web transite par le r\u00e9seau de Cloudflare. Cloudflare est ainsi en mesure d'analyser le trafic de donn\u00e9es entre votre navigateur et notre site web et d'agir comme filtre entre nos serveurs et le trafic de donn\u00e9es potentiellement malveillant provenant d'Internet. Dans ce contexte, Cloudflare peut \u00e9galement utiliser des cookies ou d'autres technologies pour reconna\u00eetre les utilisateurs d'Internet, qui ne sont cependant utilis\u00e9s qu'aux fins d\u00e9crites ici.<\/p> <p>L'utilisation de Cloudflare est bas\u00e9e sur notre int\u00e9r\u00eat l\u00e9gitime \u00e0 une mise \u00e0 disposition aussi exempte d'erreurs et s\u00fbre que possible de notre offre en ligne (art. 6, al. 1, let. f RGPD).<\/p> <p>Le transfert de donn\u00e9es vers les \u00c9tats-Unis est fond\u00e9 sur les clauses contractuelles types de la Commission europ\u00e9enne. Pour plus d'informations sur la s\u00e9curit\u00e9 et la protection des donn\u00e9es chez Cloudflare, consultez : <a href=\"https:\/\/www.cloudflare.com\/privacypolicy\/\" target=\"_blank\" rel=\"noopener noreferrer\">https:\/\/www.cloudflare.com\/privacypolicy\/<\/a>.<\/p><p>L'entreprise dispose d'une certification selon le \u00ab EU-US Data Privacy Framework \u00bb (DPF). Le DPF est un accord entre l'Union europ\u00e9enne et les \u00c9tats-Unis visant \u00e0 garantir le respect des normes europ\u00e9ennes de protection des donn\u00e9es lors du traitement des donn\u00e9es aux \u00c9tats-Unis. Toute entreprise certifi\u00e9e selon le DPF s'engage \u00e0 respecter ces standards. Vous trouverez plus d'informations aupr\u00e8s du prestataire sous le lien suivant : <a href=\"https:\/\/www.dataprivacyframework.gov\/participant\/5666\" target=\"_blank\" rel=\"noopener noreferrer\">https:\/\/www.dataprivacyframework.gov\/participant\/5666<\/a>.<\/p><h4>Sous-traitance<\/h4> <p>Nous avons conclu un contrat de sous-traitance (AVV) pour l'utilisation du service mentionn\u00e9 ci-dessus. Il s'agit d'un contrat requis par la l\u00e9gislation sur la protection des donn\u00e9es, qui garantit que ce prestataire ne traite les donn\u00e9es personnelles des visiteurs de notre site web que sur nos instructions et dans le respect du RGPD.<\/p><h2>3. Informations g\u00e9n\u00e9rales et informations obligatoires<\/h2><h3>Protection des donn\u00e9es<\/h3> <p>Les exploitants de ces pages prennent tr\u00e8s au s\u00e9rieux la protection de vos donn\u00e9es personnelles. Nous traitons vos donn\u00e9es personnelles de mani\u00e8re confidentielle et conform\u00e9ment aux dispositions l\u00e9gales relatives \u00e0 la protection des donn\u00e9es ainsi qu'\u00e0 cette d\u00e9claration de protection des donn\u00e9es.<\/p><p>Lorsque vous utilisez ce site web, diff\u00e9rentes donn\u00e9es personnelles sont collect\u00e9es. Les donn\u00e9es personnelles sont des donn\u00e9es permettant de vous identifier personnellement. Cette d\u00e9claration de protection des donn\u00e9es explique quelles donn\u00e9es nous collectons et \u00e0 quelle fin nous les utilisons. Elle explique \u00e9galement comment et dans quel but cela est fait.<\/p><p>Nous attirons votre attention sur le fait que la transmission de donn\u00e9es sur Internet (par ex., lors de la communication par e-mail) peut pr\u00e9senter des failles de s\u00e9curit\u00e9. Une protection compl\u00e8te des donn\u00e9es contre l'acc\u00e8s par des tiers n'est pas possible.<\/p><h3>Avis relatif au responsable<\/h3> <p>Le responsable du traitement des donn\u00e9es sur ce site web est :<\/p> <p>ReRec GmbH<br \/>Leinestra\u00dfe 39<br \/>24539 Neum\u00fcnster<\/p><p>T\u00e9l\u00e9phone : +49 04321 2067906 ou +49 04321 9655786<br \/>E-mail : info@rerec.eu<\/p><p>Le responsable est la personne physique ou morale qui, seule ou conjointement avec d'autres, d\u00e9termine les finalit\u00e9s et les moyens du traitement des donn\u00e9es personnelles (par exemple, noms, adresses e-mail, etc.).<\/p><h3>Dur\u00e9e de conservation<\/h3> <p>Si aucune dur\u00e9e de conservation sp\u00e9cifique n'est mentionn\u00e9e dans cette d\u00e9claration de protection des donn\u00e9es, vos donn\u00e9es personnelles restent chez nous jusqu'\u00e0 ce que l'objectif du traitement des donn\u00e9es ne s'applique plus. Si vous faites valoir une demande l\u00e9gitime de suppression ou r\u00e9voquez un consentement au traitement des donn\u00e9es, vos donn\u00e9es seront supprim\u00e9es, sauf si nous avons d'autres motifs l\u00e9galement autoris\u00e9s pour conserver vos donn\u00e9es personnelles (par exemple, des obligations fiscales ou commerciales de conservation des donn\u00e9es); dans ce dernier cas, la suppression aura lieu apr\u00e8s la cessation de ces motifs.<\/p><h3>Informations g\u00e9n\u00e9rales sur les bases l\u00e9gales du traitement des donn\u00e9es sur ce site web<\/h3> <p>Si vous avez consenti au traitement des donn\u00e9es, nous traitons vos donn\u00e9es personnelles sur la base de l'art. 6, al. 1, let. a RGPD et de l'art. 9, al. 2, let. a RGPD, dans la mesure o\u00f9 des cat\u00e9gories particuli\u00e8res de donn\u00e9es selon l'art. 9, al. 1 RGPD sont trait\u00e9es. En cas de consentement expr\u00e8s au transfert de donn\u00e9es personnelles vers des pays tiers, le traitement des donn\u00e9es repose \u00e9galement sur l'art. 49, al. 1, let. a RGPD. Si vous avez consenti \u00e0 l\u2019enregistrement de cookies ou \u00e0 l'acc\u00e8s aux informations sur votre terminal (par ex. via Device-Fingerprinting), le traitement des donn\u00e9es est \u00e9galement bas\u00e9 sur l'article 25, al. 1 TTDSG. Le consentement est r\u00e9vocable \u00e0 tout moment. Si vos donn\u00e9es sont n\u00e9cessaires \u00e0 l'ex\u00e9cution d'un contrat ou \u00e0 des mesures pr\u00e9contractuelles, nous traitons vos donn\u00e9es sur la base de l'art. 6, al. 1, let. b RGPD. En outre, nous traitons vos donn\u00e9es si cela est n\u00e9cessaire pour remplir une obligation l\u00e9gale sur la base de l'art. 6, al. 1, let. c RGPD. Le traitement des donn\u00e9es peut \u00e9galement \u00eatre fond\u00e9 sur notre int\u00e9r\u00eat l\u00e9gitime conform\u00e9ment \u00e0 l'art. 6, al. 1, let. f RGPD. Les bases l\u00e9gales applicables dans chaque cas sont pr\u00e9cis\u00e9es dans les paragraphes suivants de cette d\u00e9claration de protection des donn\u00e9es.<\/p><h3>Destinataires de donn\u00e9es personnelles<\/h3> <p>Dans le cadre de notre activit\u00e9, nous collaborons avec diff\u00e9rents prestataires externes. Cela peut impliquer aussi un transfert de donn\u00e9es personnelles \u00e0 ces prestataires externes. Nous transmettons des donn\u00e9es personnelles \u00e0 des prestataires ext\u00e9rieurs uniquement si cela est n\u00e9cessaire dans le cadre de l\u2019ex\u00e9cution d\u2019un contrat, si nous y sommes l\u00e9galement tenus (par ex. transmission de donn\u00e9es \u00e0 des services fiscaux), si nous avons un int\u00e9r\u00eat l\u00e9gitime conform\u00e9ment \u00e0 l\u2019art. 6, al. 1, let. f RGPD ou si une autre base l\u00e9gale le permet. En cas d'utilisation de sous-traitants, nous transmettons les donn\u00e9es de nos clients uniquement sur la base d\u2019un contrat de sous-traitance valide. En cas de traitement conjoint, un contrat de traitement conjoint sera conclu.<\/p><h3>R\u00e9vocation de votre consentement au traitement des donn\u00e9es<\/h3> <p>De nombreuses op\u00e9rations de traitement des donn\u00e9es ne sont possibles qu'avec votre consentement expr\u00e8s. Vous pouvez r\u00e9voquer \u00e0 tout moment un consentement d\u00e9j\u00e0 accord\u00e9. La l\u00e9galit\u00e9 du traitement des donn\u00e9es effectu\u00e9 jusqu'\u00e0 la r\u00e9vocation n'est pas affect\u00e9e par la r\u00e9vocation.<\/p><h3>Droit d'opposition \u00e0 la collecte de donn\u00e9es dans des cas particuliers ainsi qu'\u00e0 la prospection directe (art. 21 RGPD)<\/h3> <p>SI LE TRAITEMENT DES DONN\u00c9ES EST FOND\u00c9 SUR L\u2019ARTICLE 6, AL. 1, LET. E OU F DU RGPD, VOUS AVEZ \u00c0 TOUT MOMENT LE DROIT DE VOUS OPPOSER, POUR DES RAISONS LI\u00c9ES \u00c0 VOTRE SITUATION PARTICULI\u00c8RE, AU TRAITEMENT DE VOS DONN\u00c9ES PERSONNELLES ; CELA VAUT \u00c9GALEMENT POUR UN PROFILAGE FOND\u00c9 SUR CES DISPOSITIONS. LA BASE JURIDIQUE PR\u00c9CISE SUR LAQUELLE REPOSE LE TRAITEMENT SE TROUVE DANS CETTE D\u00c9CLARATION DE PROTECTION DES DONN\u00c9ES. SI VOUS VOUS OPPOSEZ, NOUS NE TRAITERONS PLUS VOS DONN\u00c9ES PERSONNELLES CONCERN\u00c9ES, SAUF SI NOUS POUVONS D\u00c9MONTRER DES RAISONS IMP\u00c9RIEUSES ET L\u00c9GITIMES POUR LE TRAITEMENT QUI PR\u00c9VALENT SUR VOS INT\u00c9R\u00caTS, DROITS ET LIBERT\u00c9S, OU SI LE TRAITEMENT SERT \u00c0 LA CONSTATATION, L\u2019EXERCICE OU LA D\u00c9FENSE DE DROITS EN JUSTICE (OPPOSITION CONFORM\u00c9MENT \u00c0 L\u2019ARTICLE 21, AL. 1 RGPD).<\/p> <p>SI VOS DONN\u00c9ES PERSONNELLES SONT TRAIT\u00c9ES \u00c0 DES FINS DE PROSPECTION DIRECTE, VOUS AVEZ \u00c0 TOUT MOMENT LE DROIT DE VOUS OPPOSER AU TRAITEMENT DE VOS DONN\u00c9ES PERSONNELLES \u00c0 DES FINS DE TELLE PROSPECTION ; CELA VAUT \u00c9GALEMENT POUR LE PROFILAGE DANS LA MESURE O\u00d9 IL EST LI\u00c9 \u00c0 UNE TELLE PROSPECTION DIRECTE. SI VOUS VOUS OPPOSEZ, VOS DONN\u00c9ES PERSONNELLES NE SERONT PLUS UTILIS\u00c9ES \u00c0 DES FINS DE PROSPECTION DIRECTE (OPPOSITION CONFORM\u00c9MENT \u00c0 L\u2019ARTICLE 21, AL. 2 RGPD).<\/p><h3>Droit de recours aupr\u00e8s de l\u2019autorit\u00e9 de contr\u00f4le comp\u00e9tente<\/h3> <p>En cas de violation du RGPD, les personnes concern\u00e9es disposent d'un droit de recours aupr\u00e8s d'une autorit\u00e9 de contr\u00f4le, en particulier dans l'\u00c9tat membre o\u00f9 elles r\u00e9sident habituellement, de leur lieu de travail ou du lieu de l\u2019infraction pr\u00e9sum\u00e9e. Ce droit de recours est sans pr\u00e9judice de tout autre recours administratif ou judiciaire.<\/p><h3>Droit \u00e0 la portabilit\u00e9 des donn\u00e9es<\/h3> <p>Vous avez le droit d\u2019obtenir les donn\u00e9es que nous traitons de mani\u00e8re automatis\u00e9e sur la base de votre consentement ou en ex\u00e9cution d\u2019un contrat, soit pour vous-m\u00eame soit pour un tiers, dans un format couramment utilis\u00e9 et lisible par machine. Si vous demandez le transfert direct des donn\u00e9es \u00e0 un autre responsable, cela n\u2019aura lieu que si c\u2019est techniquement possible.<\/p><h3>Droit d\u2019acc\u00e8s, de rectification et de suppression<\/h3> <p>Dans le cadre des dispositions l\u00e9gales en vigueur, vous avez \u00e0 tout moment le droit d'obtenir gratuitement des informations sur vos donn\u00e9es personnelles enregistr\u00e9es, leur origine et leurs destinataires, ainsi que l'objectif du traitement des donn\u00e9es et, le cas \u00e9ch\u00e9ant, un droit de rectification ou de suppression de ces donn\u00e9es. \u00c0 cette fin, ainsi que pour toute autre question concernant les donn\u00e9es personnelles, vous pouvez nous contacter \u00e0 tout moment.<\/p><h3>Droit \u00e0 la limitation du traitement<\/h3> <p>Vous avez le droit d\u2019exiger la limitation du traitement de vos donn\u00e9es personnelles. Pour cela, vous pouvez nous contacter \u00e0 tout moment. Le droit \u00e0 la limitation du traitement existe dans les cas suivants :<\/p> <ul> <li>Si vous contestez l\u2019exactitude de vos donn\u00e9es personnelles enregistr\u00e9es chez nous, nous avons g\u00e9n\u00e9ralement besoin de temps pour v\u00e9rifier cela. Pendant la dur\u00e9e de la v\u00e9rification, vous avez le droit de demander la limitation du traitement de vos donn\u00e9es personnelles.<\/li> <li>Si le traitement de vos donn\u00e9es personnelles a \u00e9t\u00e9 \/ est effectu\u00e9 de mani\u00e8re illicite, vous pouvez demander la limitation du traitement des donn\u00e9es au lieu de la suppression.<\/li> <li>Si nous n\u2019avons plus besoin de vos donn\u00e9es personnelles, mais que vous en avez besoin pour la constatation, l\u2019exercice ou la d\u00e9fense de droits en justice, vous avez le droit de demander la limitation du traitement de vos donn\u00e9es personnelles au lieu de leur suppression.<\/li> <li>Si vous avez fait opposition en vertu de l\u2019art. 21, al. 1 RGPD, une pond\u00e9ration de vos int\u00e9r\u00eats et des n\u00f4tres devra \u00eatre effectu\u00e9e. Tant qu\u2019il n\u2019a pas encore \u00e9t\u00e9 d\u00e9termin\u00e9 quels int\u00e9r\u00eats pr\u00e9valent, vous avez le droit de demander la limitation du traitement de vos donn\u00e9es personnelles.<\/li> <\/ul> <p>Si vous avez limit\u00e9 le traitement de vos donn\u00e9es personnelles, ces donn\u00e9es \u2013 \u00e0 l\u2019exception de leur stockage \u2013 ne pourront \u00eatre trait\u00e9es qu\u2019avec votre consentement ou dans le but de la constatation, de l\u2019exercice ou de la d\u00e9fense de droits en justice ou de la protection des droits d'une autre personne physique ou morale ou pour des raisons d\u2019int\u00e9r\u00eat public important de l\u2019Union europ\u00e9enne ou d\u2019un \u00c9tat membre.<\/p><h3>Chiffrement SSL ou TLS<\/h3> <p>Pour des raisons de s\u00e9curit\u00e9 et pour prot\u00e9ger la transmission de contenus confidentiels, tels que des commandes ou des demandes que vous nous envoyez en tant qu\u2019exploitant du site, ce site utilise un chiffrement SSL ou TLS. Vous reconnaissez une connexion crypt\u00e9e au fait que la barre d\u2019adresse du navigateur passe de \u00ab http:\/\/ \u00bb \u00e0 \u00ab https:\/\/ \u00bb et au symbole de cadenas dans votre barre de navigateur.<\/p> <p>Lorsque le chiffrement SSL ou TLS est activ\u00e9, les donn\u00e9es que vous nous transmettez ne peuvent pas \u00eatre lues par des tiers.<\/p><h3>Opposition aux e-mails publicitaires<\/h3> <p>L\u2019utilisation de coordonn\u00e9es publi\u00e9es dans le cadre de l\u2019obligation de mentions l\u00e9gales pour l\u2019envoi de publicit\u00e9 et de mat\u00e9riel d\u2019information qui n\u2019a pas \u00e9t\u00e9 express\u00e9ment demand\u00e9 est ici contredite. Les exploitants des pages se r\u00e9servent express\u00e9ment le droit d\u2019engager des poursuites judiciaires en cas d\u2019envoi non sollicit\u00e9 de mat\u00e9riel publicitaire, tel que les spams.<\/p><h2>4. Collecte de donn\u00e9es sur ce site<\/h2><h3>Formulaire de contact<\/h3> <p>Si vous nous envoyez des demandes via le formulaire de contact, vos informations issues du formulaire, y compris les coordonn\u00e9es que vous y avez indiqu\u00e9es, sont enregistr\u00e9es chez nous pour le traitement de la demande et en cas de questions de suivi. Ces donn\u00e9es ne seront pas transmises sans votre consentement.<\/p> <p>Le traitement de ces donn\u00e9es repose sur l\u2019art. 6, al. 1, let. b RGPD si votre demande est li\u00e9e \u00e0 l\u2019ex\u00e9cution d\u2019un contrat ou est n\u00e9cessaire \u00e0 l\u2019ex\u00e9cution de mesures pr\u00e9contractuelles. Dans tous les autres cas, le traitement est bas\u00e9 sur notre int\u00e9r\u00eat l\u00e9gitime \u00e0 un traitement efficace des demandes qui nous sont adress\u00e9es (art. 6, al. 1, let. f RGPD) ou sur votre consentement (art. 6, al. 1, let. a RGPD) si celui-ci a \u00e9t\u00e9 demand\u00e9 ; le consentement peut \u00eatre r\u00e9voqu\u00e9 \u00e0 tout moment.<\/p> <p>Les donn\u00e9es que vous avez saisies dans le formulaire de contact restent chez nous jusqu\u2019\u00e0 ce que vous nous demandiez leur suppression, que vous r\u00e9voquiez votre consentement \u00e0 leur stockage ou que la finalit\u00e9 de la conservation des donn\u00e9es disparaisse (par ex. apr\u00e8s traitement complet de votre demande). Les dispositions l\u00e9gales imp\u00e9ratives \u2013 notamment les d\u00e9lais de conservation \u2013 restent inchang\u00e9es.<\/p><h3>Demande par e-mail, t\u00e9l\u00e9phone ou fax<\/h3> <p>Si vous nous contactez par e-mail, t\u00e9l\u00e9phone ou fax, votre demande, y compris toutes les donn\u00e9es personnelles qui en d\u00e9coulent (nom, demande) seront enregistr\u00e9es et trait\u00e9es chez nous dans le but de traiter votre question. Ces donn\u00e9es ne seront pas transmises sans votre consentement.<\/p> <p>Le traitement de ces donn\u00e9es repose sur l\u2019art. 6, al. 1, let. b RGPD si votre demande est li\u00e9e \u00e0 l\u2019ex\u00e9cution d\u2019un contrat ou est n\u00e9cessaire \u00e0 l\u2019ex\u00e9cution de mesures pr\u00e9contractuelles. Dans tous les autres cas, le traitement est bas\u00e9 sur notre int\u00e9r\u00eat l\u00e9gitime \u00e0 un traitement efficace des demandes qui nous sont adress\u00e9es (art. 6, al. 1, let. f RGPD) ou sur votre consentement (art. 6, al. 1, let. a RGPD) si celui-ci a \u00e9t\u00e9 demand\u00e9 ; le consentement peut \u00eatre r\u00e9voqu\u00e9 \u00e0 tout moment.<\/p> <p>Les donn\u00e9es que vous nous avez transmises dans le cadre de demandes de contact restent chez nous jusqu\u2019\u00e0 ce que vous nous demandiez leur suppression, que vous r\u00e9voquiez votre consentement \u00e0 leur stockage ou que la finalit\u00e9 de la conservation des donn\u00e9es disparaisse (par ex. apr\u00e8s le traitement complet de votre demande). Les dispositions l\u00e9gales imp\u00e9ratives \u2013 notamment les d\u00e9lais de conservation l\u00e9gaux \u2013 restent inchang\u00e9es.<\/p><h3>Communication via WhatsApp<\/h3> <p>Pour communiquer avec nos clients et autres tiers, nous utilisons notamment le service de messagerie instantan\u00e9e WhatsApp. Le fournisseur est WhatsApp Ireland Limited, 4 Grand Canal Square, Grand Canal Harbour, Dublin 2, Irlande.<\/p> <p>La communication est chiffr\u00e9e de bout en bout (peer-to-peer), ce qui emp\u00eache WhatsApp ou d'autres tiers d'acc\u00e9der au contenu des communications. WhatsApp a toutefois acc\u00e8s aux m\u00e9tadonn\u00e9es g\u00e9n\u00e9r\u00e9es lors de la communication (par ex. exp\u00e9diteur, destinataire et heure). Nous attirons \u00e9galement votre attention sur le fait que WhatsApp, selon ses propres d\u00e9clarations, partage les donn\u00e9es personnelles de ses utilisateurs avec sa maison-m\u00e8re Meta aux \u00c9tats-Unis. Vous trouverez de plus amples d\u00e9tails sur le traitement des donn\u00e9es dans la politique de confidentialit\u00e9 de WhatsApp \u00e0 l'adresse : <a href=\"https:\/\/www.whatsapp.com\/legal\/#privacy-policy\" target=\"_blank\" rel=\"noopener noreferrer\">https:\/\/www.whatsapp.com\/legal\/#privacy-policy<\/a>.<\/p> <p>L'utilisation de WhatsApp repose sur notre int\u00e9r\u00eat l\u00e9gitime \u00e0 une communication aussi rapide et efficace que possible avec nos clients, parties int\u00e9ress\u00e9es et autres partenaires commerciaux et contractuels (art. 6, al. 1, let. f RGPD). Si un consentement correspondant a \u00e9t\u00e9 demand\u00e9, le traitement s\u2019effectue exclusivement sur la base du consentement donn\u00e9 ; celui-ci peut \u00eatre r\u00e9voqu\u00e9 \u00e0 tout moment avec effet pour l\u2019avenir.<\/p> <p>Les contenus de communication \u00e9chang\u00e9s entre vous et nous sur WhatsApp restent chez nous jusqu'\u00e0 ce que vous nous demandiez leur suppression, que vous r\u00e9voquiez votre consentement \u00e0 leur stockage ou que la finalit\u00e9 de la conservation des donn\u00e9es disparaisse (par ex. apr\u00e8s traitement complet de votre demande). Les dispositions l\u00e9gales imp\u00e9ratives \u2013 notamment les d\u00e9lais de conservation \u2013 restent inchang\u00e9es.<\/p><p>L'entreprise dispose d'une certification selon le \u00ab EU-US Data Privacy Framework \u00bb (DPF). Le DPF est un accord entre l\u2019Union europ\u00e9enne et les \u00c9tats-Unis pour garantir le respect des standards europ\u00e9ens en mati\u00e8re de protection des donn\u00e9es lors des traitements de donn\u00e9es aux \u00c9tats-Unis. Toute entreprise certifi\u00e9e DPF s\u2019engage \u00e0 respecter ces standards. Vous trouverez plus d\u2019informations aupr\u00e8s du prestataire sous le lien suivant : <a href=\"https:\/\/www.dataprivacyframework.gov\/participant\/7735\" target=\"_blank\" rel=\"noopener noreferrer\">https:\/\/www.dataprivacyframework.gov\/participant\/7735<\/a>.<\/p><h2>5. Plugins et outils<\/h2><h3>Google Fonts (h\u00e9bergement local)<\/h3> <p>Ce site utilise, pour une pr\u00e9sentation uniforme des polices de caract\u00e8res, les Google Fonts, fournis par Google. Les Google Fonts sont install\u00e9es localement. Il n'y a pas de connexion aux serveurs de Google.<\/p> <p>Pour plus d'informations sur Google Fonts, consultez <a href=\"https:\/\/developers.google.com\/fonts\/faq\" target=\"_blank\" rel=\"noopener noreferrer\">https:\/\/developers.google.com\/fonts\/faq<\/a> et la politique de confidentialit\u00e9 de Google :<a href=\"https:\/\/policies.google.com\/privacy?hl=fr\" target=\"_blank\" rel=\"noopener noreferrer\">https:\/\/policies.google.com\/privacy?hl=fr<\/a>.<\/p><\/div><\/div><\/div><\/div>\n","protected":false},"excerpt":{"rendered":"","protected":false},"author":1,"featured_media":0,"parent":0,"menu_order":0,"comment_status":"closed","ping_status":"closed","template":"100-width.php","meta":{"footnotes":""},"class_list":["post-3697","page","type-page","status-publish","hentry"],"yoast_head":"<!-- This site is optimized with the Yoast SEO plugin v26.8 - https:\/\/yoast.com\/product\/yoast-seo-wordpress\/ -->\n<title>Protection des donn\u00e9es &#8211; ReRec GmbH<\/title>\n<meta name=\"robots\" content=\"index, follow, max-snippet:-1, max-image-preview:large, max-video-preview:-1\" \/>\n<link rel=\"canonical\" href=\"https:\/\/rerec.eu\/fr\/data-privacy\/\" \/>\n<meta property=\"og:locale\" content=\"fr_FR\" \/>\n<meta property=\"og:type\" content=\"article\" \/>\n<meta property=\"og:title\" content=\"Protection des donn\u00e9es &#8211; ReRec GmbH\" \/>\n<meta property=\"og:url\" content=\"https:\/\/rerec.eu\/fr\/data-privacy\/\" \/>\n<meta property=\"og:site_name\" content=\"ReRec GmbH\" \/>\n<meta property=\"article:publisher\" content=\"https:\/\/www.facebook.com\/profile.php?id=100063562990196#\" \/>\n<meta property=\"article:modified_time\" content=\"2025-07-27T23:32:45+00:00\" \/>\n<meta property=\"og:image\" content=\"https:\/\/rerec.eu\/wp-content\/uploads\/2025\/01\/rerec-leiterplatten-ankauf.jpg\" \/>\n\t<meta property=\"og:image:width\" content=\"1920\" \/>\n\t<meta property=\"og:image:height\" content=\"1080\" \/>\n\t<meta property=\"og:image:type\" content=\"image\/jpeg\" \/>\n<meta name=\"twitter:card\" content=\"summary_large_image\" \/>\n<meta name=\"twitter:label1\" content=\"Dur\u00e9e de lecture estim\u00e9e\" \/>\n\t<meta name=\"twitter:data1\" content=\"2 minutes\" \/>\n<script type=\"application\/ld+json\" class=\"yoast-schema-graph\">{\"@context\":\"https:\/\/schema.org\",\"@graph\":[{\"@type\":\"WebPage\",\"@id\":\"https:\/\/rerec.eu\/fr\/data-privacy\/\",\"url\":\"https:\/\/rerec.eu\/fr\/data-privacy\/\",\"name\":\"Protection des donn\u00e9es &#8211; ReRec GmbH\",\"isPartOf\":{\"@id\":\"https:\/\/rerec.eu\/fr\/#website\"},\"datePublished\":\"2024-12-16T21:29:29+00:00\",\"dateModified\":\"2025-07-27T23:32:45+00:00\",\"breadcrumb\":{\"@id\":\"https:\/\/rerec.eu\/fr\/data-privacy\/#breadcrumb\"},\"inLanguage\":\"fr-FR\",\"potentialAction\":[{\"@type\":\"ReadAction\",\"target\":[\"https:\/\/rerec.eu\/fr\/data-privacy\/\"]}]},{\"@type\":\"BreadcrumbList\",\"@id\":\"https:\/\/rerec.eu\/fr\/data-privacy\/#breadcrumb\",\"itemListElement\":[{\"@type\":\"ListItem\",\"position\":1,\"name\":\"Home\",\"item\":\"https:\/\/rerec.eu\/fr\/\"},{\"@type\":\"ListItem\",\"position\":2,\"name\":\"Protection des donn\u00e9es\"}]},{\"@type\":\"WebSite\",\"@id\":\"https:\/\/rerec.eu\/fr\/#website\",\"url\":\"https:\/\/rerec.eu\/fr\/\",\"name\":\"ReRec GmbH\",\"description\":\"Wir kaufen Elektronikschrott, Sonderlegierungen und Edelmetalle aller Art.\",\"publisher\":{\"@id\":\"https:\/\/rerec.eu\/fr\/#organization\"},\"alternateName\":\"ReRec Recycling\",\"potentialAction\":[{\"@type\":\"SearchAction\",\"target\":{\"@type\":\"EntryPoint\",\"urlTemplate\":\"https:\/\/rerec.eu\/fr\/?s={search_term_string}\"},\"query-input\":{\"@type\":\"PropertyValueSpecification\",\"valueRequired\":true,\"valueName\":\"search_term_string\"}}],\"inLanguage\":\"fr-FR\"},{\"@type\":\"Organization\",\"@id\":\"https:\/\/rerec.eu\/fr\/#organization\",\"name\":\"ReRec GmbH\",\"alternateName\":\"ReRec Recycling\",\"url\":\"https:\/\/rerec.eu\/fr\/\",\"logo\":{\"@type\":\"ImageObject\",\"inLanguage\":\"fr-FR\",\"@id\":\"https:\/\/rerec.eu\/fr\/#\/schema\/logo\/image\/\",\"url\":\"https:\/\/rerec.eu\/wp-content\/uploads\/2024\/12\/rerec-gmbh-recycling.svg\",\"contentUrl\":\"https:\/\/rerec.eu\/wp-content\/uploads\/2024\/12\/rerec-gmbh-recycling.svg\",\"width\":165,\"height\":50,\"caption\":\"ReRec GmbH\"},\"image\":{\"@id\":\"https:\/\/rerec.eu\/fr\/#\/schema\/logo\/image\/\"},\"sameAs\":[\"https:\/\/www.facebook.com\/profile.php?id=100063562990196#\"]}]}<\/script>\n<!-- \/ Yoast SEO plugin. -->","yoast_head_json":{"title":"Protection des donn\u00e9es &#8211; ReRec GmbH","robots":{"index":"index","follow":"follow","max-snippet":"max-snippet:-1","max-image-preview":"max-image-preview:large","max-video-preview":"max-video-preview:-1"},"canonical":"https:\/\/rerec.eu\/fr\/data-privacy\/","og_locale":"fr_FR","og_type":"article","og_title":"Protection des donn\u00e9es &#8211; ReRec GmbH","og_url":"https:\/\/rerec.eu\/fr\/data-privacy\/","og_site_name":"ReRec GmbH","article_publisher":"https:\/\/www.facebook.com\/profile.php?id=100063562990196#","article_modified_time":"2025-07-27T23:32:45+00:00","og_image":[{"width":1920,"height":1080,"url":"https:\/\/rerec.eu\/wp-content\/uploads\/2025\/01\/rerec-leiterplatten-ankauf.jpg","type":"image\/jpeg"}],"twitter_card":"summary_large_image","twitter_misc":{"Dur\u00e9e de lecture estim\u00e9e":"2 minutes"},"schema":{"@context":"https:\/\/schema.org","@graph":[{"@type":"WebPage","@id":"https:\/\/rerec.eu\/fr\/data-privacy\/","url":"https:\/\/rerec.eu\/fr\/data-privacy\/","name":"Protection des donn\u00e9es &#8211; ReRec GmbH","isPartOf":{"@id":"https:\/\/rerec.eu\/fr\/#website"},"datePublished":"2024-12-16T21:29:29+00:00","dateModified":"2025-07-27T23:32:45+00:00","breadcrumb":{"@id":"https:\/\/rerec.eu\/fr\/data-privacy\/#breadcrumb"},"inLanguage":"fr-FR","potentialAction":[{"@type":"ReadAction","target":["https:\/\/rerec.eu\/fr\/data-privacy\/"]}]},{"@type":"BreadcrumbList","@id":"https:\/\/rerec.eu\/fr\/data-privacy\/#breadcrumb","itemListElement":[{"@type":"ListItem","position":1,"name":"Home","item":"https:\/\/rerec.eu\/fr\/"},{"@type":"ListItem","position":2,"name":"Protection des donn\u00e9es"}]},{"@type":"WebSite","@id":"https:\/\/rerec.eu\/fr\/#website","url":"https:\/\/rerec.eu\/fr\/","name":"ReRec GmbH","description":"Wir kaufen Elektronikschrott, Sonderlegierungen und Edelmetalle aller Art.","publisher":{"@id":"https:\/\/rerec.eu\/fr\/#organization"},"alternateName":"ReRec Recycling","potentialAction":[{"@type":"SearchAction","target":{"@type":"EntryPoint","urlTemplate":"https:\/\/rerec.eu\/fr\/?s={search_term_string}"},"query-input":{"@type":"PropertyValueSpecification","valueRequired":true,"valueName":"search_term_string"}}],"inLanguage":"fr-FR"},{"@type":"Organization","@id":"https:\/\/rerec.eu\/fr\/#organization","name":"ReRec GmbH","alternateName":"ReRec Recycling","url":"https:\/\/rerec.eu\/fr\/","logo":{"@type":"ImageObject","inLanguage":"fr-FR","@id":"https:\/\/rerec.eu\/fr\/#\/schema\/logo\/image\/","url":"https:\/\/rerec.eu\/wp-content\/uploads\/2024\/12\/rerec-gmbh-recycling.svg","contentUrl":"https:\/\/rerec.eu\/wp-content\/uploads\/2024\/12\/rerec-gmbh-recycling.svg","width":165,"height":50,"caption":"ReRec GmbH"},"image":{"@id":"https:\/\/rerec.eu\/fr\/#\/schema\/logo\/image\/"},"sameAs":["https:\/\/www.facebook.com\/profile.php?id=100063562990196#"]}]}},"_links":{"self":[{"href":"https:\/\/rerec.eu\/fr\/wp-json\/wp\/v2\/pages\/3697","targetHints":{"allow":["GET"]}}],"collection":[{"href":"https:\/\/rerec.eu\/fr\/wp-json\/wp\/v2\/pages"}],"about":[{"href":"https:\/\/rerec.eu\/fr\/wp-json\/wp\/v2\/types\/page"}],"author":[{"embeddable":true,"href":"https:\/\/rerec.eu\/fr\/wp-json\/wp\/v2\/users\/1"}],"replies":[{"embeddable":true,"href":"https:\/\/rerec.eu\/fr\/wp-json\/wp\/v2\/comments?post=3697"}],"version-history":[{"count":9,"href":"https:\/\/rerec.eu\/fr\/wp-json\/wp\/v2\/pages\/3697\/revisions"}],"predecessor-version":[{"id":12969,"href":"https:\/\/rerec.eu\/fr\/wp-json\/wp\/v2\/pages\/3697\/revisions\/12969"}],"wp:attachment":[{"href":"https:\/\/rerec.eu\/fr\/wp-json\/wp\/v2\/media?parent=3697"}],"curies":[{"name":"wp","href":"https:\/\/api.w.org\/{rel}","templated":true}]}}