{"id":3695,"date":"2024-12-16T22:29:29","date_gmt":"2024-12-16T21:29:29","guid":{"rendered":"https:\/\/rerec.eu\/?page_id=3695"},"modified":"2025-07-28T00:30:59","modified_gmt":"2025-07-27T23:30:59","slug":"data-privacy","status":"publish","type":"page","link":"https:\/\/rerec.eu\/pl\/data-privacy\/","title":{"rendered":"Ochrona danych"},"content":{"rendered":"<div class=\"fusion-fullwidth fullwidth-box fusion-builder-row-1 fusion-flex-container has-pattern-background has-mask-background nonhundred-percent-fullwidth non-hundred-percent-height-scrolling plain-text\" style=\"--awb-border-radius-top-left:0px;--awb-border-radius-top-right:0px;--awb-border-radius-bottom-right:0px;--awb-border-radius-bottom-left:0px;--awb-flex-wrap:wrap;\" ><div class=\"fusion-builder-row fusion-row fusion-flex-align-items-flex-start fusion-flex-content-wrap\" style=\"max-width:1591.2px;margin-left: calc(-4% \/ 2 );margin-right: calc(-4% \/ 2 );\"><div class=\"fusion-layout-column fusion_builder_column fusion-builder-column-0 fusion_builder_column_1_1 1_1 fusion-flex-column\" style=\"--awb-bg-size:cover;--awb-width-large:100%;--awb-margin-top-large:0px;--awb-spacing-right-large:1.92%;--awb-margin-bottom-large:20px;--awb-spacing-left-large:1.92%;--awb-width-medium:100%;--awb-order-medium:0;--awb-spacing-right-medium:1.92%;--awb-spacing-left-medium:1.92%;--awb-width-small:100%;--awb-order-small:0;--awb-spacing-right-small:1.92%;--awb-spacing-left-small:1.92%;\"><div class=\"fusion-column-wrapper fusion-column-has-shadow fusion-flex-justify-content-flex-start fusion-content-layout-column\"><h1>Polityka prywatno\u015bci<\/h1><h2>1. Ochrona danych w skr\u00f3cie<\/h2><h3>Og\u00f3lne wskaz\u00f3wki<\/h3><p>Poni\u017csze wskaz\u00f3wki daj\u0105 prosty przegl\u0105d tego, co dzieje si\u0119 z Twoimi danymi osobowymi, gdy odwiedzasz t\u0119 stron\u0119 internetow\u0105. Dane osobowe to wszystkie dane, na podstawie kt\u00f3rych mo\u017cna Ci\u0119 zidentyfikowa\u0107 osobi\u015bcie. Szczeg\u00f3\u0142owe informacje na temat ochrony danych znajdziesz w naszej polityce prywatno\u015bci wymienionej poni\u017cej tego tekstu.<\/p><h3>Zbieranie danych na tej stronie internetowej<\/h3><h4>Kto jest odpowiedzialny za zbieranie danych na tej stronie?<\/h4><p>Przetwarzanie danych na tej stronie odbywa si\u0119 przez operatora strony. Dane kontaktowe operatora znajdziesz w sekcji \u201eInformacja o podmiocie odpowiedzialnym\u201d w niniejszej polityce prywatno\u015bci.<\/p><h4>Jak zbieramy Twoje dane?<\/h4><p>Twoje dane s\u0105 zbierane z jednej strony przez to, \u017ce nam je przekazujesz. Mo\u017ce to by\u0107 np. poprzez wype\u0142nienie formularza kontaktowego.<\/p><p>Inne dane s\u0105 zbierane automatycznie lub za twoj\u0105 zgod\u0105 podczas wizyty na stronie przez nasze systemy IT. S\u0105 to g\u0142\u00f3wnie dane techniczne (np. przegl\u0105darka internetowa, system operacyjny lub godzina wej\u015bcia na stron\u0119). Zbieranie tych danych nast\u0119puje automatycznie, gdy tylko wejdziesz na t\u0119 stron\u0119 internetow\u0105.<\/p><h4>Do czego wykorzystujemy Twoje dane?<\/h4><p>Cz\u0119\u015b\u0107 danych jest zbierana, aby zapewni\u0107 bezb\u0142\u0119dne udost\u0119pnienie strony internetowej. Inne dane mog\u0105 by\u0107 wykorzystywane do analizy zachowania u\u017cytkownika. Je\u015bli przez stron\u0119 internetow\u0105 mo\u017cliwe jest zawieranie lub nawi\u0105zywanie um\u00f3w, przekazane dane s\u0142u\u017c\u0105 r\u00f3wnie\u017c ofertom umownym, zam\u00f3wieniom lub innym zapytaniom o wykonanie us\u0142ug.<\/p><h4>Jakie prawa przys\u0142uguj\u0105 Ci w odniesieniu do Twoich danych?<\/h4><p>Masz w ka\u017cdej chwili prawo do bezp\u0142atnej informacji o pochodzeniu, odbiorcy i celu przetwarzania Twoich przechowywanych danych osobowych. Masz tak\u017ce prawo \u017c\u0105da\u0107 sprostowania lub usuni\u0119cia tych danych. Je\u015bli wyrazi\u0142e\u015b\/-a\u015b zgod\u0119 na przetwarzanie danych, mo\u017cesz t\u0119 zgod\u0119 w ka\u017cdej chwili cofn\u0105\u0107 ze skutkiem na przysz\u0142o\u015b\u0107. Masz tak\u017ce prawo, w okre\u015blonych przypadkach, \u017c\u0105da\u0107 ograniczenia przetwarzania Twoich danych osobowych. Poza tym przys\u0142uguje Ci prawo do z\u0142o\u017cenia skargi do w\u0142a\u015bciwego organu nadzorczego.<\/p><p>W tym celu oraz w przypadku dalszych pyta\u0144 dotycz\u0105cych ochrony danych mo\u017cesz w ka\u017cdej chwili skontaktowa\u0107 si\u0119 z nami.<\/p><h3>Narz\u0119dzia analityczne i narz\u0119dzia dostawc\u00f3w zewn\u0119trznych<\/h3><p>Podczas odwiedzania tej strony Twoje zachowanie w sieci mo\u017ce zosta\u0107 poddane analizie statystycznej. Odbywa si\u0119 to g\u0142\u00f3wnie za pomoc\u0105 tzw. program\u00f3w analitycznych.<\/p><p>Szczeg\u00f3\u0142owe informacje na temat tych program\u00f3w analitycznych znajdziesz w poni\u017cszej polityce prywatno\u015bci.<\/p><h2>2. Hosting i sieci dostarczania tre\u015bci (CDN)<\/h2><p>Hostujemy zawarto\u015b\u0107 naszej strony internetowej u nast\u0119puj\u0105cego dostawcy:<\/p><h3>Zewn\u0119trzny hosting<\/h3><p>Ta strona jest hostowana zewn\u0119trznie. Dane osobowe, kt\u00f3re gromadzimy na tej stronie, s\u0105 przechowywane na serwerach hosta\/hoster\u00f3w. Mog\u0105 to by\u0107 g\u0142\u00f3wnie adresy IP, zapytania kontaktowe, dane meta i komunikacyjne, dane umowne, dane kontaktowe, imiona i nazwiska, odwiedziny strony i inne dane generowane przez stron\u0119 internetow\u0105.<\/p><p>Zewn\u0119trzny hosting odbywa si\u0119 w celu realizacji umowy wobec naszych potencjalnych i obecnych klient\u00f3w (art. 6 ust. 1 lit. b RODO) oraz w interesie bezpiecznego, szybkiego i efektywnego udost\u0119pniania naszej oferty online przez profesjonalnego dostawc\u0119 (art. 6 ust. 1 lit. f RODO). Gdy zosta\u0142a uzyskana odpowiednia zgoda, przetwarzanie odbywa si\u0119 wy\u0142\u0105cznie na podstawie art. 6 ust. 1 lit. a RODO oraz \u00a7 25 ust. 1 TDDDG, o ile zgoda obejmuje przechowywanie plik\u00f3w cookie lub dost\u0119p do informacji w urz\u0105dzeniu ko\u0144cowym u\u017cytkownika (np. rozpoznawanie urz\u0105dzenia) w rozumieniu TDDDG. Zgoda mo\u017ce by\u0107 w ka\u017cdej chwili odwo\u0142ana.<\/p><p>Nasz\/nasi hoster mo\u017ce\/mog\u0105 przetwarza\u0107 Twoje dane tylko w zakresie, w jakim jest to konieczne do wype\u0142nienia swoich zobowi\u0105za\u0144 i zgodnie z naszymi wytycznymi w odniesieniu do tych danych.<\/p><p>Korzystamy z nast\u0119puj\u0105cego(ych) dostawcy(\u00f3w) hostingu:<\/p><p>Cloudflare Germany GmbH<br \/>Rosental 7, c\/o Mindspace, 80331 Monachium<\/p><h4>Przetwarzanie zlecone<\/h4><p>Mamy zawart\u0105 umow\u0119 o przetwarzanie zlecone (AVV) w celu korzystania z powy\u017cszej us\u0142ugi. Jest to umowa wymagana przepisami dotycz\u0105cymi ochrony danych, kt\u00f3ra zapewnia, \u017ce powy\u017cszy dostawca przetwarza dane osobowe odwiedzaj\u0105cych nasz\u0105 stron\u0119 wy\u0142\u0105cznie zgodnie z naszymi instrukcjami i przy zachowaniu RODO.<\/p><h3>Cloudflare<\/h3><p>Korzystamy z us\u0142ugi \u201eCloudflare\u201d. Dostawc\u0105 jest Cloudflare Inc., 101 Townsend St., San Francisco, CA 94107, USA (dalej \u201eCloudflare\u201d).<\/p><p>Cloudflare oferuje na ca\u0142ym \u015bwiecie rozproszon\u0105 sie\u0107 dostarczania tre\u015bci (CDN) z DNS. Technicznie transfer informacji mi\u0119dzy Twoj\u0105 przegl\u0105dark\u0105 a nasz\u0105 stron\u0105 jest kierowany przez sie\u0107 Cloudflare. Pozwala to Cloudflare analizowa\u0107 ruch mi\u0119dzy Twoj\u0105 przegl\u0105dark\u0105 a nasz\u0105 stron\u0105 oraz dzia\u0142a\u0107 jako filtr pomi\u0119dzy naszymi serwerami a potencjalnie szkodliwym ruchem z Internetu. Cloudflare mo\u017ce przy tym stosowa\u0107 pliki cookie lub inne technologie rozpoznawania u\u017cytkownik\u00f3w Internetu, kt\u00f3re jednak wykorzystywane s\u0105 wy\u0142\u0105cznie do opisanego tutaj celu.<\/p><p>Korzystanie z Cloudflare opiera si\u0119 na naszym uzasadnionym interesie w jak najbardziej bezb\u0142\u0119dnym i bezpiecznym udost\u0119pnianiu naszej oferty internetowej (art. 6 ust. 1 lit. f RODO).<\/p><p>Przekazywanie danych do USA odbywa si\u0119 na podstawie standardowych klauzul umownych Komisji Europejskiej. Szczeg\u00f3\u0142y i wi\u0119cej informacji na temat bezpiecze\u0144stwa i ochrony danych w Cloudflare znajdziesz tutaj: <a href=\"https:\/\/www.cloudflare.com\/privacypolicy\/\" target=\"_blank\" rel=\"noopener noreferrer\">https:\/\/www.cloudflare.com\/privacypolicy\/<\/a>.<\/p><p>Firma posiada certyfikat \u201eEU-US Data Privacy Framework\u201d (DPF). DPF to porozumienie mi\u0119dzy Uni\u0105 Europejsk\u0105 a USA, kt\u00f3re ma zapewni\u0107 zgodno\u015b\u0107 z europejskimi standardami ochrony danych przy przetwarzaniu danych w USA. Ka\u017cda firma certyfikowana zgodnie z DPF zobowi\u0105zuje si\u0119 do przestrzegania tych standard\u00f3w ochrony danych. Wi\u0119cej informacji znajdziesz pod nast\u0119puj\u0105cym linkiem: <a href=\"https:\/\/www.dataprivacyframework.gov\/participant\/5666\" target=\"_blank\" rel=\"noopener noreferrer\">https:\/\/www.dataprivacyframework.gov\/participant\/5666<\/a>.<\/p><h4>Przetwarzanie zlecone<\/h4><p>Mamy zawart\u0105 umow\u0119 o przetwarzanie zlecone (AVV) z powy\u017cszym dostawc\u0105. Jest to umowa wymagana przepisami dotycz\u0105cymi ochrony danych, kt\u00f3ra zapewnia, \u017ce powy\u017cszy dostawca przetwarza dane osobowe odwiedzaj\u0105cych nasz\u0105 stron\u0119 wy\u0142\u0105cznie zgodnie z naszymi instrukcjami i przy zachowaniu RODO.<\/p><h2>3. Og\u00f3lne wskaz\u00f3wki i informacje obowi\u0105zkowe<\/h2><h3>Ochrona danych<\/h3><p>Operatorzy tych stron bardzo powa\u017cnie traktuj\u0105 ochron\u0119 Twoich danych osobowych. Traktujemy Twoje dane osobowe poufnie i zgodnie z prawnie obowi\u0105zuj\u0105cymi przepisami o ochronie danych oraz niniejsz\u0105 polityk\u0105 prywatno\u015bci.<\/p><p>Podczas korzystania z tej strony internetowej zbierane s\u0105 r\u00f3\u017cne dane osobowe. Dane osobowe to dane, na podstawie kt\u00f3rych mo\u017cna Ci\u0119 zidentyfikowa\u0107 osobi\u015bcie. Niniejsza polityka prywatno\u015bci wyja\u015bnia, jakie dane zbieramy i do czego je wykorzystujemy. Wyja\u015bnia tak\u017ce, jak i w jakim celu to si\u0119 odbywa.<\/p><p>Zwracamy uwag\u0119, \u017ce przesy\u0142anie danych w Internecie (np. podczas komunikacji za pomoc\u0105 e-maila) mo\u017ce mie\u0107 luki bezpiecze\u0144stwa. Ca\u0142kowita ochrona danych przed dost\u0119pem os\u00f3b trzecich nie jest mo\u017cliwa.<\/p><h3>Informacja o podmiocie odpowiedzialnym<\/h3><p>Podmiot odpowiedzialny za przetwarzanie danych na tej stronie to:<\/p><p>ReRec GmbH<br \/>Leinestra\u00dfe 39<br \/>24539 Neum\u00fcnster<\/p><p>Telefon: +49 04321 2067906 lub +49 04321 9655786<br \/>E-Mail: info@rerec.eu<\/p><p>Podmiotem odpowiedzialnym jest osoba fizyczna lub prawna, kt\u00f3ra samodzielnie lub wsp\u00f3lnie z innymi decyduje o celach i sposobach przetwarzania danych osobowych (np. imiona i nazwiska, adresy e-mail itp.).<\/p><h3>Czas przechowywania<\/h3><p>O ile w niniejszej polityce prywatno\u015bci nie podano innego okresu przechowywania, Twoje dane osobowe pozostaj\u0105 u nas, dop\u00f3ki nie ustanie cel przetwarzania danych. Je\u015bli z\u0142o\u017cysz uzasadniony wniosek o usuni\u0119cie danych lub cofniesz zgod\u0119 na przetwarzanie danych, Twoje dane zostan\u0105 usuni\u0119te, chyba \u017ce mamy inne prawnie dozwolone powody do ich przechowywania (np. podatkowe lub handlowe okresy przechowywania); w tym ostatnim przypadku usuwanie nast\u0119puje po ustaniu tych powod\u00f3w.<\/p><h3>Og\u00f3lne wskaz\u00f3wki dotycz\u0105ce podstaw prawnych przetwarzania danych na tej stronie<\/h3><p>Je\u015bli wyrazi\u0142e\u015b\/-a\u015b zgod\u0119 na przetwarzanie danych, przetwarzamy Twoje dane osobowe na podstawie art. 6 ust. 1 lit. a RODO i art. 9 ust. 2 lit. a RODO, je\u015bli przetwarzane s\u0105 szczeg\u00f3lne kategorie danych zgodnie z art. 9 ust. 1 RODO. W przypadku wyra\u017anej zgody na przekazanie danych osobowych do pa\u0144stw trzecich przetwarzanie danych odbywa si\u0119 r\u00f3wnie\u017c na podstawie art. 49 ust. 1 lit. a RODO. Je\u015bli wyrazi\u0142e\u015b\/-a\u015b zgod\u0119 na przechowywanie plik\u00f3w cookie lub dost\u0119p do informacji w Twoim urz\u0105dzeniu ko\u0144cowym (np. poprzez rozpoznawanie urz\u0105dzenia), przetwarzanie danych odbywa si\u0119 r\u00f3wnie\u017c na podstawie \u00a7 25 ust. 1 TDDDG. Zgoda mo\u017ce by\u0107 w ka\u017cdej chwili odwo\u0142ana. Je\u017celi Twoje dane s\u0105 potrzebne do realizacji umowy lub do dzia\u0142a\u0144 przedumownych, przetwarzamy Twoje dane na podstawie art. 6 ust. 1 lit. b RODO. W pozosta\u0142ych przypadkach przetwarzamy Twoje dane w razie potrzeby do spe\u0142nienia obowi\u0105zku prawnego na podstawie art. 6 ust. 1 lit. c RODO. Przetwarzanie danych mo\u017ce r\u00f3wnie\u017c odbywa\u0107 si\u0119 na podstawie naszego uzasadnionego interesu zgodnie z art. 6 ust. 1 lit. f RODO. O odpowiedniej podstawie prawnej informujemy w poni\u017cszych punktach tej polityki prywatno\u015bci.<\/p><h3>Odbiorcy danych osobowych<\/h3><p>W ramach naszej dzia\u0142alno\u015bci wsp\u00f3\u0142pracujemy z r\u00f3\u017cnymi podmiotami zewn\u0119trznymi. Cz\u0119\u015bciowo przekazywanie danych osobowych do tych podmiot\u00f3w jest konieczne. Przekazujemy dane osobowe wy\u0142\u0105cznie wtedy, gdy jest to konieczne w ramach wykonywania umowy, gdy jeste\u015bmy do tego prawnie zobowi\u0105zani (np. przekazanie danych organom podatkowym), gdy mamy uzasadniony interes na podstawie art. 6 ust. 1 lit. f RODO, albo gdy inna podstawa prawna dopuszcza przekazanie danych. W przypadku podwykonawc\u00f3w przekazujemy dane naszych klient\u00f3w wy\u0142\u0105cznie na podstawie wa\u017cnej umowy powierzenia przetwarzania. W przypadku wsp\u00f3lnego przetwarzania zawierana jest umowa o wsp\u00f3lnym przetwarzaniu.<\/p><h3>Odwo\u0142anie zgody na przetwarzanie danych<\/h3><p>Wiele operacji przetwarzania danych mo\u017cliwe jest tylko za wyra\u017an\u0105 zgod\u0105. Udzielon\u0105 ju\u017c zgod\u0119 mo\u017cesz w ka\u017cdej chwili odwo\u0142a\u0107. Zgodno\u015b\u0107 z prawem przetwarzania danych do momentu odwo\u0142ania pozostaje nienaruszona.<\/p><h3>Prawo sprzeciwu wobec zbierania danych w szczeg\u00f3lnych przypadkach oraz wobec marketingu bezpo\u015bredniego (art. 21 RODO)<\/h3><p>JE\u015aLI PRZETWARZANIE DANYCH ODBYWA SI\u0118 NA PODSTAWIE ART. 6 UST. 1 LIT. E LUB F RODO, MASZ W KA\u017bDEJ CHWILI PRAWO, Z PRZYCZYN WYNIKAJ\u0104CYCH Z TWOJEJ SZCZEG\u00d3LNEJ SYTUACJI, WNIE\u015a\u0106 SPRZECIW WOBEC PRZETWARZANIA SWOICH DANYCH OSOBOWYCH; DOTYCZY TO R\u00d3WNIE\u017b PROFILOWANIA W OPARCIU O TE PRZEPISY. W\u0141A\u015aCIWA PODSTAWA PRAWNA PRZETWARZANIA ZOSTA\u0141A WSKAZANA W NINIEJSZEJ POLITYCE PRYWATNO\u015aCI. JE\u015aLI WNIESIESZ SPRZECIW, NIE B\u0118DZIEMY JU\u017b PRZETWARZA\u0106 TWOICH DANYCH OSOBOWYCH, O ILE NIE UDOWODNIMY ISTNIENIA WA\u017bNYCH UZASADNIONYCH PODSTAW DO PRZETWARZANIA, KT\u00d3RE PRZEWA\u017bAJ\u0104 NAD TWOIMI INTERESAMI, PRAWAMI I WOLNO\u015aCIAMI LUB PRZETWARZANIE S\u0141U\u017bY DO USTALENIA, DOCHODZENIA LUB OBRONY ROSZCZE\u0143 PRAWNYCH (SPRZECIW NA PODSTAWIE ART. 21 UST. 1 RODO).<\/p><p>JE\u017bELI TWOJE DANE OSOBOWE S\u0104 PRZETWARZANE W CELACH MARKETINGU BEZPO\u015aREDNIEGO, MASZ PRAWO W KA\u017bDEJ CHWILI WNIE\u015a\u0106 SPRZECIW WOBEC PRZETWARZANIA DOTYCZ\u0104CYCH CI\u0118 DANYCH OSOBOWYCH DO TAKICH CEL\u00d3W REKLAMOWYCH; DOTYCZY TO R\u00d3WNIE\u017b PROFILOWANIA, O ILE JEST ZWI\u0104ZANE Z TAKIM MARKETINGIEM BEZPO\u015aREDNIM. JE\u015aLI WNIESIESZ SPRZECIW, TWOJE DANE OSOBOWE NIE B\u0118D\u0104 JU\u017b WYKORZYSTYWANE DO CEL\u00d3W MARKETINGU BEZPO\u015aREDNIEGO (SPRZECIW NA PODSTAWIE ART. 21 UST. 2 RODO).<\/p><h3>Prawo skargi do w\u0142a\u015bciwego organu nadzorczego<\/h3><p>W przypadku narusze\u0144 RODO osobom, kt\u00f3rych dane dotycz\u0105, przys\u0142uguje prawo do z\u0142o\u017cenia skargi do organu nadzorczego, w szczeg\u00f3lno\u015bci w pa\u0144stwie cz\u0142onkowskim ich zwyk\u0142ego pobytu, miejsca pracy lub miejsca domniemanego naruszenia. Prawo do skargi pozostaje bez uszczerbku dla innych administracyjnych lub s\u0105dowych \u015brodk\u00f3w ochrony prawnej.<\/p><h3>Prawo do przenoszenia danych<\/h3><p>Masz prawo za\u017c\u0105da\u0107, aby dane, kt\u00f3re przetwarzamy automatycznie na podstawie Twojej zgody lub w ramach realizacji umowy, zosta\u0142y przekazane Tobie lub osobie trzeciej w powszechnie u\u017cywanym formacie nadaj\u0105cym si\u0119 do odczytu maszynowego. O ile za\u017c\u0105dasz bezpo\u015bredniego przekazania danych innemu administratorowi, stanie si\u0119 to tylko w zakresie technicznie mo\u017cliwym.<\/p><h3>Prawo do informacji, sprostowania i usuni\u0119cia danych<\/h3><p>W granicach okre\u015blonych prawem masz w ka\u017cdej chwili prawo do bezp\u0142atnej informacji o swoich przechowywanych danych osobowych, o ich pochodzeniu, odbiorcach i celu ich przetwarzania, a tak\u017ce do sprostowania lub usuni\u0119cia tych danych. W tym celu oraz w razie dalszych pyta\u0144 dotycz\u0105cych danych osobowych mo\u017cesz w ka\u017cdej chwili skontaktowa\u0107 si\u0119 z nami.<\/p><h3>Prawo do ograniczenia przetwarzania<\/h3><p>Masz prawo \u017c\u0105da\u0107 ograniczenia przetwarzania Twoich danych osobowych. W tym celu mo\u017cesz w ka\u017cdej chwili skontaktowa\u0107 si\u0119 z nami. Prawo do ograniczenia przetwarzania przys\u0142uguje w nast\u0119puj\u0105cych przypadkach:<\/p><ul><li>Je\u015bli kwestionujesz prawid\u0142owo\u015b\u0107 przechowywanych przez nas danych osobowych, zwykle potrzebujemy czasu na sprawdzenie tej kwestii. Na czas trwania sprawdzenia masz prawo \u017c\u0105da\u0107 ograniczenia przetwarzania swoich danych osobowych.<\/li><li>Je\u015bli przetwarzanie Twoich danych osobowych odbywa\u0142o si\u0119\/odbywa niezgodnie z prawem, zamiast usuni\u0119cia mo\u017cesz za\u017c\u0105da\u0107 ograniczenia przetwarzania danych.<\/li><li>Je\u015bli nie potrzebujemy ju\u017c Twoich danych osobowych, ale s\u0105 Ci one potrzebne do dochodzenia, obrony lub ustalenia roszcze\u0144 prawnych, masz prawo zamiast usuni\u0119cia \u017c\u0105da\u0107 ograniczenia przetwarzania danych osobowych.<\/li><li>Je\u015bli zg\u0142osi\u0142e\u015b\/-a\u015b sprzeciw na podstawie art. 21 ust. 1 RODO, nale\u017cy przeprowadzi\u0107 ocen\u0119, czyje interesy przewa\u017caj\u0105. Dop\u00f3ki nie zostanie ustalone, czyje interesy przewa\u017caj\u0105, masz prawo \u017c\u0105da\u0107 ograniczenia przetwarzania swoich danych osobowych.<\/li><\/ul><p>Je\u015bli ograniczono przetwarzanie Twoich danych osobowych, wolno je \u2013 opr\u00f3cz przechowywania \u2013 przetwarza\u0107 wy\u0142\u0105cznie za Twoj\u0105 zgod\u0105 lub w celu ustalenia, dochodzenia, obrony roszcze\u0144 prawnych, ochrony praw innej osoby fizycznej lub prawnej lub z wa\u017cnych powod\u00f3w interesu publicznego UE lub pa\u0144stwa cz\u0142onkowskiego.<\/p><h3>Szyfrowanie SSL lub TLS<\/h3><p>Ze wzgl\u0119d\u00f3w bezpiecze\u0144stwa oraz dla ochrony przesy\u0142ania poufnych tre\u015bci, takich jak zam\u00f3wienia lub zapytania wysy\u0142ane do nas jako operatora strony, ta strona korzysta z szyfrowania SSL lub TLS. Zaszyfrowane po\u0142\u0105czenie rozpoznasz po tym, \u017ce pasek adresu w przegl\u0105darce prze\u0142\u0105cza si\u0119 z \u201ehttp:\/\/\u201d na \u201ehttps:\/\/\u201d oraz po symbolu k\u0142\u00f3dki w pasku przegl\u0105darki.<\/p><p>Gdy szyfrowanie SSL lub TLS jest aktywne, dane, kt\u00f3re nam przesy\u0142asz, nie mog\u0105 by\u0107 odczytane przez osoby trzecie.<\/p><h3>Sprzeciw wobec maili reklamowych<\/h3><p>Wykorzystaniu danych kontaktowych opublikowanych w ramach obowi\u0105zku podania impresum do przesy\u0142ania niezam\u00f3wionych materia\u0142\u00f3w reklamowych i informacyjnych wyra\u017anie si\u0119 sprzeciwiamy. Operatorzy strony zastrzegaj\u0105 sobie wyra\u017anie prawo do podj\u0119cia krok\u00f3w prawnych w przypadku niezam\u00f3wionego przesy\u0142ania informacji reklamowych, np. poprzez spam e-mail.<\/p><h2>4. Zbieranie danych na tej stronie internetowej<\/h2><h3>Formularz kontaktowy<\/h3><p>Je\u015bli przesy\u0142asz do nas zapytania przez formularz kontaktowy, Twoje dane z formularza wraz z danymi kontaktowymi podanymi przez Ciebie, b\u0119d\u0105 przez nas przechowywane w celu realizacji zapytania oraz w razie pyta\u0144 uzupe\u0142niaj\u0105cych. Te dane nie b\u0119d\u0105 przekazywane bez Twojej zgody.<\/p><p>Przetwarzanie tych danych odbywa si\u0119 na podstawie art. 6 ust. 1 lit. b RODO, o ile zapytanie jest zwi\u0105zane z realizacj\u0105 umowy lub jest konieczne do przeprowadzenia dzia\u0142a\u0144 przedumownych. We wszystkich pozosta\u0142ych przypadkach przetwarzanie odbywa si\u0119 na podstawie naszego uzasadnionego interesu w skutecznej obs\u0142udze zapyta\u0144 kierowanych do nas (art. 6 ust. 1 lit. f RODO) lub na podstawie Twojej zgody (art. 6 ust. 1 lit. a RODO), je\u015bli taka zgoda zosta\u0142a udzielona; zgoda mo\u017ce by\u0107 w ka\u017cdej chwili cofni\u0119ta.<\/p><p>Dane przekazane w formularzu kontaktowym pozostaj\u0105 u nas do momentu, w kt\u00f3rym poprosisz nas o ich usuni\u0119cie, odwo\u0142asz zgod\u0119 na przechowywanie lub cel przechowywania danych przestanie istnie\u0107 (np. po zako\u0144czonym przetwarzaniu Twojego zapytania). Bezwzgl\u0119dnie obowi\u0105zuj\u0105ce przepisy \u2013 w szczeg\u00f3lno\u015bci okresy przechowywania \u2013 pozostaj\u0105 bez zmian.<\/p><h3>Zapytanie przez e-mail, telefon lub faks<\/h3><p>W przypadku kontaktu przez e-mail, telefon lub faks, Twoje zapytanie wraz ze wszystkimi podanymi danymi osobowymi (imi\u0119, zapytanie) b\u0119dzie przechowywane i przetwarzane przez nas w celu realizacji zg\u0142oszenia. Dane te nie b\u0119d\u0105 przekazywane bez Twojej zgody.<\/p><p>Przetwarzanie tych danych odbywa si\u0119 na podstawie art. 6 ust. 1 lit. b RODO, o ile zapytanie jest zwi\u0105zane z realizacj\u0105 umowy lub jest konieczne do przeprowadzenia dzia\u0142a\u0144 przedumownych. We wszystkich innych przypadkach przetwarzanie odbywa si\u0119 na podstawie naszego uzasadnionego interesu w efektywnej obs\u0142udze zapyta\u0144 (art. 6 ust. 1 lit. f RODO) lub na podstawie zgody (art. 6 ust. 1 lit. a RODO) \u2013 zgoda mo\u017ce by\u0107 w ka\u017cdej chwili cofni\u0119ta.<\/p><p>Dane przekazane przez zapytania kontaktowe pozostaj\u0105 u nas do momentu, w kt\u00f3rym poprosisz nas o ich usuni\u0119cie, odwo\u0142asz zgod\u0119 lub cel przechowywania przestanie mie\u0107 zastosowanie (np. po zako\u0144czonym przetwarzaniu Twojego zapytania). Bezwzgl\u0119dnie obowi\u0105zuj\u0105ce przepisy \u2013 w szczeg\u00f3lno\u015bci okresy przechowywania \u2013 pozostaj\u0105 bez zmian.<\/p><h3>Komunikacja przez WhatsApp<\/h3><p>Do komunikacji z naszymi klientami i innymi osobami korzystamy tak\u017ce z komunikatora WhatsApp. Dostawc\u0105 jest WhatsApp Ireland Limited, 4 Grand Canal Square, Grand Canal Harbour, Dublin 2, Irlandia.<\/p><p>Komunikacja odbywa si\u0119 poprzez szyfrowanie typu end-to-end (peer-to-peer), kt\u00f3re uniemo\u017cliwia WhatsApp lub innym osobom trzecim dost\u0119p do tre\u015bci komunikacji. WhatsApp uzyskuje jednak dost\u0119p do metadanych powstaj\u0105cych w trakcie komunikacji (np. nadawca, odbiorca, czas). Zwracamy tak\u017ce uwag\u0119, \u017ce WhatsApp zgodnie ze swoimi informacjami przekazuje dane osobowe u\u017cytkownik\u00f3w firmie macierzystej Meta z siedzib\u0105 w USA. Wi\u0119cej informacji na temat przetwarzania danych znajdziesz w polityce prywatno\u015bci WhatsApp: <a href=\"https:\/\/www.whatsapp.com\/legal\/#privacy-policy\" target=\"_blank\" rel=\"noopener noreferrer\">https:\/\/www.whatsapp.com\/legal\/#privacy-policy<\/a>.<\/p><p>Korzystanie z WhatsApp opiera si\u0119 na naszym uzasadnionym interesie w jak najszybszej i najskuteczniejszej komunikacji z klientami, zainteresowanymi i innymi partnerami biznesowymi (art. 6 ust. 1 lit. f RODO). O ile uzyskano stosown\u0105 zgod\u0119, przetwarzanie odbywa si\u0119 wy\u0142\u0105cznie na podstawie zgody \u2013 t\u0119 mo\u017cna w ka\u017cdej chwili odwo\u0142a\u0107 ze skutkiem na przysz\u0142o\u015b\u0107.<\/p><p>Wymienione pomi\u0119dzy Tob\u0105 a nami na WhatsApp tre\u015bci komunikacji pozostaj\u0105 u nas do momentu, w kt\u00f3rym poprosisz o ich usuni\u0119cie, odwo\u0142asz zgod\u0119 lub cel przechowywania przestanie istnie\u0107 (np. po zako\u0144czeniu przetwarzania Twojego zapytania). Bezwzgl\u0119dnie obowi\u0105zuj\u0105ce przepisy \u2013 w szczeg\u00f3lno\u015bci okresy przechowywania \u2013 pozostaj\u0105 bez zmian.<\/p><p>Firma posiada certyfikat \u201eEU-US Data Privacy Framework\u201d (DPF). DPF to porozumienie mi\u0119dzy Uni\u0105 Europejsk\u0105 a USA, kt\u00f3re ma zapewni\u0107 zgodno\u015b\u0107 z europejskimi standardami ochrony danych przy przetwarzaniu danych w USA. Ka\u017cda firma certyfikowana zgodnie z DPF zobowi\u0105zuje si\u0119 do przestrzegania tych standard\u00f3w ochrony danych. Wi\u0119cej informacji znajdziesz pod nast\u0119puj\u0105cym linkiem: <a href=\"https:\/\/www.dataprivacyframework.gov\/participant\/7735\" target=\"_blank\" rel=\"noopener noreferrer\">https:\/\/www.dataprivacyframework.gov\/participant\/7735<\/a>.<\/p><h2>5. Wtyczki i narz\u0119dzia<\/h2><h3>Google Fonts (lokalne hostowanie)<\/h3><p>Ta strona korzysta dla jednolitego wygl\u0105du czcionek z tzw. Google Fonts dostarczanych przez Google. Fonts s\u0105 zainstalowane lokalnie. Nie nast\u0119puje po\u0142\u0105czenie z serwerami Google.<\/p><p>Wi\u0119cej informacji na temat Google Fonts znajdziesz pod adresem <a href=\"https:\/\/developers.google.com\/fonts\/faq\" target=\"_blank\" rel=\"noopener noreferrer\">https:\/\/developers.google.com\/fonts\/faq<\/a> oraz w polityce prywatno\u015bci Google: <a href=\"https:\/\/policies.google.com\/privacy?hl=pl\" target=\"_blank\" rel=\"noopener noreferrer\">https:\/\/policies.google.com\/privacy?hl=pl<\/a>.<\/p><\/div><\/div><\/div><\/div>\n","protected":false},"excerpt":{"rendered":"","protected":false},"author":1,"featured_media":0,"parent":0,"menu_order":0,"comment_status":"closed","ping_status":"closed","template":"100-width.php","meta":{"footnotes":""},"class_list":["post-3695","page","type-page","status-publish","hentry"],"yoast_head":"<!-- This site is optimized with the Yoast SEO plugin v26.8 - https:\/\/yoast.com\/product\/yoast-seo-wordpress\/ -->\n<title>Ochrona danych &#8211; ReRec GmbH<\/title>\n<meta name=\"robots\" content=\"index, follow, max-snippet:-1, max-image-preview:large, max-video-preview:-1\" \/>\n<link rel=\"canonical\" href=\"https:\/\/rerec.eu\/pl\/data-privacy\/\" \/>\n<meta property=\"og:locale\" content=\"pl_PL\" \/>\n<meta property=\"og:type\" content=\"article\" \/>\n<meta property=\"og:title\" content=\"Ochrona danych &#8211; ReRec GmbH\" \/>\n<meta property=\"og:url\" content=\"https:\/\/rerec.eu\/pl\/data-privacy\/\" \/>\n<meta property=\"og:site_name\" content=\"ReRec GmbH\" \/>\n<meta property=\"article:publisher\" content=\"https:\/\/www.facebook.com\/profile.php?id=100063562990196#\" \/>\n<meta property=\"article:modified_time\" content=\"2025-07-27T23:30:59+00:00\" \/>\n<meta property=\"og:image\" content=\"https:\/\/rerec.eu\/wp-content\/uploads\/2025\/01\/rerec-leiterplatten-ankauf.jpg\" \/>\n\t<meta property=\"og:image:width\" content=\"1920\" \/>\n\t<meta property=\"og:image:height\" content=\"1080\" \/>\n\t<meta property=\"og:image:type\" content=\"image\/jpeg\" \/>\n<meta name=\"twitter:card\" content=\"summary_large_image\" \/>\n<meta name=\"twitter:label1\" content=\"Szacowany czas czytania\" \/>\n\t<meta name=\"twitter:data1\" content=\"15 minut\" \/>\n<script type=\"application\/ld+json\" class=\"yoast-schema-graph\">{\"@context\":\"https:\/\/schema.org\",\"@graph\":[{\"@type\":\"WebPage\",\"@id\":\"https:\/\/rerec.eu\/pl\/data-privacy\/\",\"url\":\"https:\/\/rerec.eu\/pl\/data-privacy\/\",\"name\":\"Ochrona danych &#8211; ReRec GmbH\",\"isPartOf\":{\"@id\":\"https:\/\/rerec.eu\/pl\/#website\"},\"datePublished\":\"2024-12-16T21:29:29+00:00\",\"dateModified\":\"2025-07-27T23:30:59+00:00\",\"breadcrumb\":{\"@id\":\"https:\/\/rerec.eu\/pl\/data-privacy\/#breadcrumb\"},\"inLanguage\":\"pl-PL\",\"potentialAction\":[{\"@type\":\"ReadAction\",\"target\":[\"https:\/\/rerec.eu\/pl\/data-privacy\/\"]}]},{\"@type\":\"BreadcrumbList\",\"@id\":\"https:\/\/rerec.eu\/pl\/data-privacy\/#breadcrumb\",\"itemListElement\":[{\"@type\":\"ListItem\",\"position\":1,\"name\":\"Home\",\"item\":\"https:\/\/rerec.eu\/pl\/\"},{\"@type\":\"ListItem\",\"position\":2,\"name\":\"Ochrona danych\"}]},{\"@type\":\"WebSite\",\"@id\":\"https:\/\/rerec.eu\/pl\/#website\",\"url\":\"https:\/\/rerec.eu\/pl\/\",\"name\":\"ReRec GmbH\",\"description\":\"Wir kaufen Elektronikschrott, Sonderlegierungen und Edelmetalle aller Art.\",\"publisher\":{\"@id\":\"https:\/\/rerec.eu\/pl\/#organization\"},\"alternateName\":\"ReRec Recycling\",\"potentialAction\":[{\"@type\":\"SearchAction\",\"target\":{\"@type\":\"EntryPoint\",\"urlTemplate\":\"https:\/\/rerec.eu\/pl\/?s={search_term_string}\"},\"query-input\":{\"@type\":\"PropertyValueSpecification\",\"valueRequired\":true,\"valueName\":\"search_term_string\"}}],\"inLanguage\":\"pl-PL\"},{\"@type\":\"Organization\",\"@id\":\"https:\/\/rerec.eu\/pl\/#organization\",\"name\":\"ReRec GmbH\",\"alternateName\":\"ReRec Recycling\",\"url\":\"https:\/\/rerec.eu\/pl\/\",\"logo\":{\"@type\":\"ImageObject\",\"inLanguage\":\"pl-PL\",\"@id\":\"https:\/\/rerec.eu\/pl\/#\/schema\/logo\/image\/\",\"url\":\"https:\/\/rerec.eu\/wp-content\/uploads\/2024\/12\/rerec-gmbh-recycling.svg\",\"contentUrl\":\"https:\/\/rerec.eu\/wp-content\/uploads\/2024\/12\/rerec-gmbh-recycling.svg\",\"width\":165,\"height\":50,\"caption\":\"ReRec GmbH\"},\"image\":{\"@id\":\"https:\/\/rerec.eu\/pl\/#\/schema\/logo\/image\/\"},\"sameAs\":[\"https:\/\/www.facebook.com\/profile.php?id=100063562990196#\"]}]}<\/script>\n<!-- \/ Yoast SEO plugin. -->","yoast_head_json":{"title":"Ochrona danych &#8211; ReRec GmbH","robots":{"index":"index","follow":"follow","max-snippet":"max-snippet:-1","max-image-preview":"max-image-preview:large","max-video-preview":"max-video-preview:-1"},"canonical":"https:\/\/rerec.eu\/pl\/data-privacy\/","og_locale":"pl_PL","og_type":"article","og_title":"Ochrona danych &#8211; ReRec GmbH","og_url":"https:\/\/rerec.eu\/pl\/data-privacy\/","og_site_name":"ReRec GmbH","article_publisher":"https:\/\/www.facebook.com\/profile.php?id=100063562990196#","article_modified_time":"2025-07-27T23:30:59+00:00","og_image":[{"width":1920,"height":1080,"url":"https:\/\/rerec.eu\/wp-content\/uploads\/2025\/01\/rerec-leiterplatten-ankauf.jpg","type":"image\/jpeg"}],"twitter_card":"summary_large_image","twitter_misc":{"Szacowany czas czytania":"15 minut"},"schema":{"@context":"https:\/\/schema.org","@graph":[{"@type":"WebPage","@id":"https:\/\/rerec.eu\/pl\/data-privacy\/","url":"https:\/\/rerec.eu\/pl\/data-privacy\/","name":"Ochrona danych &#8211; ReRec GmbH","isPartOf":{"@id":"https:\/\/rerec.eu\/pl\/#website"},"datePublished":"2024-12-16T21:29:29+00:00","dateModified":"2025-07-27T23:30:59+00:00","breadcrumb":{"@id":"https:\/\/rerec.eu\/pl\/data-privacy\/#breadcrumb"},"inLanguage":"pl-PL","potentialAction":[{"@type":"ReadAction","target":["https:\/\/rerec.eu\/pl\/data-privacy\/"]}]},{"@type":"BreadcrumbList","@id":"https:\/\/rerec.eu\/pl\/data-privacy\/#breadcrumb","itemListElement":[{"@type":"ListItem","position":1,"name":"Home","item":"https:\/\/rerec.eu\/pl\/"},{"@type":"ListItem","position":2,"name":"Ochrona danych"}]},{"@type":"WebSite","@id":"https:\/\/rerec.eu\/pl\/#website","url":"https:\/\/rerec.eu\/pl\/","name":"ReRec GmbH","description":"Wir kaufen Elektronikschrott, Sonderlegierungen und Edelmetalle aller Art.","publisher":{"@id":"https:\/\/rerec.eu\/pl\/#organization"},"alternateName":"ReRec Recycling","potentialAction":[{"@type":"SearchAction","target":{"@type":"EntryPoint","urlTemplate":"https:\/\/rerec.eu\/pl\/?s={search_term_string}"},"query-input":{"@type":"PropertyValueSpecification","valueRequired":true,"valueName":"search_term_string"}}],"inLanguage":"pl-PL"},{"@type":"Organization","@id":"https:\/\/rerec.eu\/pl\/#organization","name":"ReRec GmbH","alternateName":"ReRec Recycling","url":"https:\/\/rerec.eu\/pl\/","logo":{"@type":"ImageObject","inLanguage":"pl-PL","@id":"https:\/\/rerec.eu\/pl\/#\/schema\/logo\/image\/","url":"https:\/\/rerec.eu\/wp-content\/uploads\/2024\/12\/rerec-gmbh-recycling.svg","contentUrl":"https:\/\/rerec.eu\/wp-content\/uploads\/2024\/12\/rerec-gmbh-recycling.svg","width":165,"height":50,"caption":"ReRec GmbH"},"image":{"@id":"https:\/\/rerec.eu\/pl\/#\/schema\/logo\/image\/"},"sameAs":["https:\/\/www.facebook.com\/profile.php?id=100063562990196#"]}]}},"_links":{"self":[{"href":"https:\/\/rerec.eu\/pl\/wp-json\/wp\/v2\/pages\/3695","targetHints":{"allow":["GET"]}}],"collection":[{"href":"https:\/\/rerec.eu\/pl\/wp-json\/wp\/v2\/pages"}],"about":[{"href":"https:\/\/rerec.eu\/pl\/wp-json\/wp\/v2\/types\/page"}],"author":[{"embeddable":true,"href":"https:\/\/rerec.eu\/pl\/wp-json\/wp\/v2\/users\/1"}],"replies":[{"embeddable":true,"href":"https:\/\/rerec.eu\/pl\/wp-json\/wp\/v2\/comments?post=3695"}],"version-history":[{"count":7,"href":"https:\/\/rerec.eu\/pl\/wp-json\/wp\/v2\/pages\/3695\/revisions"}],"predecessor-version":[{"id":12968,"href":"https:\/\/rerec.eu\/pl\/wp-json\/wp\/v2\/pages\/3695\/revisions\/12968"}],"wp:attachment":[{"href":"https:\/\/rerec.eu\/pl\/wp-json\/wp\/v2\/media?parent=3695"}],"curies":[{"name":"wp","href":"https:\/\/api.w.org\/{rel}","templated":true}]}}